{"id":26934,"date":"2025-07-18T10:33:57","date_gmt":"2025-07-18T10:33:57","guid":{"rendered":"https:\/\/www.pieve-aldina.fontenille-collection.com\/?page_id=26934"},"modified":"2025-10-17T12:29:06","modified_gmt":"2025-10-17T12:29:06","slug":"attivita-e-visite-in-toscana","status":"publish","type":"page","link":"https:\/\/www.pieve-aldina.fontenille-collection.com\/it\/attivita-e-visite-in-toscana\/","title":{"rendered":"Visitare i dintorni"},"content":{"rendered":"<div data-elementor-type=\"wp-page\" data-elementor-id=\"26934\" class=\"elementor elementor-26934\" data-elementor-settings=\"{&quot;asli_hide_title_disabled&quot;:&quot;yes&quot;}\" data-elementor-post-type=\"page\">\n\t\t\t\t<div class=\"elementor-element elementor-element-41026cf6 e-con-full e-flex e-con e-parent\" data-id=\"41026cf6\" data-element_type=\"container\" data-e-type=\"container\">\n\t\t<div class=\"elementor-element elementor-element-22cb2efa e-con-full e-flex e-con e-child\" data-id=\"22cb2efa\" data-element_type=\"container\" data-e-type=\"container\">\n\t\t\t\t<div class=\"elementor-element elementor-element-6de9b157 elementor-widget__width-inherit elementor-widget elementor-widget-asli-widget-parallax-image\" data-id=\"6de9b157\" data-element_type=\"widget\" data-e-type=\"widget\" data-settings=\"{&quot;media_background_height&quot;:{&quot;unit&quot;:&quot;vh&quot;,&quot;size&quot;:61,&quot;sizes&quot;:[]},&quot;media_background_height_tablet&quot;:{&quot;unit&quot;:&quot;vh&quot;,&quot;size&quot;:50,&quot;sizes&quot;:[]},&quot;media_background_height_mobile&quot;:{&quot;unit&quot;:&quot;vh&quot;,&quot;size&quot;:50,&quot;sizes&quot;:[]},&quot;media_background_position_x&quot;:{&quot;unit&quot;:&quot;%&quot;,&quot;size&quot;:50,&quot;sizes&quot;:[]},&quot;media_background_position_x_tablet&quot;:{&quot;unit&quot;:&quot;%&quot;,&quot;size&quot;:50,&quot;sizes&quot;:[]},&quot;media_background_position_x_mobile&quot;:{&quot;unit&quot;:&quot;%&quot;,&quot;size&quot;:50,&quot;sizes&quot;:[]},&quot;media_background_position_y&quot;:{&quot;unit&quot;:&quot;%&quot;,&quot;size&quot;:50,&quot;sizes&quot;:[]},&quot;media_background_position_y_tablet&quot;:{&quot;unit&quot;:&quot;%&quot;,&quot;size&quot;:50,&quot;sizes&quot;:[]},&quot;media_background_position_y_mobile&quot;:{&quot;unit&quot;:&quot;%&quot;,&quot;size&quot;:50,&quot;sizes&quot;:[]}}\" data-widget_type=\"asli-widget-parallax-image.default\">\n\t\t\t\t<div class=\"elementor-widget-container\">\n\t\t\t\t\t\t\t<div class=\"parallax js-parallax\" data-arts-component-name=\"Parallax\" data-arts-component-options=\"{&quot;inner&quot;:{&quot;factor&quot;:{&quot;x&quot;:0,&quot;y&quot;:0.12},&quot;translate&quot;:[],&quot;scale&quot;:[],&quot;rotate&quot;:false,&quot;velocity&quot;:false,&quot;matchMedia&quot;:&quot;(not((min-width: 320px) and (max-width: 767px))) or (not((min-width: 768px) and (max-width: 991px))) or (min-width: 992px)&quot;},&quot;outer&quot;:false}\">\n\t\t\t<div class=\"image-wrapper media-wrapper overflow-hidden\">\n\t\t\t\t\t\t\t\t\t<div class=\"mask-wrapper w-100 overflow-hidden\">\n\t\t\t\t\t\t\n\t<div class=\"w-100 h-100 overflow-hidden\">\n\t\t<img fetchpriority=\"high\" decoding=\"async\" class=\"lazy js-parallax__inner of-cover-absolute\" src=\"data:image\/svg+xml,%3Csvg%20xmlns=&amp;apos;http:\/\/www.w3.org\/2000\/svg&amp;apos;%20width=&amp;apos;100%25&amp;apos;%20height=&amp;apos;100%25&amp;apos;%3E%3C\/svg%3E\" data-src=\"https:\/\/www.pieve-aldina.fontenille-collection.com\/wp-content\/uploads\/2025\/10\/Pieve-Aldina-fontenille-collection-toscane.webp\" width=\"1280\" height=\"1920\" data-srcset=\"https:\/\/www.pieve-aldina.fontenille-collection.com\/wp-content\/uploads\/2025\/10\/Pieve-Aldina-fontenille-collection-toscane.webp 1280w, https:\/\/www.pieve-aldina.fontenille-collection.com\/wp-content\/uploads\/2025\/10\/Pieve-Aldina-fontenille-collection-toscane-200x300.webp 200w, https:\/\/www.pieve-aldina.fontenille-collection.com\/wp-content\/uploads\/2025\/10\/Pieve-Aldina-fontenille-collection-toscane-683x1024.webp 683w, https:\/\/www.pieve-aldina.fontenille-collection.com\/wp-content\/uploads\/2025\/10\/Pieve-Aldina-fontenille-collection-toscane-768x1152.webp 768w, https:\/\/www.pieve-aldina.fontenille-collection.com\/wp-content\/uploads\/2025\/10\/Pieve-Aldina-fontenille-collection-toscane-1024x1536.webp 1024w, https:\/\/www.pieve-aldina.fontenille-collection.com\/wp-content\/uploads\/2025\/10\/Pieve-Aldina-fontenille-collection-toscane-8x12.webp 8w\" data-sizes=\"(max-width: 1280px) 100vw, 1280px\" alt=\"Pieve Aldina vista dall&#039;alto\">\n\t\t\t<noscript><img decoding=\"async\" class=\"lazy js-parallax__inner of-cover-absolute\" src=\"https:\/\/www.pieve-aldina.fontenille-collection.com\/wp-content\/uploads\/2025\/10\/Pieve-Aldina-fontenille-collection-toscane.webp\" width=\"1280\" height=\"1920\" alt=\"Pieve Aldina vista dall&#039;alto\" srcset=\"https:\/\/www.pieve-aldina.fontenille-collection.com\/wp-content\/uploads\/2025\/10\/Pieve-Aldina-fontenille-collection-toscane.webp 1280w, https:\/\/www.pieve-aldina.fontenille-collection.com\/wp-content\/uploads\/2025\/10\/Pieve-Aldina-fontenille-collection-toscane-200x300.webp 200w, https:\/\/www.pieve-aldina.fontenille-collection.com\/wp-content\/uploads\/2025\/10\/Pieve-Aldina-fontenille-collection-toscane-683x1024.webp 683w, https:\/\/www.pieve-aldina.fontenille-collection.com\/wp-content\/uploads\/2025\/10\/Pieve-Aldina-fontenille-collection-toscane-768x1152.webp 768w, https:\/\/www.pieve-aldina.fontenille-collection.com\/wp-content\/uploads\/2025\/10\/Pieve-Aldina-fontenille-collection-toscane-1024x1536.webp 1024w, https:\/\/www.pieve-aldina.fontenille-collection.com\/wp-content\/uploads\/2025\/10\/Pieve-Aldina-fontenille-collection-toscane-8x12.webp 8w\" sizes=\"(max-width: 1280px) 100vw, 1280px\"><\/noscript>\n\t\t\t<\/div>\n\t\t\t\t\t\t<div class=\"section__overlay hover-zoom__overlay overlay\"><\/div>\n\t\t\t\t\t<\/div>\n\t\t\t\t\t\t\t\t\t\t\t<\/div>\n\t\t<\/div>\n\t\t\t\t\t\t<\/div>\n\t\t\t\t<\/div>\n\t\t\t\t<\/div>\n\t\t<div class=\"elementor-element elementor-element-21c26a05 e-con-full e-flex pt-medium pb-medium px-gutters-horizontal e-con e-child\" data-id=\"21c26a05\" data-element_type=\"container\" data-e-type=\"container\" data-settings=\"{&quot;background_background&quot;:&quot;classic&quot;}\">\n\t\t\t\t<div class=\"elementor-element elementor-element-5d7c9613 elementor-widget elementor-widget-asli-widget-text-content\" data-id=\"5d7c9613\" data-element_type=\"widget\" data-e-type=\"widget\" data-settings=\"{&quot;max_width&quot;:{&quot;unit&quot;:&quot;px&quot;,&quot;size&quot;:1070,&quot;sizes&quot;:[]},&quot;max_width_tablet&quot;:{&quot;unit&quot;:&quot;%&quot;,&quot;size&quot;:100,&quot;sizes&quot;:[]},&quot;max_width_mobile&quot;:{&quot;unit&quot;:&quot;%&quot;,&quot;size&quot;:100,&quot;sizes&quot;:[]},&quot;text_content_stroke_width&quot;:{&quot;unit&quot;:&quot;%&quot;,&quot;size&quot;:110,&quot;sizes&quot;:[]},&quot;text_content_stroke_height&quot;:{&quot;unit&quot;:&quot;%&quot;,&quot;size&quot;:80,&quot;sizes&quot;:[]},&quot;text_content_stroke_rotation&quot;:{&quot;unit&quot;:&quot;deg&quot;,&quot;size&quot;:-5,&quot;sizes&quot;:[]}}\" data-widget_type=\"asli-widget-text-content.default\">\n\t\t\t\t<div class=\"elementor-widget-container\">\n\t\t\t\t\t\t\t<div class=\"text-center mx-auto content js-content\" data-arts-component-name=\"Content\">\n\t\t\t<h1 class=\"content__text typography-text-content\">Cosa visitare nei dintorni<br>Pieve Aldina?<\/h1>\n\t\t<\/div>\n\t\t\t\t\t\t<\/div>\n\t\t\t\t<\/div>\n\t\t\t\t<div class=\"elementor-element elementor-element-5ad73bb8 elementor-widget elementor-widget-text-editor\" data-id=\"5ad73bb8\" data-element_type=\"widget\" data-e-type=\"widget\" data-widget_type=\"text-editor.default\">\n\t\t\t\t<div class=\"elementor-widget-container\">\n\t\t\t\t\t\t\t\t\t<p class=\"p1\">Immerso nel cuore del Chianti, a due passi da Firenze e Siena, il boutique hotel Pieve Aldina in Toscana \u00e8 il punto di partenza per esperienze autentiche che vi faranno scoprire la Toscana da una prospettiva completamente nuova. <em>Tour del vino<\/em> nei pi\u00f9 bei vigneti toscani del Chianti Classico, itinerari panoramici in bicicletta, esplorazione di borghi medievali, laboratori culinari gourmet, scoperta dell'arte millenaria della terracotta, viaggi in auto lungo le pi\u00f9 belle strade toscane e fughe culturali a Firenze e Siena: ogni giorno promette emozioni rare. Lasciatevi guidare: la bellezza della Toscana si dispiega qui, a poca distanza da Pieve Aldina, nei dintorni di Radda-in-Chianti.<\/p>\t\t\t\t\t\t\t\t<\/div>\n\t\t\t\t<\/div>\n\t\t\t\t<\/div>\n\t\t\t\t<\/div>\n\t\t<section class=\"elementor-element elementor-element-27d2efaf e-flex e-con-boxed pt-medium pb-medium px-gutters-horizontal e-con e-parent\" data-id=\"27d2efaf\" data-element_type=\"container\" data-e-type=\"container\" data-settings=\"{&quot;background_background&quot;:&quot;classic&quot;}\">\n\t\t\t\t\t<div class=\"e-con-inner\">\n\t\t<div class=\"elementor-element elementor-element-3b95faf6 e-con-full e-flex e-con e-child\" data-id=\"3b95faf6\" data-element_type=\"container\" data-e-type=\"container\">\n\t\t\t\t<div class=\"elementor-element elementor-element-243ccdd4 elementor-widget elementor-widget-image-carousel\" data-id=\"243ccdd4\" data-element_type=\"widget\" data-e-type=\"widget\" data-settings=\"{&quot;slides_to_show&quot;:&quot;1&quot;,&quot;navigation&quot;:&quot;none&quot;,&quot;autoplay_speed&quot;:2500,&quot;effect&quot;:&quot;fade&quot;,&quot;speed&quot;:900,&quot;autoplay&quot;:&quot;yes&quot;,&quot;pause_on_hover&quot;:&quot;yes&quot;,&quot;pause_on_interaction&quot;:&quot;yes&quot;,&quot;infinite&quot;:&quot;yes&quot;}\" data-widget_type=\"image-carousel.default\">\n\t\t\t\t<div class=\"elementor-widget-container\">\n\t\t\t\t\t\t\t<div class=\"elementor-image-carousel-wrapper swiper\" role=\"region\" aria-roledescription=\"carousel\" aria-label=\"Carosello di immagini\" dir=\"ltr\">\n\t\t\t<div class=\"elementor-image-carousel swiper-wrapper swiper-image-stretch\" aria-live=\"off\">\n\t\t\t\t\t\t\t\t<div class=\"swiper-slide\" role=\"group\" aria-roledescription=\"slide\" aria-label=\"1 of 4\" data-no-translation-aria-label=\"\"><figure class=\"swiper-slide-inner\"><img decoding=\"async\" class=\"swiper-slide-image\" src=\"https:\/\/www.pieve-aldina.fontenille-collection.com\/wp-content\/uploads\/2025\/10\/Hotel-Pieve-aldina-vue-sur-la-montagne-et-un-cloche-768x768.webp\" alt=\"Cappelle e montagne in Toscana\" \/><\/figure><\/div><div class=\"swiper-slide\" role=\"group\" aria-roledescription=\"slide\" aria-label=\"2 of 4\" data-no-translation-aria-label=\"\"><figure class=\"swiper-slide-inner\"><img decoding=\"async\" class=\"swiper-slide-image\" src=\"https:\/\/www.pieve-aldina.fontenille-collection.com\/wp-content\/uploads\/2025\/10\/Hotel-Pieve-aldina-degustation-vin-et-pates-dans-le-jardin-768x768.webp\" alt=\"Degustazione di vini e pasta\" \/><\/figure><\/div><div class=\"swiper-slide\" role=\"group\" aria-roledescription=\"slide\" aria-label=\"3 of 4\" data-no-translation-aria-label=\"\"><figure class=\"swiper-slide-inner\"><img decoding=\"async\" class=\"swiper-slide-image\" src=\"https:\/\/www.pieve-aldina.fontenille-collection.com\/wp-content\/uploads\/2025\/10\/Hotel-Pieve-aldina-degustation-repas-gastronomique-768x768.webp\" alt=\"pasto gastronomico nei giardini\" \/><\/figure><\/div><div class=\"swiper-slide\" role=\"group\" aria-roledescription=\"slide\" aria-label=\"4 of 4\" data-no-translation-aria-label=\"\"><figure class=\"swiper-slide-inner\"><img decoding=\"async\" class=\"swiper-slide-image\" src=\"https:\/\/www.pieve-aldina.fontenille-collection.com\/wp-content\/uploads\/2025\/10\/Hotel-Pieve-aldina-degustation-vin-chianti-768x768.webp\" alt=\"Degustazione di Chianti\" \/><\/figure><\/div>\t\t\t<\/div>\n\t\t\t\t\t\t\t\n\t\t\t\t\t\t\t\t\t<\/div>\n\t\t\t\t\t\t<\/div>\n\t\t\t\t<\/div>\n\t\t\t\t<\/div>\n\t\t<div class=\"elementor-element elementor-element-6e7fc25d e-flex e-con-boxed e-con e-child\" data-id=\"6e7fc25d\" data-element_type=\"container\" data-e-type=\"container\">\n\t\t\t\t\t<div class=\"e-con-inner\">\n\t\t\t\t<div class=\"elementor-element elementor-element-6822316c elementor-widget elementor-widget-asli-widget-text-content\" data-id=\"6822316c\" data-element_type=\"widget\" data-e-type=\"widget\" data-settings=\"{&quot;max_width&quot;:{&quot;unit&quot;:&quot;px&quot;,&quot;size&quot;:1100,&quot;sizes&quot;:[]},&quot;max_width_tablet&quot;:{&quot;unit&quot;:&quot;%&quot;,&quot;size&quot;:100,&quot;sizes&quot;:[]},&quot;max_width_mobile&quot;:{&quot;unit&quot;:&quot;%&quot;,&quot;size&quot;:100,&quot;sizes&quot;:[]},&quot;text_content_stroke_width&quot;:{&quot;unit&quot;:&quot;%&quot;,&quot;size&quot;:110,&quot;sizes&quot;:[]},&quot;text_content_stroke_height&quot;:{&quot;unit&quot;:&quot;%&quot;,&quot;size&quot;:80,&quot;sizes&quot;:[]},&quot;text_content_stroke_rotation&quot;:{&quot;unit&quot;:&quot;deg&quot;,&quot;size&quot;:-5,&quot;sizes&quot;:[]}}\" data-widget_type=\"asli-widget-text-content.default\">\n\t\t\t\t<div class=\"elementor-widget-container\">\n\t\t\t\t\t\t\t<div class=\"text-start me-auto content js-content\" data-arts-split-text-preset=\"animatedChars\" data-arts-component-name=\"Content\" data-arts-os-animation=\"true\">\n\t\t\t<h2 class=\"content__text typography-text-content\">La Strada del Vino in Toscana<\/h2>\n\t\t<\/div>\n\t\t\t\t\t\t<\/div>\n\t\t\t\t<\/div>\n\t\t\t\t<div class=\"elementor-element elementor-element-7394c747 elementor-widget elementor-widget-text-editor\" data-id=\"7394c747\" data-element_type=\"widget\" data-e-type=\"widget\" data-widget_type=\"text-editor.default\">\n\t\t\t\t<div class=\"elementor-widget-container\">\n\t\t\t\t\t\t\t\t\t<p data-start=\"409\" data-end=\"884\">Immergetevi nel cuore delle colline del Chianti Classico per un'indimenticabile <em>tour della strada del vino<\/em> su misura con il servizio di concierge di Pieve Aldina. La vostra guida sommelier inizia a tracciare la storia del mitico vitigno Sangiovese e dell'iconico \"<em>Gallo Nero<\/em>\"Degusterete diverse annate e confronterete un potente Super-Tuscan con un vino naturale microvinificato in anfora.<\/p><p data-start=\"886\" data-end=\"1454\">Sosta per il pranzo in un'osteria panoramica dove la bistecca alla Fiorentina \u00e8 abbinata a un magistrale Gran Selezione. Nel pomeriggio, attraverserete filari di viti esposte a sud per capire l'impatto dell'altitudine e dei terreni galestro sull'equilibrio del vino, per poi concludere presso un piccolo produttore biodinamico che alleva i suoi vini sotto le costellazioni. Ogni degustazione di Chianti racconta una storia di geologia, clima e passione: ve ne andrete con un bagaglio di aromi sinceri, contatti privilegiati e una comprensione intima del terroir toscano.<\/p>\t\t\t\t\t\t\t\t<\/div>\n\t\t\t\t<\/div>\n\t\t\t\t<div class=\"elementor-element elementor-element-2077f27 elementor-align-left elementor-mobile-align-center elementor-widget elementor-widget-asli-widget-button\" data-id=\"2077f27\" data-element_type=\"widget\" data-e-type=\"widget\" data-settings=\"{&quot;cursor_hover_offset&quot;:{&quot;unit&quot;:&quot;px&quot;,&quot;size&quot;:0,&quot;sizes&quot;:[]},&quot;icon_indent&quot;:{&quot;unit&quot;:&quot;px&quot;,&quot;size&quot;:12,&quot;sizes&quot;:[]}}\" data-widget_type=\"asli-widget-button.regular\">\n\t\t\t\t<div class=\"elementor-widget-container\">\n\t\t\t\t\t\t\t<div class=\"d-inline-flex elementor-button-wrapper\">\n\t\t\t<a class=\"elementor-button button button_icon elementor-button-link elementor-size-sm\" href=\"https:\/\/www.pieve-aldina.fontenille-collection.com\/it\/strada-del-vino-chianti-in-toscana\/\">\n\t\t\t\t\t\t<span class=\"button__label button__label-normal\">\n\t\t\t\t\t\t\t<span class=\"button__title elementor-button-text\">Per saperne di pi\u00f9<\/span>\n\t\t\t\t\t\t\t\t\t\t\t\t\t\t\t\t\t\t\t<\/span>\n\n\t\t<span class=\"button__label button__label-hover\">\n\t\t\t\t\t\t\t<span class=\"button__title elementor-button-text\">Scoprire<\/span>\n\t\t\t\t\t\t\t\t\t\t\t\t\t\t\t\t\t\t\t<\/span>\n\t\t\t\t\t<\/a>\n\t\t<\/div>\n\t\t\t\t\t\t<\/div>\n\t\t\t\t<\/div>\n\t\t\t\t\t<\/div>\n\t\t\t\t<\/div>\n\t\t\t\t\t<\/div>\n\t\t\t\t<\/section>\n\t\t<section class=\"elementor-element elementor-element-75cb4db5 e-flex e-con-boxed pb-medium px-gutters-horizontal e-con e-parent\" data-id=\"75cb4db5\" data-element_type=\"container\" data-e-type=\"container\" data-settings=\"{&quot;background_background&quot;:&quot;gradient&quot;}\">\n\t\t\t\t\t<div class=\"e-con-inner\">\n\t\t<div class=\"elementor-element elementor-element-33cb6cd4 e-con-full e-flex e-con e-child\" data-id=\"33cb6cd4\" data-element_type=\"container\" data-e-type=\"container\">\n\t\t\t\t<div class=\"elementor-element elementor-element-5c5fe205 elementor-widget elementor-widget-image-carousel\" data-id=\"5c5fe205\" data-element_type=\"widget\" data-e-type=\"widget\" data-settings=\"{&quot;slides_to_show&quot;:&quot;1&quot;,&quot;navigation&quot;:&quot;none&quot;,&quot;autoplay_speed&quot;:2500,&quot;effect&quot;:&quot;fade&quot;,&quot;speed&quot;:900,&quot;autoplay&quot;:&quot;yes&quot;,&quot;pause_on_hover&quot;:&quot;yes&quot;,&quot;pause_on_interaction&quot;:&quot;yes&quot;,&quot;infinite&quot;:&quot;yes&quot;}\" data-widget_type=\"image-carousel.default\">\n\t\t\t\t<div class=\"elementor-widget-container\">\n\t\t\t\t\t\t\t<div class=\"elementor-image-carousel-wrapper swiper\" role=\"region\" aria-roledescription=\"carousel\" aria-label=\"Carosello di immagini\" dir=\"ltr\">\n\t\t\t<div class=\"elementor-image-carousel swiper-wrapper swiper-image-stretch\" aria-live=\"off\">\n\t\t\t\t\t\t\t\t<div class=\"swiper-slide\" role=\"group\" aria-roledescription=\"slide\" aria-label=\"1 of 1\" data-no-translation-aria-label=\"\"><figure class=\"swiper-slide-inner\"><img decoding=\"async\" class=\"swiper-slide-image\" src=\"https:\/\/www.pieve-aldina.fontenille-collection.com\/wp-content\/uploads\/2025\/07\/Ciclismo-tra-i-Paesaggi-Toscani-e1754037064181.jpeg\" alt=\"Ciclismo tra i Paesaggi Toscani\" \/><\/figure><\/div>\t\t\t<\/div>\n\t\t\t\t\t<\/div>\n\t\t\t\t\t\t<\/div>\n\t\t\t\t<\/div>\n\t\t\t\t<\/div>\n\t\t<div class=\"elementor-element elementor-element-419f66f2 e-flex e-con-boxed e-con e-child\" data-id=\"419f66f2\" data-element_type=\"container\" data-e-type=\"container\">\n\t\t\t\t\t<div class=\"e-con-inner\">\n\t\t\t\t<div class=\"elementor-element elementor-element-28d2291c elementor-widget elementor-widget-asli-widget-text-content\" data-id=\"28d2291c\" data-element_type=\"widget\" data-e-type=\"widget\" data-settings=\"{&quot;max_width&quot;:{&quot;unit&quot;:&quot;px&quot;,&quot;size&quot;:1100,&quot;sizes&quot;:[]},&quot;max_width_tablet&quot;:{&quot;unit&quot;:&quot;%&quot;,&quot;size&quot;:100,&quot;sizes&quot;:[]},&quot;max_width_mobile&quot;:{&quot;unit&quot;:&quot;%&quot;,&quot;size&quot;:100,&quot;sizes&quot;:[]},&quot;text_content_stroke_width&quot;:{&quot;unit&quot;:&quot;%&quot;,&quot;size&quot;:110,&quot;sizes&quot;:[]},&quot;text_content_stroke_height&quot;:{&quot;unit&quot;:&quot;%&quot;,&quot;size&quot;:80,&quot;sizes&quot;:[]},&quot;text_content_stroke_rotation&quot;:{&quot;unit&quot;:&quot;deg&quot;,&quot;size&quot;:-5,&quot;sizes&quot;:[]}}\" data-widget_type=\"asli-widget-text-content.default\">\n\t\t\t\t<div class=\"elementor-widget-container\">\n\t\t\t\t\t\t\t<div class=\"text-start me-auto content js-content\" data-arts-split-text-preset=\"animatedChars\" data-arts-component-name=\"Content\" data-arts-os-animation=\"true\">\n\t\t\t<h2 class=\"content__text typography-text-content\">In bicicletta nel cuore del Chianti<\/h2>\n\t\t<\/div>\n\t\t\t\t\t\t<\/div>\n\t\t\t\t<\/div>\n\t\t\t\t<div class=\"elementor-element elementor-element-34d6911b elementor-widget elementor-widget-text-editor\" data-id=\"34d6911b\" data-element_type=\"widget\" data-e-type=\"widget\" data-widget_type=\"text-editor.default\">\n\t\t\t\t<div class=\"elementor-widget-container\">\n\t\t\t\t\t\t\t\t\t<p data-start=\"1828\" data-end=\"2154\">Da Pieve Aldina a Radda-in-Chianti, inforcate la bicicletta e lasciatevi inebriare dal profumo delle ginestre e dalla luce dorata delle colline. Gli itinerari \"soft\" si snodano tra uliveti e vigneti su antiche strade bianche; i pi\u00f9 sportivi affrontano i tornanti di Lamole o la mitica salita di Montefioralle.<\/p><p data-start=\"2156\" data-end=\"2801\">Lungo il percorso, una piccola drogheria del paese serve una schiacciata ancora calda, mentre una fontana medievale riempie la vostra fiaschetta. <br \/><br \/>Con un <strong>bicicletta elettrica<\/strong>Durante la pedalata, i panorami si susseguono senza sforzo: vedute a picco sulle torri di San Gimignano, le sagome dei castelli fortificati quando si affronta una curva, campi di girasoli che ondeggiano al vento. Le soste possono includere un microbirrificio artigianale o un vigneto che offre una degustazione bike-friendly in cui i ciclisti scambiano le loro scarpe con un bicchiere di Chianti Classico. L'esperienza, sia sportiva che contemplativa, combina endorfine e meraviglia perpetua.<\/p>\t\t\t\t\t\t\t\t<\/div>\n\t\t\t\t<\/div>\n\t\t\t\t<div class=\"elementor-element elementor-element-c199608 elementor-align-left elementor-mobile-align-center elementor-widget elementor-widget-asli-widget-button\" data-id=\"c199608\" data-element_type=\"widget\" data-e-type=\"widget\" data-settings=\"{&quot;cursor_hover_offset&quot;:{&quot;unit&quot;:&quot;px&quot;,&quot;size&quot;:0,&quot;sizes&quot;:[]},&quot;icon_indent&quot;:{&quot;unit&quot;:&quot;px&quot;,&quot;size&quot;:12,&quot;sizes&quot;:[]}}\" data-widget_type=\"asli-widget-button.regular\">\n\t\t\t\t<div class=\"elementor-widget-container\">\n\t\t\t\t\t\t\t<div class=\"d-inline-flex elementor-button-wrapper\">\n\t\t\t<a class=\"elementor-button button button_icon elementor-button-link elementor-size-sm\" href=\"https:\/\/www.pieve-aldina.fontenille-collection.com\/it\/noleggio-bici-elettriche-pieve-aldina-toscana\/\">\n\t\t\t\t\t\t<span class=\"button__label button__label-normal\">\n\t\t\t\t\t\t\t<span class=\"button__title elementor-button-text\">Per saperne di pi\u00f9<\/span>\n\t\t\t\t\t\t\t\t\t\t\t\t\t\t\t\t\t\t\t<\/span>\n\n\t\t<span class=\"button__label button__label-hover\">\n\t\t\t\t\t\t\t<span class=\"button__title elementor-button-text\">Scoprire<\/span>\n\t\t\t\t\t\t\t\t\t\t\t\t\t\t\t\t\t\t\t<\/span>\n\t\t\t\t\t<\/a>\n\t\t<\/div>\n\t\t\t\t\t\t<\/div>\n\t\t\t\t<\/div>\n\t\t\t\t\t<\/div>\n\t\t\t\t<\/div>\n\t\t\t\t\t<\/div>\n\t\t\t\t<\/section>\n\t\t<section class=\"elementor-element elementor-element-6b35f9f4 e-flex e-con-boxed pb-medium px-gutters-horizontal e-con e-parent\" data-id=\"6b35f9f4\" data-element_type=\"container\" data-e-type=\"container\" data-settings=\"{&quot;background_background&quot;:&quot;classic&quot;}\">\n\t\t\t\t\t<div class=\"e-con-inner\">\n\t\t<div class=\"elementor-element elementor-element-785e2c35 e-con-full e-flex e-con e-child\" data-id=\"785e2c35\" data-element_type=\"container\" data-e-type=\"container\">\n\t\t\t\t<div class=\"elementor-element elementor-element-6310fa8 elementor-widget elementor-widget-image-carousel\" data-id=\"6310fa8\" data-element_type=\"widget\" data-e-type=\"widget\" data-settings=\"{&quot;slides_to_show&quot;:&quot;1&quot;,&quot;navigation&quot;:&quot;none&quot;,&quot;autoplay_speed&quot;:2500,&quot;effect&quot;:&quot;fade&quot;,&quot;speed&quot;:900,&quot;autoplay&quot;:&quot;yes&quot;,&quot;pause_on_hover&quot;:&quot;yes&quot;,&quot;pause_on_interaction&quot;:&quot;yes&quot;,&quot;infinite&quot;:&quot;yes&quot;}\" data-widget_type=\"image-carousel.default\">\n\t\t\t\t<div class=\"elementor-widget-container\">\n\t\t\t\t\t\t\t<div class=\"elementor-image-carousel-wrapper swiper\" role=\"region\" aria-roledescription=\"carousel\" aria-label=\"Carosello di immagini\" dir=\"ltr\">\n\t\t\t<div class=\"elementor-image-carousel swiper-wrapper swiper-image-stretch\" aria-live=\"off\">\n\t\t\t\t\t\t\t\t<div class=\"swiper-slide\" role=\"group\" aria-roledescription=\"slide\" aria-label=\"1 of 1\" data-no-translation-aria-label=\"\"><figure class=\"swiper-slide-inner\"><img decoding=\"async\" class=\"swiper-slide-image\" src=\"https:\/\/www.pieve-aldina.fontenille-collection.com\/wp-content\/uploads\/2025\/10\/Hotel-Pieve-aldina-village-et-des-arbres-768x768.webp\" alt=\"Villaggio del Chianti\" \/><\/figure><\/div>\t\t\t<\/div>\n\t\t\t\t\t<\/div>\n\t\t\t\t\t\t<\/div>\n\t\t\t\t<\/div>\n\t\t\t\t<\/div>\n\t\t<div class=\"elementor-element elementor-element-216126f7 e-flex e-con-boxed e-con e-child\" data-id=\"216126f7\" data-element_type=\"container\" data-e-type=\"container\">\n\t\t\t\t\t<div class=\"e-con-inner\">\n\t\t\t\t<div class=\"elementor-element elementor-element-56e50fbf elementor-widget elementor-widget-asli-widget-text-content\" data-id=\"56e50fbf\" data-element_type=\"widget\" data-e-type=\"widget\" data-settings=\"{&quot;max_width&quot;:{&quot;unit&quot;:&quot;px&quot;,&quot;size&quot;:1100,&quot;sizes&quot;:[]},&quot;max_width_tablet&quot;:{&quot;unit&quot;:&quot;%&quot;,&quot;size&quot;:100,&quot;sizes&quot;:[]},&quot;max_width_mobile&quot;:{&quot;unit&quot;:&quot;%&quot;,&quot;size&quot;:100,&quot;sizes&quot;:[]},&quot;text_content_stroke_width&quot;:{&quot;unit&quot;:&quot;%&quot;,&quot;size&quot;:110,&quot;sizes&quot;:[]},&quot;text_content_stroke_height&quot;:{&quot;unit&quot;:&quot;%&quot;,&quot;size&quot;:80,&quot;sizes&quot;:[]},&quot;text_content_stroke_rotation&quot;:{&quot;unit&quot;:&quot;deg&quot;,&quot;size&quot;:-5,&quot;sizes&quot;:[]}}\" data-widget_type=\"asli-widget-text-content.default\">\n\t\t\t\t<div class=\"elementor-widget-container\">\n\t\t\t\t\t\t\t<div class=\"text-start me-auto content js-content\" data-arts-split-text-preset=\"animatedChars\" data-arts-component-name=\"Content\" data-arts-os-animation=\"true\">\n\t\t\t<h2 class=\"content__text typography-text-content\">I borghi toscani pi\u00f9 belli<\/h2>\n\t\t<\/div>\n\t\t\t\t\t\t<\/div>\n\t\t\t\t<\/div>\n\t\t\t\t<div class=\"elementor-element elementor-element-671dc02d elementor-widget elementor-widget-text-editor\" data-id=\"671dc02d\" data-element_type=\"widget\" data-e-type=\"widget\" data-widget_type=\"text-editor.default\">\n\t\t\t\t<div class=\"elementor-widget-container\">\n\t\t\t\t\t\t\t\t\t<p data-start=\"3230\" data-end=\"3731\">Ogni borgo toscano \u00e8 un libro di storia a cielo aperto: in <strong data-start=\"3309\" data-end=\"3323\">Castellina<\/strong>Percorrete la Via delle Volte, un corridoio a volta scavato nei bastioni, costellato di botteghe di artigiani ceramisti. \u00c0 <strong data-start=\"3453\" data-end=\"3462\">Radda<\/strong>assaggiare il <strong data-start=\"3474\" data-end=\"3484\">gelato<\/strong> le colline dalla loggia del Palazzo del Podest\u00e0. <strong data-start=\"3564\" data-end=\"3581\">Montefioralle<\/strong>Uno dei \"Borghi pi\u00f9 belli d'Italia\", rivela un dedalo di stradine acciottolate che circondano la chiesa di San Stefano, un ambiente rimasto intatto dal Medioevo.<\/p><p data-start=\"3733\" data-end=\"4266\">Ogni fermata offre un'immersione sensoriale: il tintinnio delle campane, il profumo del <strong data-start=\"3819\" data-end=\"3831\">pecorino<\/strong> la freschezza di una cantina troglodita dove riposano i vini d'alta quota. Tra due porte di legno chiodate, un laboratorio di tessitori perpetua l'arte della tessitura. <strong data-start=\"3981\" data-end=\"4000\">panno casentino<\/strong> arancione, mentre un enotecario commenta le singole annate. Si potranno lasciare tanti aneddoti sulle famiglie nobili del Chianti, scatti da cartolina e, molto spesso, una bottiglia firmata dal vignaiolo che si incontra lungo il percorso.<\/p>\t\t\t\t\t\t\t\t<\/div>\n\t\t\t\t<\/div>\n\t\t\t\t<div class=\"elementor-element elementor-element-62e4e07 elementor-align-left elementor-mobile-align-center namastay-widget-button elementor-widget elementor-widget-asli-widget-button\" data-id=\"62e4e07\" data-element_type=\"widget\" data-e-type=\"widget\" data-settings=\"{&quot;cursor_hover_offset&quot;:{&quot;unit&quot;:&quot;px&quot;,&quot;size&quot;:0,&quot;sizes&quot;:[]},&quot;icon_indent&quot;:{&quot;unit&quot;:&quot;px&quot;,&quot;size&quot;:12,&quot;sizes&quot;:[]}}\" data-widget_type=\"asli-widget-button.regular\">\n\t\t\t\t<div class=\"elementor-widget-container\">\n\t\t\t\t\t\t\t<div class=\"d-inline-flex elementor-button-wrapper\">\n\t\t\t<a class=\"elementor-button button button_icon elementor-button-link elementor-size-sm\" href=\"#\">\n\t\t\t\t\t\t<span class=\"button__label button__label-normal\">\n\t\t\t\t\t\t\t<span class=\"button__title elementor-button-text\">Prenota<\/span>\n\t\t\t\t\t\t\t\t\t\t\t\t\t\t\t\t\t\t\t<\/span>\n\n\t\t<span class=\"button__label button__label-hover\">\n\t\t\t\t\t\t\t<span class=\"button__title elementor-button-text\">Il vostro soggiorno<\/span>\n\t\t\t\t\t\t\t\t\t\t\t\t\t\t\t\t\t\t\t<\/span>\n\t\t\t\t\t<\/a>\n\t\t<\/div>\n\t\t\t\t\t\t<\/div>\n\t\t\t\t<\/div>\n\t\t\t\t\t<\/div>\n\t\t\t\t<\/div>\n\t\t\t\t\t<\/div>\n\t\t\t\t<\/section>\n\t\t<section class=\"elementor-element elementor-element-44e85cf4 e-flex e-con-boxed pb-medium px-gutters-horizontal e-con e-parent\" data-id=\"44e85cf4\" data-element_type=\"container\" data-e-type=\"container\" data-settings=\"{&quot;background_background&quot;:&quot;classic&quot;}\">\n\t\t\t\t\t<div class=\"e-con-inner\">\n\t\t<div class=\"elementor-element elementor-element-2bc94785 e-con-full e-flex e-con e-child\" data-id=\"2bc94785\" data-element_type=\"container\" data-e-type=\"container\">\n\t\t\t\t<div class=\"elementor-element elementor-element-a6f1b02 elementor-widget elementor-widget-image-carousel\" data-id=\"a6f1b02\" data-element_type=\"widget\" data-e-type=\"widget\" data-settings=\"{&quot;slides_to_show&quot;:&quot;1&quot;,&quot;navigation&quot;:&quot;none&quot;,&quot;autoplay_speed&quot;:2500,&quot;effect&quot;:&quot;fade&quot;,&quot;speed&quot;:900,&quot;autoplay&quot;:&quot;yes&quot;,&quot;pause_on_hover&quot;:&quot;yes&quot;,&quot;pause_on_interaction&quot;:&quot;yes&quot;,&quot;infinite&quot;:&quot;yes&quot;}\" data-widget_type=\"image-carousel.default\">\n\t\t\t\t<div class=\"elementor-widget-container\">\n\t\t\t\t\t\t\t<div class=\"elementor-image-carousel-wrapper swiper\" role=\"region\" aria-roledescription=\"carousel\" aria-label=\"Carosello di immagini\" dir=\"ltr\">\n\t\t\t<div class=\"elementor-image-carousel swiper-wrapper swiper-image-stretch\" aria-live=\"off\">\n\t\t\t\t\t\t\t\t<div class=\"swiper-slide\" role=\"group\" aria-roledescription=\"slide\" aria-label=\"1 of 2\" data-no-translation-aria-label=\"\"><figure class=\"swiper-slide-inner\"><img decoding=\"async\" class=\"swiper-slide-image\" src=\"https:\/\/www.pieve-aldina.fontenille-collection.com\/wp-content\/uploads\/2025\/10\/Hotel-Pieve-aldina-degustation-et-atelier-de-pates-768x768.webp\" alt=\"Ricetta dei pici toscani e corso di cucina a Pieve Aldina\" \/><\/figure><\/div><div class=\"swiper-slide\" role=\"group\" aria-roledescription=\"slide\" aria-label=\"2 of 2\" data-no-translation-aria-label=\"\"><figure class=\"swiper-slide-inner\"><img decoding=\"async\" class=\"swiper-slide-image\" src=\"https:\/\/www.pieve-aldina.fontenille-collection.com\/wp-content\/uploads\/2025\/10\/Hotel-Pieve-aldina-italie-pates-qui-sechent-768x768.webp\" alt=\"Pasta fresca appesa in enoteca\" \/><\/figure><\/div>\t\t\t<\/div>\n\t\t\t\t\t\t\t\n\t\t\t\t\t\t\t\t\t<\/div>\n\t\t\t\t\t\t<\/div>\n\t\t\t\t<\/div>\n\t\t\t\t<\/div>\n\t\t<div class=\"elementor-element elementor-element-46a73241 e-flex e-con-boxed e-con e-child\" data-id=\"46a73241\" data-element_type=\"container\" data-e-type=\"container\">\n\t\t\t\t\t<div class=\"e-con-inner\">\n\t\t\t\t<div class=\"elementor-element elementor-element-30df13d2 elementor-widget elementor-widget-asli-widget-text-content\" data-id=\"30df13d2\" data-element_type=\"widget\" data-e-type=\"widget\" data-settings=\"{&quot;max_width&quot;:{&quot;unit&quot;:&quot;px&quot;,&quot;size&quot;:1100,&quot;sizes&quot;:[]},&quot;max_width_tablet&quot;:{&quot;unit&quot;:&quot;%&quot;,&quot;size&quot;:100,&quot;sizes&quot;:[]},&quot;max_width_mobile&quot;:{&quot;unit&quot;:&quot;%&quot;,&quot;size&quot;:100,&quot;sizes&quot;:[]},&quot;text_content_stroke_width&quot;:{&quot;unit&quot;:&quot;%&quot;,&quot;size&quot;:110,&quot;sizes&quot;:[]},&quot;text_content_stroke_height&quot;:{&quot;unit&quot;:&quot;%&quot;,&quot;size&quot;:80,&quot;sizes&quot;:[]},&quot;text_content_stroke_rotation&quot;:{&quot;unit&quot;:&quot;deg&quot;,&quot;size&quot;:-5,&quot;sizes&quot;:[]}}\" data-widget_type=\"asli-widget-text-content.default\">\n\t\t\t\t<div class=\"elementor-widget-container\">\n\t\t\t\t\t\t\t<div class=\"text-start me-auto content js-content\" data-arts-split-text-preset=\"animatedChars\" data-arts-component-name=\"Content\" data-arts-os-animation=\"true\">\n\t\t\t<h2 class=\"content__text typography-text-content\">Esplorare la gastronomia toscana<\/h2>\n\t\t<\/div>\n\t\t\t\t\t\t<\/div>\n\t\t\t\t<\/div>\n\t\t\t\t<div class=\"elementor-element elementor-element-9e52246 elementor-widget elementor-widget-text-editor\" data-id=\"9e52246\" data-element_type=\"widget\" data-e-type=\"widget\" data-widget_type=\"text-editor.default\">\n\t\t\t\t<div class=\"elementor-widget-container\">\n\t\t\t\t\t\t\t\t\t<p data-start=\"4605\" data-end=\"5130\">Godetevi un'esperienza gastronomica in Toscana nel cuore di Pieve Aldina: pi\u00f9 che un laboratorio culinario, un'immersione nell'arte della cucina italiana. Immersi nelle dolci colline del Chianti e profumati di erbe fresche, i nostri corsi di cucina vi invitano a scoprire i segreti delle ricette tradizionali toscane, a lavorare con i prodotti locali di stagione e a condividere un momento di convivialit\u00e0 attorno al grande tavolo dell'Enoteca del 1950.<br \/><br \/>Lavorando a fianco dello chef, il laboratorio inizia con la selezione dei prodotti di stagione: pomodori di manzo baciati dal sole, basilico profumato e ricotta della fattoria vicina. Sotto la guida esperta dello chef, impasterete farina e acqua per creare i tipici pici toscani, darete forma ai tortelli ripieni di zucca o imparerete ad arrotolare i cantuccini prima che si rosolino in forno.<\/p><p data-start=\"5132\" data-end=\"5673\">La magia avviene quando il rag\u00f9 bianco sobbolle lentamente, sprigionando un bouquet di salvia e vino bianco. Mentre la pasta riposa, un laboratorio sull'olio extravergine di oliva Pieve Aldina introduce al fruttato verde e al piccante.<br \/><br \/>Poi \u00e8 il momento di assaggiare le vostre creazioni, accompagnate da un Chianti Classico Riserva. Vi lascerete alle spalle un libretto di ricette, alcune tecniche uniche e il caldo ricordo di un momento autentico.<\/p>\t\t\t\t\t\t\t\t<\/div>\n\t\t\t\t<\/div>\n\t\t\t\t<div class=\"elementor-element elementor-element-7ee040e elementor-align-left elementor-mobile-align-center namastay-widget-button elementor-widget elementor-widget-asli-widget-button\" data-id=\"7ee040e\" data-element_type=\"widget\" data-e-type=\"widget\" data-settings=\"{&quot;cursor_hover_offset&quot;:{&quot;unit&quot;:&quot;px&quot;,&quot;size&quot;:0,&quot;sizes&quot;:[]},&quot;icon_indent&quot;:{&quot;unit&quot;:&quot;px&quot;,&quot;size&quot;:12,&quot;sizes&quot;:[]}}\" data-widget_type=\"asli-widget-button.regular\">\n\t\t\t\t<div class=\"elementor-widget-container\">\n\t\t\t\t\t\t\t<div class=\"d-inline-flex elementor-button-wrapper\">\n\t\t\t<a class=\"elementor-button button button_icon elementor-button-link elementor-size-sm\" href=\"#\">\n\t\t\t\t\t\t<span class=\"button__label button__label-normal\">\n\t\t\t\t\t\t\t<span class=\"button__title elementor-button-text\">Prenota<\/span>\n\t\t\t\t\t\t\t\t\t\t\t\t\t\t\t\t\t\t\t<\/span>\n\n\t\t<span class=\"button__label button__label-hover\">\n\t\t\t\t\t\t\t<span class=\"button__title elementor-button-text\">Il vostro soggiorno<\/span>\n\t\t\t\t\t\t\t\t\t\t\t\t\t\t\t\t\t\t\t<\/span>\n\t\t\t\t\t<\/a>\n\t\t<\/div>\n\t\t\t\t\t\t<\/div>\n\t\t\t\t<\/div>\n\t\t\t\t\t<\/div>\n\t\t\t\t<\/div>\n\t\t\t\t\t<\/div>\n\t\t\t\t<\/section>\n\t\t<section class=\"elementor-element elementor-element-62368787 e-flex e-con-boxed pb-medium px-gutters-horizontal e-con e-parent\" data-id=\"62368787\" data-element_type=\"container\" data-e-type=\"container\" data-settings=\"{&quot;background_background&quot;:&quot;gradient&quot;}\">\n\t\t\t\t\t<div class=\"e-con-inner\">\n\t\t<div class=\"elementor-element elementor-element-709cb635 e-con-full e-flex e-con e-child\" data-id=\"709cb635\" data-element_type=\"container\" data-e-type=\"container\">\n\t\t\t\t<div class=\"elementor-element elementor-element-5bdf26f0 elementor-widget elementor-widget-image-carousel\" data-id=\"5bdf26f0\" data-element_type=\"widget\" data-e-type=\"widget\" data-settings=\"{&quot;slides_to_show&quot;:&quot;1&quot;,&quot;navigation&quot;:&quot;none&quot;,&quot;autoplay_speed&quot;:2500,&quot;effect&quot;:&quot;fade&quot;,&quot;speed&quot;:900,&quot;autoplay&quot;:&quot;yes&quot;,&quot;pause_on_hover&quot;:&quot;yes&quot;,&quot;pause_on_interaction&quot;:&quot;yes&quot;,&quot;infinite&quot;:&quot;yes&quot;}\" data-widget_type=\"image-carousel.default\">\n\t\t\t\t<div class=\"elementor-widget-container\">\n\t\t\t\t\t\t\t<div class=\"elementor-image-carousel-wrapper swiper\" role=\"region\" aria-roledescription=\"carousel\" aria-label=\"Carosello di immagini\" dir=\"ltr\">\n\t\t\t<div class=\"elementor-image-carousel swiper-wrapper swiper-image-stretch\" aria-live=\"off\">\n\t\t\t\t\t\t\t\t<div class=\"swiper-slide\" role=\"group\" aria-roledescription=\"slide\" aria-label=\"1 of 1\" data-no-translation-aria-label=\"\"><figure class=\"swiper-slide-inner\"><img decoding=\"async\" class=\"swiper-slide-image\" src=\"https:\/\/www.pieve-aldina.fontenille-collection.com\/wp-content\/uploads\/2025\/10\/Hotel-Pieve-aldina-degustation-vin-et-visite-du-village-de-chianti-768x768.webp\" alt=\"Visita e degustazione di vini\" \/><\/figure><\/div>\t\t\t<\/div>\n\t\t\t\t\t<\/div>\n\t\t\t\t\t\t<\/div>\n\t\t\t\t<\/div>\n\t\t\t\t<\/div>\n\t\t<div class=\"elementor-element elementor-element-1ab0e54 e-con-full e-flex e-con e-child\" data-id=\"1ab0e54\" data-element_type=\"container\" data-e-type=\"container\">\n\t\t\t\t<div class=\"elementor-element elementor-element-3cd798f elementor-widget elementor-widget-asli-widget-text-content\" data-id=\"3cd798f\" data-element_type=\"widget\" data-e-type=\"widget\" data-settings=\"{&quot;max_width&quot;:{&quot;unit&quot;:&quot;px&quot;,&quot;size&quot;:1100,&quot;sizes&quot;:[]},&quot;max_width_tablet&quot;:{&quot;unit&quot;:&quot;%&quot;,&quot;size&quot;:100,&quot;sizes&quot;:[]},&quot;max_width_mobile&quot;:{&quot;unit&quot;:&quot;%&quot;,&quot;size&quot;:100,&quot;sizes&quot;:[]},&quot;text_content_stroke_width&quot;:{&quot;unit&quot;:&quot;%&quot;,&quot;size&quot;:110,&quot;sizes&quot;:[]},&quot;text_content_stroke_height&quot;:{&quot;unit&quot;:&quot;%&quot;,&quot;size&quot;:80,&quot;sizes&quot;:[]},&quot;text_content_stroke_rotation&quot;:{&quot;unit&quot;:&quot;deg&quot;,&quot;size&quot;:-5,&quot;sizes&quot;:[]}}\" data-widget_type=\"asli-widget-text-content.default\">\n\t\t\t\t<div class=\"elementor-widget-container\">\n\t\t\t\t\t\t\t<div class=\"text-start me-auto content js-content\" data-arts-split-text-preset=\"animatedChars\" data-arts-component-name=\"Content\" data-arts-os-animation=\"true\">\n\t\t\t<h2 class=\"content__text typography-text-content\">Terracotta d'eccezione: immersione al Cotto Manetti<\/h2>\n\t\t<\/div>\n\t\t\t\t\t\t<\/div>\n\t\t\t\t<\/div>\n\t\t\t\t<div class=\"elementor-element elementor-element-575881a5 elementor-widget elementor-widget-text-editor\" data-id=\"575881a5\" data-element_type=\"widget\" data-e-type=\"widget\" data-widget_type=\"text-editor.default\">\n\t\t\t\t<div class=\"elementor-widget-container\">\n\t\t\t\t\t\t\t\t\t<p data-start=\"5975\" data-end=\"6406\">Alle radici dell'artigianato toscano: passeggiare per Pieve Aldina significa calpestare l'inconfondibile terracotta di <strong data-start=\"283\" data-end=\"300\">Cotto Manetti<\/strong>che ricoprono l'intero pavimento della casa. Visitando questa emblematica fabbrica del Chianti, scoprirete il know-how ancestrale che si cela dietro ogni piastrella, realizzata in argilla e cotta con tecniche tramandate da generazioni. Un'immersione nell'autenticit\u00e0 toscana, tra patrimonio architettonico e design senza tempo.<br \/>Seguendo la strada che da Greve porta all'Impruneta, si raggiunge lo stabilimento. <strong data-start=\"6063\" data-end=\"6080\">Cotto Manetti<\/strong>\u00c8 qui che il cotto prende vita: l'argilla delle colline vicine viene impastata, modellata a mano, quindi essiccata all'aria prima di essere cotta per sei giorni in un monumentale forno a legna che raggiunge i 1.040 \u00b0C. Le fiamme producono sfumature di rosso, rosa e miele che sarebbe impossibile ottenere altrimenti.<\/p><p data-start=\"6408\" data-end=\"6854\">Il percorso si snoda tra stampi secolari, pavimentazioni commissionate per i palazzi fiorentini e progetti contemporanei di famosi architetti. Una dimostrazione mostra la resistenza termica del cotto, che viene poi posato nelle case di tutto il mondo. Nel negozio \u00e8 possibile acquistare una piastrella stampata o un'anfora tornita sotto i propri occhi: un ricordo tattile della Toscana e dei suoi mestieri ancestrali.<\/p>\t\t\t\t\t\t\t\t<\/div>\n\t\t\t\t<\/div>\n\t\t\t\t<div class=\"elementor-element elementor-element-0d71635 elementor-align-left elementor-mobile-align-center namastay-widget-button elementor-widget elementor-widget-asli-widget-button\" data-id=\"0d71635\" data-element_type=\"widget\" data-e-type=\"widget\" data-settings=\"{&quot;cursor_hover_offset&quot;:{&quot;unit&quot;:&quot;px&quot;,&quot;size&quot;:0,&quot;sizes&quot;:[]},&quot;icon_indent&quot;:{&quot;unit&quot;:&quot;px&quot;,&quot;size&quot;:12,&quot;sizes&quot;:[]}}\" data-widget_type=\"asli-widget-button.regular\">\n\t\t\t\t<div class=\"elementor-widget-container\">\n\t\t\t\t\t\t\t<div class=\"d-inline-flex elementor-button-wrapper\">\n\t\t\t<a class=\"elementor-button button button_icon elementor-button-link elementor-size-sm\" href=\"#\">\n\t\t\t\t\t\t<span class=\"button__label button__label-normal\">\n\t\t\t\t\t\t\t<span class=\"button__title elementor-button-text\">Prenota<\/span>\n\t\t\t\t\t\t\t\t\t\t\t\t\t\t\t\t\t\t\t<\/span>\n\n\t\t<span class=\"button__label button__label-hover\">\n\t\t\t\t\t\t\t<span class=\"button__title elementor-button-text\">Il vostro soggiorno<\/span>\n\t\t\t\t\t\t\t\t\t\t\t\t\t\t\t\t\t\t\t<\/span>\n\t\t\t\t\t<\/a>\n\t\t<\/div>\n\t\t\t\t\t\t<\/div>\n\t\t\t\t<\/div>\n\t\t\t\t<\/div>\n\t\t\t\t\t<\/div>\n\t\t\t\t<\/section>\n\t\t<section class=\"elementor-element elementor-element-04acd95 e-flex e-con-boxed pb-medium px-gutters-horizontal e-con e-parent\" data-id=\"04acd95\" data-element_type=\"container\" data-e-type=\"container\" data-settings=\"{&quot;background_background&quot;:&quot;gradient&quot;}\">\n\t\t\t\t\t<div class=\"e-con-inner\">\n\t\t<div class=\"elementor-element elementor-element-1343314 e-con-full e-flex e-con e-child\" data-id=\"1343314\" data-element_type=\"container\" data-e-type=\"container\">\n\t\t\t\t<div class=\"elementor-element elementor-element-fad76bd elementor-widget elementor-widget-image-carousel\" data-id=\"fad76bd\" data-element_type=\"widget\" data-e-type=\"widget\" data-settings=\"{&quot;slides_to_show&quot;:&quot;1&quot;,&quot;navigation&quot;:&quot;none&quot;,&quot;autoplay_speed&quot;:2500,&quot;effect&quot;:&quot;fade&quot;,&quot;speed&quot;:900,&quot;autoplay&quot;:&quot;yes&quot;,&quot;pause_on_hover&quot;:&quot;yes&quot;,&quot;pause_on_interaction&quot;:&quot;yes&quot;,&quot;infinite&quot;:&quot;yes&quot;}\" data-widget_type=\"image-carousel.default\">\n\t\t\t\t<div class=\"elementor-widget-container\">\n\t\t\t\t\t\t\t<div class=\"elementor-image-carousel-wrapper swiper\" role=\"region\" aria-roledescription=\"carousel\" aria-label=\"Carosello di immagini\" dir=\"ltr\">\n\t\t\t<div class=\"elementor-image-carousel swiper-wrapper swiper-image-stretch\" aria-live=\"off\">\n\t\t\t\t\t\t\t\t<div class=\"swiper-slide\" role=\"group\" aria-roledescription=\"slide\" aria-label=\"1 of 1\" data-no-translation-aria-label=\"\"><figure class=\"swiper-slide-inner\"><img decoding=\"async\" class=\"swiper-slide-image\" src=\"https:\/\/www.pieve-aldina.fontenille-collection.com\/wp-content\/uploads\/2025\/07\/Tuscany-Italy.jpeg\" alt=\"Toscana, Italia\" \/><\/figure><\/div>\t\t\t<\/div>\n\t\t\t\t\t<\/div>\n\t\t\t\t\t\t<\/div>\n\t\t\t\t<\/div>\n\t\t\t\t<\/div>\n\t\t<div class=\"elementor-element elementor-element-d982f26 e-flex e-con-boxed e-con e-child\" data-id=\"d982f26\" data-element_type=\"container\" data-e-type=\"container\">\n\t\t\t\t\t<div class=\"e-con-inner\">\n\t\t\t\t<div class=\"elementor-element elementor-element-d1db4be elementor-widget elementor-widget-asli-widget-text-content\" data-id=\"d1db4be\" data-element_type=\"widget\" data-e-type=\"widget\" data-settings=\"{&quot;max_width&quot;:{&quot;unit&quot;:&quot;px&quot;,&quot;size&quot;:1100,&quot;sizes&quot;:[]},&quot;max_width_tablet&quot;:{&quot;unit&quot;:&quot;%&quot;,&quot;size&quot;:100,&quot;sizes&quot;:[]},&quot;max_width_mobile&quot;:{&quot;unit&quot;:&quot;%&quot;,&quot;size&quot;:100,&quot;sizes&quot;:[]},&quot;text_content_stroke_width&quot;:{&quot;unit&quot;:&quot;%&quot;,&quot;size&quot;:110,&quot;sizes&quot;:[]},&quot;text_content_stroke_height&quot;:{&quot;unit&quot;:&quot;%&quot;,&quot;size&quot;:80,&quot;sizes&quot;:[]},&quot;text_content_stroke_rotation&quot;:{&quot;unit&quot;:&quot;deg&quot;,&quot;size&quot;:-5,&quot;sizes&quot;:[]}}\" data-widget_type=\"asli-widget-text-content.default\">\n\t\t\t\t<div class=\"elementor-widget-container\">\n\t\t\t\t\t\t\t<div class=\"text-start me-auto content js-content\" data-arts-split-text-preset=\"animatedChars\" data-arts-component-name=\"Content\" data-arts-os-animation=\"true\">\n\t\t\t<h2 class=\"content__text typography-text-content\">Esplorare la Toscana in auto<\/h2>\n\t\t<\/div>\n\t\t\t\t\t\t<\/div>\n\t\t\t\t<\/div>\n\t\t\t\t<div class=\"elementor-element elementor-element-2bd8ec4 elementor-widget elementor-widget-text-editor\" data-id=\"2bd8ec4\" data-element_type=\"widget\" data-e-type=\"widget\" data-widget_type=\"text-editor.default\">\n\t\t\t\t<div class=\"elementor-widget-container\">\n\t\t\t\t\t\t\t\t\t<p data-start=\"7268\" data-end=\"7608\">Partite per un viaggio in auto da Pieve Aldina, verso il cuore della campagna toscana. Si accende il quadro, si abbassa il cofano: la <strong data-start=\"7328\" data-end=\"7337\">SR222<\/strong> si snoda tra valli e filari di cipressi prima di immergersi nei paesaggi lunari dell'isola. <strong data-start=\"7429\" data-end=\"7445\">Crete Senesi<\/strong>. Si attraversano campi di argilla fessurati, poi si vedono i cipressi isolati del <strong data-start=\"7532\" data-end=\"7556\">Cappella di Vitaleta<\/strong>uno dei panorami pi\u00f9 fotografati d'Italia.<\/p><p data-start=\"7610\" data-end=\"8218\">A mezzogiorno, una sosta in una tenuta nella zona di <strong data-start=\"7655\" data-end=\"7670\">Val d'Orcia<\/strong> vi offre un pranzo toscano, pappa al pomodoro e un bicchiere di Brunello di Montalcino, con vista panoramica sulle dolci colline. Nel pomeriggio, proseguite verso il monastero di <strong data-start=\"7855\" data-end=\"7870\">Sant'Antimo<\/strong> dove risuonano ancora i canti gregoriani, oppure si diramano verso <strong data-start=\"7932\" data-end=\"7949\">Bagno Vignoni<\/strong> per immergere i piedi in una sorgente termale romana. Ogni chilometro rivela un'ambientazione degna di un film, e il sole al tramonto incendia il percorso di ritorno, colorando il cielo di rosa e oro: un compendio di pura libert\u00e0, punteggiato da soste gastronomiche e culturali.<\/p>\t\t\t\t\t\t\t\t<\/div>\n\t\t\t\t<\/div>\n\t\t\t\t<div class=\"elementor-element elementor-element-3a1cf5d elementor-align-left elementor-mobile-align-center namastay-widget-button elementor-widget elementor-widget-asli-widget-button\" data-id=\"3a1cf5d\" data-element_type=\"widget\" data-e-type=\"widget\" data-settings=\"{&quot;cursor_hover_offset&quot;:{&quot;unit&quot;:&quot;px&quot;,&quot;size&quot;:0,&quot;sizes&quot;:[]},&quot;icon_indent&quot;:{&quot;unit&quot;:&quot;px&quot;,&quot;size&quot;:12,&quot;sizes&quot;:[]}}\" data-widget_type=\"asli-widget-button.regular\">\n\t\t\t\t<div class=\"elementor-widget-container\">\n\t\t\t\t\t\t\t<div class=\"d-inline-flex elementor-button-wrapper\">\n\t\t\t<a class=\"elementor-button button button_icon elementor-button-link elementor-size-sm\" href=\"#\">\n\t\t\t\t\t\t<span class=\"button__label button__label-normal\">\n\t\t\t\t\t\t\t<span class=\"button__title elementor-button-text\">Prenota<\/span>\n\t\t\t\t\t\t\t\t\t\t\t\t\t\t\t\t\t\t\t<\/span>\n\n\t\t<span class=\"button__label button__label-hover\">\n\t\t\t\t\t\t\t<span class=\"button__title elementor-button-text\">Il vostro soggiorno<\/span>\n\t\t\t\t\t\t\t\t\t\t\t\t\t\t\t\t\t\t\t<\/span>\n\t\t\t\t\t<\/a>\n\t\t<\/div>\n\t\t\t\t\t\t<\/div>\n\t\t\t\t<\/div>\n\t\t\t\t\t<\/div>\n\t\t\t\t<\/div>\n\t\t\t\t\t<\/div>\n\t\t\t\t<\/section>\n\t\t<section class=\"elementor-element elementor-element-c990f09 e-flex e-con-boxed pb-medium px-gutters-horizontal e-con e-parent\" data-id=\"c990f09\" data-element_type=\"container\" data-e-type=\"container\" data-settings=\"{&quot;background_background&quot;:&quot;classic&quot;}\">\n\t\t\t\t\t<div class=\"e-con-inner\">\n\t\t<div class=\"elementor-element elementor-element-9bcc029 e-con-full e-flex e-con e-child\" data-id=\"9bcc029\" data-element_type=\"container\" data-e-type=\"container\">\n\t\t\t\t<div class=\"elementor-element elementor-element-5967021 elementor-widget elementor-widget-image-carousel\" data-id=\"5967021\" data-element_type=\"widget\" data-e-type=\"widget\" data-settings=\"{&quot;slides_to_show&quot;:&quot;1&quot;,&quot;navigation&quot;:&quot;none&quot;,&quot;autoplay_speed&quot;:2500,&quot;effect&quot;:&quot;fade&quot;,&quot;speed&quot;:900,&quot;autoplay&quot;:&quot;yes&quot;,&quot;pause_on_hover&quot;:&quot;yes&quot;,&quot;pause_on_interaction&quot;:&quot;yes&quot;,&quot;infinite&quot;:&quot;yes&quot;}\" data-widget_type=\"image-carousel.default\">\n\t\t\t\t<div class=\"elementor-widget-container\">\n\t\t\t\t\t\t\t<div class=\"elementor-image-carousel-wrapper swiper\" role=\"region\" aria-roledescription=\"carousel\" aria-label=\"Carosello di immagini\" dir=\"ltr\">\n\t\t\t<div class=\"elementor-image-carousel swiper-wrapper swiper-image-stretch\" aria-live=\"off\">\n\t\t\t\t\t\t\t\t<div class=\"swiper-slide\" role=\"group\" aria-roledescription=\"slide\" aria-label=\"1 of 4\" data-no-translation-aria-label=\"\"><figure class=\"swiper-slide-inner\"><img decoding=\"async\" class=\"swiper-slide-image\" src=\"https:\/\/www.pieve-aldina.fontenille-collection.com\/wp-content\/uploads\/2025\/10\/Hotel-Pieve-aldina-visite-de-florence-italie-768x768.webp\" alt=\"Vista del Duomo di Firenze\" \/><\/figure><\/div><div class=\"swiper-slide\" role=\"group\" aria-roledescription=\"slide\" aria-label=\"2 of 4\" data-no-translation-aria-label=\"\"><figure class=\"swiper-slide-inner\"><img decoding=\"async\" class=\"swiper-slide-image\" src=\"https:\/\/www.pieve-aldina.fontenille-collection.com\/wp-content\/uploads\/2025\/10\/Hotel-Pieve-aldina-visite-de-la-ville-de-florence-768x768.webp\" alt=\"Vista della citt\u00e0 di Firenze\" \/><\/figure><\/div><div class=\"swiper-slide\" role=\"group\" aria-roledescription=\"slide\" aria-label=\"3 of 4\" data-no-translation-aria-label=\"\"><figure class=\"swiper-slide-inner\"><img decoding=\"async\" class=\"swiper-slide-image\" src=\"https:\/\/www.pieve-aldina.fontenille-collection.com\/wp-content\/uploads\/2025\/10\/Hotel-Pieve-aldina-decoration-type-dolce-vita-e1760626594764-768x911.webp\" alt=\"Decorazione bicicletta\" \/><\/figure><\/div><div class=\"swiper-slide\" role=\"group\" aria-roledescription=\"slide\" aria-label=\"4 of 4\" data-no-translation-aria-label=\"\"><figure class=\"swiper-slide-inner\"><img decoding=\"async\" class=\"swiper-slide-image\" src=\"https:\/\/www.pieve-aldina.fontenille-collection.com\/wp-content\/uploads\/2025\/10\/Hotel-Pieve-aldina-visite-de-sienne-768x768.webp\" alt=\"Vista della citt\u00e0 di Siena\" \/><\/figure><\/div>\t\t\t<\/div>\n\t\t\t\t\t\t\t\n\t\t\t\t\t\t\t\t\t<\/div>\n\t\t\t\t\t\t<\/div>\n\t\t\t\t<\/div>\n\t\t\t\t<\/div>\n\t\t<div class=\"elementor-element elementor-element-9014f8a e-flex e-con-boxed e-con e-child\" data-id=\"9014f8a\" data-element_type=\"container\" data-e-type=\"container\">\n\t\t\t\t\t<div class=\"e-con-inner\">\n\t\t\t\t<div class=\"elementor-element elementor-element-b0368af elementor-widget elementor-widget-asli-widget-text-content\" data-id=\"b0368af\" data-element_type=\"widget\" data-e-type=\"widget\" data-settings=\"{&quot;max_width&quot;:{&quot;unit&quot;:&quot;px&quot;,&quot;size&quot;:1100,&quot;sizes&quot;:[]},&quot;max_width_tablet&quot;:{&quot;unit&quot;:&quot;%&quot;,&quot;size&quot;:100,&quot;sizes&quot;:[]},&quot;max_width_mobile&quot;:{&quot;unit&quot;:&quot;%&quot;,&quot;size&quot;:100,&quot;sizes&quot;:[]},&quot;text_content_stroke_width&quot;:{&quot;unit&quot;:&quot;%&quot;,&quot;size&quot;:110,&quot;sizes&quot;:[]},&quot;text_content_stroke_height&quot;:{&quot;unit&quot;:&quot;%&quot;,&quot;size&quot;:80,&quot;sizes&quot;:[]},&quot;text_content_stroke_rotation&quot;:{&quot;unit&quot;:&quot;deg&quot;,&quot;size&quot;:-5,&quot;sizes&quot;:[]}}\" data-widget_type=\"asli-widget-text-content.default\">\n\t\t\t\t<div class=\"elementor-widget-container\">\n\t\t\t\t\t\t\t<div class=\"text-start me-auto content js-content\" data-arts-split-text-preset=\"animatedChars\" data-arts-component-name=\"Content\" data-arts-os-animation=\"true\">\n\t\t\t<h2 class=\"content__text typography-text-content\">Firenze e Siena,<br>citt\u00e0 emblematiche della Toscana<\/h2>\n\t\t<\/div>\n\t\t\t\t\t\t<\/div>\n\t\t\t\t<\/div>\n\t\t\t\t<div class=\"elementor-element elementor-element-3cc9a43 elementor-widget elementor-widget-text-editor\" data-id=\"3cc9a43\" data-element_type=\"widget\" data-e-type=\"widget\" data-widget_type=\"text-editor.default\">\n\t\t\t\t<div class=\"elementor-widget-container\">\n\t\t\t\t\t\t\t\t\t<p data-start=\"8728\" data-end=\"9230\">A solo 1 ora d'auto da Pieve Aldina, iniziate con una visita all'iconica <strong data-start=\"8759\" data-end=\"8771\">Firenze<\/strong>\u00c8 la culla del Rinascimento, dove ogni pietra racconta l'apogeo artistico del Quattrocento. Dopo essere saliti sul Campanile di Giotto per una vista a 360\u00b0, immergetevi nella Galleria degli Uffizi per ammirare la Nascita di Venere di Botticelli. Attraversate poi il Ponte Vecchio, passeggiate tra le botteghe orafe dell'Oltrarno e gustate una schiacciata alla fiorentina davanti alla Basilica di Santo Spirito, capolavoro del Brunelleschi.<\/p><p data-start=\"9232\" data-end=\"9732\">Proseguire verso <strong data-start=\"9248\" data-end=\"9258\">Siena<\/strong>35 minuti da Pieve Aldina, citt\u00e0 rivale e complementare. La Piazza del Campo, una conchiglia di mattoni a forma di ventaglio, ospita due volte l'anno il leggendario Palio; visitate il Museo Civico per ammirare gli affreschi del Buon Governo di Lorenzetti, una visione politica d'avanguardia del XIV\u1d49 secolo. Nel Duomo, rivestito di marmi bianchi e neri, la Biblioteca Piccolomini rivela splendide illuminazioni. Tra le due chiese, fermatevi per un panforte piccante, una specialit\u00e0 locale.<\/p><p data-start=\"9734\" data-end=\"9957\" data-is-last-node=\"\" data-is-only-node=\"\">Queste fughe urbane si affiancano alla tranquillit\u00e0 vitivinicola di <strong data-start=\"9792\" data-end=\"9808\">Pieve Aldina<\/strong> e offrono un compendio di arte, storia e tradizioni vive: un dialogo permanente tra campagna e citt\u00e0 per un'immersione totale nella Toscana.<\/p>\t\t\t\t\t\t\t\t<\/div>\n\t\t\t\t<\/div>\n\t\t\t\t<div class=\"elementor-element elementor-element-32ba650 elementor-align-left elementor-mobile-align-center namastay-widget-button elementor-widget elementor-widget-asli-widget-button\" data-id=\"32ba650\" data-element_type=\"widget\" data-e-type=\"widget\" data-settings=\"{&quot;cursor_hover_offset&quot;:{&quot;unit&quot;:&quot;px&quot;,&quot;size&quot;:0,&quot;sizes&quot;:[]},&quot;icon_indent&quot;:{&quot;unit&quot;:&quot;px&quot;,&quot;size&quot;:12,&quot;sizes&quot;:[]}}\" data-widget_type=\"asli-widget-button.regular\">\n\t\t\t\t<div class=\"elementor-widget-container\">\n\t\t\t\t\t\t\t<div class=\"d-inline-flex elementor-button-wrapper\">\n\t\t\t<a class=\"elementor-button button button_icon elementor-button-link elementor-size-sm\" href=\"#\">\n\t\t\t\t\t\t<span class=\"button__label button__label-normal\">\n\t\t\t\t\t\t\t<span class=\"button__title elementor-button-text\">Prenota<\/span>\n\t\t\t\t\t\t\t\t\t\t\t\t\t\t\t\t\t\t\t<\/span>\n\n\t\t<span class=\"button__label button__label-hover\">\n\t\t\t\t\t\t\t<span class=\"button__title elementor-button-text\">Il vostro soggiorno<\/span>\n\t\t\t\t\t\t\t\t\t\t\t\t\t\t\t\t\t\t\t<\/span>\n\t\t\t\t\t<\/a>\n\t\t<\/div>\n\t\t\t\t\t\t<\/div>\n\t\t\t\t<\/div>\n\t\t\t\t\t<\/div>\n\t\t\t\t<\/div>\n\t\t\t\t\t<\/div>\n\t\t\t\t<\/section>\n\t\t<div class=\"elementor-element elementor-element-e5a1b51 e-con-full e-flex e-con e-child\" data-id=\"e5a1b51\" data-element_type=\"container\" data-e-type=\"container\" data-settings=\"{&quot;background_background&quot;:&quot;classic&quot;}\">\n\t\t<div class=\"elementor-element elementor-element-487ece6 e-con-full e-flex e-con e-child\" data-id=\"487ece6\" data-element_type=\"container\" data-e-type=\"container\">\n\t\t<div class=\"elementor-element elementor-element-db9618e e-con-full e-flex e-con e-child\" data-id=\"db9618e\" data-element_type=\"container\" data-e-type=\"container\">\n\t\t\t\t<div class=\"elementor-element elementor-element-9e34e81 elementor-cta--skin-cover elementor-cta--valign-middle elementor-animated-content elementor-bg-transform elementor-bg-transform-zoom-in elementor-widget elementor-widget-call-to-action\" data-id=\"9e34e81\" data-element_type=\"widget\" data-e-type=\"widget\" data-widget_type=\"call-to-action.default\">\n\t\t\t\t<div class=\"elementor-widget-container\">\n\t\t\t\t\t\t\t<a class=\"elementor-cta\" href=\"https:\/\/www.pieve-aldina.fontenille-collection.com\/it\/scoprire-pieve-aldina\/\">\n\t\t\t\t\t<div class=\"elementor-cta__bg-wrapper\">\n\t\t\t\t<div class=\"elementor-cta__bg elementor-bg\" style=\"background-image: url(https:\/\/www.pieve-aldina.fontenille-collection.com\/wp-content\/uploads\/2025\/10\/Hotel-Pieve-aldina-vue-sur-une-eglise-768x768.webp);\" role=\"img\" aria-label=\"Vista su un campanile del villaggio\"><\/div>\n\t\t\t\t<div class=\"elementor-cta__bg-overlay\"><\/div>\n\t\t\t<\/div>\n\t\t\t\t\t\t\t<div class=\"elementor-cta__content\">\n\t\t\t\t\n\t\t\t\t\t\t\t\t\t<h3 class=\"elementor-cta__title elementor-cta__content-item elementor-content-item elementor-animated-item--move-up\">\n\t\t\t\t\t\tScoprire Pieve Aldina \t\t\t\t\t<\/h3>\n\t\t\t\t\n\t\t\t\t\t\t\t\t\t<h4 class=\"elementor-cta__description elementor-cta__content-item elementor-content-item elementor-animated-item--move-up\">\n\t\t\t\t\t\tUn luogo sacro del XVI secolo reinventato\t\t\t\t\t<\/h4>\n\t\t\t\t\n\t\t\t\t\t\t\t<\/div>\n\t\t\t\t\t\t<\/a>\n\t\t\t\t\t\t<\/div>\n\t\t\t\t<\/div>\n\t\t\t\t<\/div>\n\t\t<div class=\"elementor-element elementor-element-e2050d4 e-con-full e-flex e-con e-child\" data-id=\"e2050d4\" data-element_type=\"container\" data-e-type=\"container\">\n\t\t\t\t<div class=\"elementor-element elementor-element-09c3b48 elementor-cta--skin-cover elementor-cta--valign-middle elementor-animated-content elementor-bg-transform elementor-bg-transform-zoom-in elementor-widget elementor-widget-call-to-action\" data-id=\"09c3b48\" data-element_type=\"widget\" data-e-type=\"widget\" data-widget_type=\"call-to-action.default\">\n\t\t\t\t<div class=\"elementor-widget-container\">\n\t\t\t\t\t\t\t<a class=\"elementor-cta\" href=\"https:\/\/www.pieve-aldina.fontenille-collection.com\/it\/camere-e-suite-relais-chateaux-toscana\/\">\n\t\t\t\t\t<div class=\"elementor-cta__bg-wrapper\">\n\t\t\t\t<div class=\"elementor-cta__bg elementor-bg\" style=\"background-image: url(https:\/\/www.pieve-aldina.fontenille-collection.com\/wp-content\/uploads\/2025\/10\/Hotel-Pieve-aldina-salon-blanc-chambre-768x768.webp);\" role=\"img\" aria-label=\"Hotel Pieve Aldina Salone Bianco Camera\"><\/div>\n\t\t\t\t<div class=\"elementor-cta__bg-overlay\"><\/div>\n\t\t\t<\/div>\n\t\t\t\t\t\t\t<div class=\"elementor-cta__content\">\n\t\t\t\t\n\t\t\t\t\t\t\t\t\t<h3 class=\"elementor-cta__title elementor-cta__content-item elementor-content-item elementor-animated-item--move-up\">\n\t\t\t\t\t\tCamere e suite\t\t\t\t\t<\/h3>\n\t\t\t\t\n\t\t\t\t\t\t\t\t\t<h4 class=\"elementor-cta__description elementor-cta__content-item elementor-content-item elementor-animated-item--move-up\">\n\t\t\t\t\t\tMinimalista e delicato \t\t\t\t\t<\/h4>\n\t\t\t\t\n\t\t\t\t\t\t\t<\/div>\n\t\t\t\t\t\t<\/a>\n\t\t\t\t\t\t<\/div>\n\t\t\t\t<\/div>\n\t\t\t\t<\/div>\n\t\t<div class=\"elementor-element elementor-element-340aaf5 e-con-full e-flex e-con e-child\" data-id=\"340aaf5\" data-element_type=\"container\" data-e-type=\"container\">\n\t\t\t\t<div class=\"elementor-element elementor-element-acbfa92 elementor-cta--skin-cover elementor-cta--valign-middle elementor-animated-content elementor-bg-transform elementor-bg-transform-zoom-in elementor-widget elementor-widget-call-to-action\" data-id=\"acbfa92\" data-element_type=\"widget\" data-e-type=\"widget\" data-widget_type=\"call-to-action.default\">\n\t\t\t\t<div class=\"elementor-widget-container\">\n\t\t\t\t\t\t\t<a class=\"elementor-cta\" href=\"https:\/\/www.pieve-aldina.fontenille-collection.com\/it\/gastronomia-pieve-aldina\/\">\n\t\t\t\t\t<div class=\"elementor-cta__bg-wrapper\">\n\t\t\t\t<div class=\"elementor-cta__bg elementor-bg\" style=\"background-image: url(https:\/\/www.pieve-aldina.fontenille-collection.com\/wp-content\/uploads\/2025\/10\/Hotel-Pieve-aldina-degustation-vin-et-pates-768x768.webp);\" role=\"img\" aria-label=\"Degustazione di pasta e vino\"><\/div>\n\t\t\t\t<div class=\"elementor-cta__bg-overlay\"><\/div>\n\t\t\t<\/div>\n\t\t\t\t\t\t\t<div class=\"elementor-cta__content\">\n\t\t\t\t\n\t\t\t\t\t\t\t\t\t<h3 class=\"elementor-cta__title elementor-cta__content-item elementor-content-item elementor-animated-item--move-up\">\n\t\t\t\t\t\tRistorante Le Rondini\t\t\t\t\t<\/h3>\n\t\t\t\t\n\t\t\t\t\t\t\t\t\t<h4 class=\"elementor-cta__description elementor-cta__content-item elementor-content-item elementor-animated-item--move-up\">\n\t\t\t\t\t\tL'arte della cucina toscana\t\t\t\t\t<\/h4>\n\t\t\t\t\n\t\t\t\t\t\t\t<\/div>\n\t\t\t\t\t\t<\/a>\n\t\t\t\t\t\t<\/div>\n\t\t\t\t<\/div>\n\t\t\t\t<\/div>\n\t\t<div class=\"elementor-element elementor-element-9e70940 e-con-full e-flex e-con e-child\" data-id=\"9e70940\" data-element_type=\"container\" data-e-type=\"container\">\n\t\t\t\t<div class=\"elementor-element elementor-element-a22e5f2 elementor-cta--skin-cover elementor-cta--valign-middle elementor-animated-content elementor-bg-transform elementor-bg-transform-zoom-in elementor-widget elementor-widget-call-to-action\" data-id=\"a22e5f2\" data-element_type=\"widget\" data-e-type=\"widget\" data-widget_type=\"call-to-action.default\">\n\t\t\t\t<div class=\"elementor-widget-container\">\n\t\t\t\t\t\t\t<a class=\"elementor-cta\" href=\"https:\/\/www.pieve-aldina.fontenille-collection.com\/it\/privatizzazioni-di-matrimonio-in-toscana\/\">\n\t\t\t\t\t<div class=\"elementor-cta__bg-wrapper\">\n\t\t\t\t<div class=\"elementor-cta__bg elementor-bg\" style=\"background-image: url(https:\/\/www.pieve-aldina.fontenille-collection.com\/wp-content\/uploads\/2025\/10\/Hotel-Pieve-aldina-pergola-exterieur-768x768.webp);\" role=\"img\" aria-label=\"Pergola di Pieve Aldina\"><\/div>\n\t\t\t\t<div class=\"elementor-cta__bg-overlay\"><\/div>\n\t\t\t<\/div>\n\t\t\t\t\t\t\t<div class=\"elementor-cta__content\">\n\t\t\t\t\n\t\t\t\t\t\t\t\t\t<h3 class=\"elementor-cta__title elementor-cta__content-item elementor-content-item elementor-animated-item--move-up\">\n\t\t\t\t\t\tMatrimoni e Privatizzazioni\t\t\t\t\t<\/h3>\n\t\t\t\t\n\t\t\t\t\t\t\t\t\t<h4 class=\"elementor-cta__description elementor-cta__content-item elementor-content-item elementor-animated-item--move-up\">\n\t\t\t\t\t\tRicordi indimenticabili \t\t\t\t\t<\/h4>\n\t\t\t\t\n\t\t\t\t\t\t\t<\/div>\n\t\t\t\t\t\t<\/a>\n\t\t\t\t\t\t<\/div>\n\t\t\t\t<\/div>\n\t\t\t\t<\/div>\n\t\t\t\t<\/div>\n\t\t\t\t<\/div>\n\t\t\t\t<\/div>","protected":false},"excerpt":{"rendered":"<p>Que visiter autour dePieve\u202f Aldina\u202f? Nich\u00e9e au c\u0153ur du Chianti, \u00e0 deux pas de Florence et de Sienne, l&rsquo;h\u00f4tel de charme en Toscane Pieve\u202fAldina est le point de d\u00e9part d\u2019exp\u00e9riences authentiques pour vivre la Toscane autrement. Wine\u202ftours dans les plus beaux vignobles toscans du Chianti Classico, itin\u00e9raires de cyclisme panoramiques, exploration de villages m\u00e9di\u00e9vaux, ateliers [&hellip;]<\/p>\n","protected":false},"author":4,"featured_media":0,"parent":0,"menu_order":0,"comment_status":"closed","ping_status":"closed","template":"","meta":{"_acf_changed":false,"footnotes":""},"class_list":["post-26934","page","type-page","status-publish","hentry"],"acf":[],"yoast_head":"<!-- This site is optimized with the Yoast SEO plugin v27.5 - https:\/\/yoast.com\/product\/yoast-seo-wordpress\/ -->\n<title>Que faire en Toscane ? D\u00e9couvertes autour de Pieve Aldina<\/title>\n<meta name=\"description\" content=\"Explorez les alentours de Pieve Aldina : villages du Chianti, Florence, Sienne et exp\u00e9riences uniques au c\u0153ur de la Toscane.\" \/>\n<meta name=\"robots\" content=\"index, follow, max-snippet:-1, max-image-preview:large, max-video-preview:-1\" \/>\n<link rel=\"canonical\" href=\"https:\/\/www.pieve-aldina.fontenille-collection.com\/it\/attivita-e-visite-in-toscana\/\" \/>\n<meta property=\"og:locale\" content=\"it_IT\" \/>\n<meta property=\"og:type\" content=\"article\" \/>\n<meta property=\"og:title\" content=\"Que faire en Toscane ? D\u00e9couvertes autour de Pieve Aldina\" \/>\n<meta property=\"og:description\" content=\"Explorez les alentours de Pieve Aldina : villages du Chianti, Florence, Sienne et exp\u00e9riences uniques au c\u0153ur de la Toscane.\" \/>\n<meta property=\"og:url\" content=\"https:\/\/www.pieve-aldina.fontenille-collection.com\/it\/attivita-e-visite-in-toscana\/\" \/>\n<meta property=\"og:site_name\" content=\"Pieve Aldina | H\u00f4tel, Restaurant, Spa &amp; Jardins en Toscane\" \/>\n<meta property=\"article:modified_time\" content=\"2025-10-17T12:29:06+00:00\" \/>\n<meta property=\"og:image\" content=\"https:\/\/www.pieve-aldina.fontenille-collection.com\/wp-content\/uploads\/2025\/10\/Pieve-Aldina-fontenille-collection-toscane.webp\" \/>\n<meta name=\"twitter:card\" content=\"summary_large_image\" \/>\n<meta name=\"twitter:label1\" content=\"Tempo di lettura stimato\" \/>\n\t<meta name=\"twitter:data1\" content=\"13 minuti\" \/>\n<script type=\"application\/ld+json\" class=\"yoast-schema-graph\">{\"@context\":\"https:\\\/\\\/schema.org\",\"@graph\":[{\"@type\":\"WebPage\",\"@id\":\"https:\\\/\\\/www.pieve-aldina.fontenille-collection.com\\\/activites-et-visites-en-toscane\\\/\",\"url\":\"https:\\\/\\\/www.pieve-aldina.fontenille-collection.com\\\/activites-et-visites-en-toscane\\\/\",\"name\":\"Que faire en Toscane ? D\u00e9couvertes autour de Pieve Aldina\",\"isPartOf\":{\"@id\":\"https:\\\/\\\/www.pieve-aldina.fontenille-collection.com\\\/#website\"},\"primaryImageOfPage\":{\"@id\":\"https:\\\/\\\/www.pieve-aldina.fontenille-collection.com\\\/activites-et-visites-en-toscane\\\/#primaryimage\"},\"image\":{\"@id\":\"https:\\\/\\\/www.pieve-aldina.fontenille-collection.com\\\/activites-et-visites-en-toscane\\\/#primaryimage\"},\"thumbnailUrl\":\"https:\\\/\\\/www.pieve-aldina.fontenille-collection.com\\\/wp-content\\\/uploads\\\/2025\\\/10\\\/Pieve-Aldina-fontenille-collection-toscane.webp\",\"datePublished\":\"2025-07-18T10:33:57+00:00\",\"dateModified\":\"2025-10-17T12:29:06+00:00\",\"description\":\"Explorez les alentours de Pieve Aldina : villages du Chianti, Florence, Sienne et exp\u00e9riences uniques au c\u0153ur de la Toscane.\",\"breadcrumb\":{\"@id\":\"https:\\\/\\\/www.pieve-aldina.fontenille-collection.com\\\/activites-et-visites-en-toscane\\\/#breadcrumb\"},\"inLanguage\":\"it-IT\",\"potentialAction\":[{\"@type\":\"ReadAction\",\"target\":[\"https:\\\/\\\/www.pieve-aldina.fontenille-collection.com\\\/activites-et-visites-en-toscane\\\/\"]}]},{\"@type\":\"ImageObject\",\"inLanguage\":\"it-IT\",\"@id\":\"https:\\\/\\\/www.pieve-aldina.fontenille-collection.com\\\/activites-et-visites-en-toscane\\\/#primaryimage\",\"url\":\"https:\\\/\\\/www.pieve-aldina.fontenille-collection.com\\\/wp-content\\\/uploads\\\/2025\\\/10\\\/Pieve-Aldina-fontenille-collection-toscane.webp\",\"contentUrl\":\"https:\\\/\\\/www.pieve-aldina.fontenille-collection.com\\\/wp-content\\\/uploads\\\/2025\\\/10\\\/Pieve-Aldina-fontenille-collection-toscane.webp\"},{\"@type\":\"BreadcrumbList\",\"@id\":\"https:\\\/\\\/www.pieve-aldina.fontenille-collection.com\\\/activites-et-visites-en-toscane\\\/#breadcrumb\",\"itemListElement\":[{\"@type\":\"ListItem\",\"position\":1,\"name\":\"Accueil\",\"item\":\"https:\\\/\\\/www.pieve-aldina.fontenille-collection.com\\\/\"},{\"@type\":\"ListItem\",\"position\":2,\"name\":\"Visiter les alentours\"}]},{\"@type\":\"WebSite\",\"@id\":\"https:\\\/\\\/www.pieve-aldina.fontenille-collection.com\\\/#website\",\"url\":\"https:\\\/\\\/www.pieve-aldina.fontenille-collection.com\\\/\",\"name\":\"Pieve Aldina\",\"description\":\"Pieve Aldina, ancienne r\u00e9sidence des \u00e9v\u00eaques de Sienne : h\u00f4tel de charme en Toscane avec restaurant, spa et jardins au c\u0153ur du Chianti.\",\"publisher\":{\"@id\":\"https:\\\/\\\/www.pieve-aldina.fontenille-collection.com\\\/#organization\"},\"potentialAction\":[{\"@type\":\"SearchAction\",\"target\":{\"@type\":\"EntryPoint\",\"urlTemplate\":\"https:\\\/\\\/www.pieve-aldina.fontenille-collection.com\\\/?s={search_term_string}\"},\"query-input\":{\"@type\":\"PropertyValueSpecification\",\"valueRequired\":true,\"valueName\":\"search_term_string\"}}],\"inLanguage\":\"it-IT\"},{\"@type\":\"Organization\",\"@id\":\"https:\\\/\\\/www.pieve-aldina.fontenille-collection.com\\\/#organization\",\"name\":\"Pieve Aldina\",\"url\":\"https:\\\/\\\/www.pieve-aldina.fontenille-collection.com\\\/\",\"logo\":{\"@type\":\"ImageObject\",\"inLanguage\":\"it-IT\",\"@id\":\"https:\\\/\\\/www.pieve-aldina.fontenille-collection.com\\\/#\\\/schema\\\/logo\\\/image\\\/\",\"url\":\"https:\\\/\\\/www.pieve-aldina.fontenille-collection.com\\\/wp-content\\\/uploads\\\/2024\\\/11\\\/Pieve-Aldina-Noir.png\",\"contentUrl\":\"https:\\\/\\\/www.pieve-aldina.fontenille-collection.com\\\/wp-content\\\/uploads\\\/2024\\\/11\\\/Pieve-Aldina-Noir.png\",\"width\":641,\"height\":72,\"caption\":\"Pieve Aldina\"},\"image\":{\"@id\":\"https:\\\/\\\/www.pieve-aldina.fontenille-collection.com\\\/#\\\/schema\\\/logo\\\/image\\\/\"}}]}<\/script>\n<!-- \/ Yoast SEO plugin. -->","yoast_head_json":{"title":"Cosa fare in Toscana Scoperte nei dintorni di Pieve Aldina","description":"Esplorate i dintorni di Pieve Aldina: borghi del Chianti, Firenze, Siena ed esperienze uniche nel cuore della Toscana.","robots":{"index":"index","follow":"follow","max-snippet":"max-snippet:-1","max-image-preview":"max-image-preview:large","max-video-preview":"max-video-preview:-1"},"canonical":"https:\/\/www.pieve-aldina.fontenille-collection.com\/it\/attivita-e-visite-in-toscana\/","og_locale":"it_IT","og_type":"article","og_title":"Que faire en Toscane ? D\u00e9couvertes autour de Pieve Aldina","og_description":"Explorez les alentours de Pieve Aldina : villages du Chianti, Florence, Sienne et exp\u00e9riences uniques au c\u0153ur de la Toscane.","og_url":"https:\/\/www.pieve-aldina.fontenille-collection.com\/it\/attivita-e-visite-in-toscana\/","og_site_name":"Pieve Aldina | H\u00f4tel, Restaurant, Spa &amp; Jardins en Toscane","article_modified_time":"2025-10-17T12:29:06+00:00","og_image":[{"url":"https:\/\/www.pieve-aldina.fontenille-collection.com\/wp-content\/uploads\/2025\/10\/Pieve-Aldina-fontenille-collection-toscane.webp","type":"","width":"","height":""}],"twitter_card":"summary_large_image","twitter_misc":{"Tempo di lettura stimato":"13 minuti"},"schema":{"@context":"https:\/\/schema.org","@graph":[{"@type":"WebPage","@id":"https:\/\/www.pieve-aldina.fontenille-collection.com\/activites-et-visites-en-toscane\/","url":"https:\/\/www.pieve-aldina.fontenille-collection.com\/activites-et-visites-en-toscane\/","name":"Cosa fare in Toscana Scoperte nei dintorni di Pieve Aldina","isPartOf":{"@id":"https:\/\/www.pieve-aldina.fontenille-collection.com\/#website"},"primaryImageOfPage":{"@id":"https:\/\/www.pieve-aldina.fontenille-collection.com\/activites-et-visites-en-toscane\/#primaryimage"},"image":{"@id":"https:\/\/www.pieve-aldina.fontenille-collection.com\/activites-et-visites-en-toscane\/#primaryimage"},"thumbnailUrl":"https:\/\/www.pieve-aldina.fontenille-collection.com\/wp-content\/uploads\/2025\/10\/Pieve-Aldina-fontenille-collection-toscane.webp","datePublished":"2025-07-18T10:33:57+00:00","dateModified":"2025-10-17T12:29:06+00:00","description":"Esplorate i dintorni di Pieve Aldina: borghi del Chianti, Firenze, Siena ed esperienze uniche nel cuore della Toscana.","breadcrumb":{"@id":"https:\/\/www.pieve-aldina.fontenille-collection.com\/activites-et-visites-en-toscane\/#breadcrumb"},"inLanguage":"it-IT","potentialAction":[{"@type":"ReadAction","target":["https:\/\/www.pieve-aldina.fontenille-collection.com\/activites-et-visites-en-toscane\/"]}]},{"@type":"ImageObject","inLanguage":"it-IT","@id":"https:\/\/www.pieve-aldina.fontenille-collection.com\/activites-et-visites-en-toscane\/#primaryimage","url":"https:\/\/www.pieve-aldina.fontenille-collection.com\/wp-content\/uploads\/2025\/10\/Pieve-Aldina-fontenille-collection-toscane.webp","contentUrl":"https:\/\/www.pieve-aldina.fontenille-collection.com\/wp-content\/uploads\/2025\/10\/Pieve-Aldina-fontenille-collection-toscane.webp"},{"@type":"BreadcrumbList","@id":"https:\/\/www.pieve-aldina.fontenille-collection.com\/activites-et-visites-en-toscane\/#breadcrumb","itemListElement":[{"@type":"ListItem","position":1,"name":"Accueil","item":"https:\/\/www.pieve-aldina.fontenille-collection.com\/"},{"@type":"ListItem","position":2,"name":"Visiter les alentours"}]},{"@type":"WebSite","@id":"https:\/\/www.pieve-aldina.fontenille-collection.com\/#website","url":"https:\/\/www.pieve-aldina.fontenille-collection.com\/","name":"Pieve Aldina","description":"Pieve Aldina, antica residenza dei vescovi di Siena: hotel di charme in Toscana con ristorante, spa e giardini nel cuore del Chianti.","publisher":{"@id":"https:\/\/www.pieve-aldina.fontenille-collection.com\/#organization"},"potentialAction":[{"@type":"SearchAction","target":{"@type":"EntryPoint","urlTemplate":"https:\/\/www.pieve-aldina.fontenille-collection.com\/?s={search_term_string}"},"query-input":{"@type":"PropertyValueSpecification","valueRequired":true,"valueName":"search_term_string"}}],"inLanguage":"it-IT"},{"@type":"Organization","@id":"https:\/\/www.pieve-aldina.fontenille-collection.com\/#organization","name":"Pieve Aldina","url":"https:\/\/www.pieve-aldina.fontenille-collection.com\/","logo":{"@type":"ImageObject","inLanguage":"it-IT","@id":"https:\/\/www.pieve-aldina.fontenille-collection.com\/#\/schema\/logo\/image\/","url":"https:\/\/www.pieve-aldina.fontenille-collection.com\/wp-content\/uploads\/2024\/11\/Pieve-Aldina-Noir.png","contentUrl":"https:\/\/www.pieve-aldina.fontenille-collection.com\/wp-content\/uploads\/2024\/11\/Pieve-Aldina-Noir.png","width":641,"height":72,"caption":"Pieve Aldina"},"image":{"@id":"https:\/\/www.pieve-aldina.fontenille-collection.com\/#\/schema\/logo\/image\/"}}]}},"_links":{"self":[{"href":"https:\/\/www.pieve-aldina.fontenille-collection.com\/it\/wp-json\/wp\/v2\/pages\/26934","targetHints":{"allow":["GET"]}}],"collection":[{"href":"https:\/\/www.pieve-aldina.fontenille-collection.com\/it\/wp-json\/wp\/v2\/pages"}],"about":[{"href":"https:\/\/www.pieve-aldina.fontenille-collection.com\/it\/wp-json\/wp\/v2\/types\/page"}],"author":[{"embeddable":true,"href":"https:\/\/www.pieve-aldina.fontenille-collection.com\/it\/wp-json\/wp\/v2\/users\/4"}],"replies":[{"embeddable":true,"href":"https:\/\/www.pieve-aldina.fontenille-collection.com\/it\/wp-json\/wp\/v2\/comments?post=26934"}],"version-history":[{"count":45,"href":"https:\/\/www.pieve-aldina.fontenille-collection.com\/it\/wp-json\/wp\/v2\/pages\/26934\/revisions"}],"predecessor-version":[{"id":29506,"href":"https:\/\/www.pieve-aldina.fontenille-collection.com\/it\/wp-json\/wp\/v2\/pages\/26934\/revisions\/29506"}],"wp:attachment":[{"href":"https:\/\/www.pieve-aldina.fontenille-collection.com\/it\/wp-json\/wp\/v2\/media?parent=26934"}],"curies":[{"name":"wp","href":"https:\/\/api.w.org\/{rel}","templated":true}]}}