{"id":27477,"date":"2025-07-31T15:34:11","date_gmt":"2025-07-31T15:34:11","guid":{"rendered":"https:\/\/www.pieve-aldina.fontenille-collection.com\/?page_id=27477"},"modified":"2025-10-16T14:46:49","modified_gmt":"2025-10-16T14:46:49","slug":"informazioni-pratiche","status":"publish","type":"page","link":"https:\/\/www.pieve-aldina.fontenille-collection.com\/it\/informazioni-pratiche\/","title":{"rendered":"Informazioni pratiche"},"content":{"rendered":"<div data-elementor-type=\"wp-page\" data-elementor-id=\"27477\" class=\"elementor elementor-27477\" data-elementor-settings=\"{&quot;asli_hide_title_disabled&quot;:&quot;yes&quot;}\" data-elementor-post-type=\"page\">\n\t\t\t\t<section class=\"elementor-element elementor-element-17d73b93 e-con-full e-flex e-con e-parent\" data-id=\"17d73b93\" data-element_type=\"container\" data-e-type=\"container\" data-settings=\"{&quot;background_background&quot;:&quot;classic&quot;}\">\n\t\t<div class=\"elementor-element elementor-element-3a0860c e-con-full e-flex px-gutters-horizontal e-con e-child\" data-id=\"3a0860c\" data-element_type=\"container\" data-e-type=\"container\" data-settings=\"{&quot;background_background&quot;:&quot;classic&quot;}\">\n\t\t<div class=\"elementor-element elementor-element-53b76969 e-con-full e-flex pt-small pb-xsmall e-con e-child\" data-id=\"53b76969\" data-element_type=\"container\" data-e-type=\"container\">\n\t\t\t\t<div class=\"elementor-element elementor-element-3da93e0d elementor-widget elementor-widget-asli-widget-text-content\" data-id=\"3da93e0d\" data-element_type=\"widget\" data-e-type=\"widget\" data-settings=\"{&quot;max_width&quot;:{&quot;unit&quot;:&quot;%&quot;,&quot;size&quot;:96,&quot;sizes&quot;:[]},&quot;max_width_tablet&quot;:{&quot;unit&quot;:&quot;%&quot;,&quot;size&quot;:100,&quot;sizes&quot;:[]},&quot;max_width_mobile&quot;:{&quot;unit&quot;:&quot;%&quot;,&quot;size&quot;:100,&quot;sizes&quot;:[]},&quot;text_content_stroke_width&quot;:{&quot;unit&quot;:&quot;%&quot;,&quot;size&quot;:110,&quot;sizes&quot;:[]},&quot;text_content_stroke_height&quot;:{&quot;unit&quot;:&quot;%&quot;,&quot;size&quot;:80,&quot;sizes&quot;:[]},&quot;text_content_stroke_rotation&quot;:{&quot;unit&quot;:&quot;deg&quot;,&quot;size&quot;:-5,&quot;sizes&quot;:[]}}\" data-widget_type=\"asli-widget-text-content.default\">\n\t\t\t\t<div class=\"elementor-widget-container\">\n\t\t\t\t\t\t\t<div class=\"text-center mx-auto content js-content\" data-arts-split-text-preset=\"animatedChars\" data-arts-component-name=\"Content\" data-arts-os-animation=\"true\">\n\t\t\t<h1 class=\"content__text typography-text-content\">La tua vacanza a Pieve Aldina<\/h1>\n\t\t<\/div>\n\t\t\t\t\t\t<\/div>\n\t\t\t\t<\/div>\n\t\t\t\t<div class=\"elementor-element elementor-element-4d59a27 elementor-widget-divider--view-line elementor-widget elementor-widget-divider\" data-id=\"4d59a27\" data-element_type=\"widget\" data-e-type=\"widget\" data-widget_type=\"divider.default\">\n\t\t\t\t<div class=\"elementor-widget-container\">\n\t\t\t\t\t\t\t<div class=\"elementor-divider\">\n\t\t\t<span class=\"elementor-divider-separator\">\n\t\t\t\t\t\t<\/span>\n\t\t<\/div>\n\t\t\t\t\t\t<\/div>\n\t\t\t\t<\/div>\n\t\t\t\t<div class=\"elementor-element elementor-element-6437d2da elementor-widget elementor-widget-asli-widget-text-content\" data-id=\"6437d2da\" data-element_type=\"widget\" data-e-type=\"widget\" data-settings=\"{&quot;max_width&quot;:{&quot;unit&quot;:&quot;px&quot;,&quot;size&quot;:750,&quot;sizes&quot;:[]},&quot;max_width_tablet&quot;:{&quot;unit&quot;:&quot;%&quot;,&quot;size&quot;:100,&quot;sizes&quot;:[]},&quot;max_width_mobile&quot;:{&quot;unit&quot;:&quot;%&quot;,&quot;size&quot;:100,&quot;sizes&quot;:[]},&quot;text_content_stroke_width&quot;:{&quot;unit&quot;:&quot;%&quot;,&quot;size&quot;:110,&quot;sizes&quot;:[]},&quot;text_content_stroke_height&quot;:{&quot;unit&quot;:&quot;%&quot;,&quot;size&quot;:80,&quot;sizes&quot;:[]},&quot;text_content_stroke_rotation&quot;:{&quot;unit&quot;:&quot;deg&quot;,&quot;size&quot;:-5,&quot;sizes&quot;:[]}}\" data-widget_type=\"asli-widget-text-content.default\">\n\t\t\t\t<div class=\"elementor-widget-container\">\n\t\t\t\t\t\t\t<div class=\"text-center mx-auto content js-content\" data-arts-component-name=\"Content\">\n\t\t\t<p class=\"content__text typography-text-content\">Scopri qui tutto quello che c'\u00e8 da sapere per sfruttare al meglio il tuo soggiorno a Pieve Aldina<\/p>\n\t\t<\/div>\n\t\t\t\t\t\t<\/div>\n\t\t\t\t<\/div>\n\t\t\t\t<\/div>\n\t\t\t\t<\/div>\n\t\t<div class=\"elementor-element elementor-element-436cee26 e-con-full e-flex px-gutters-horizontal e-con e-child\" data-id=\"436cee26\" data-element_type=\"container\" data-e-type=\"container\" data-settings=\"{&quot;background_background&quot;:&quot;classic&quot;}\">\n\t\t\t\t<\/div>\n\t\t\t\t<\/section>\n\t\t<section class=\"elementor-element elementor-element-eed123a e-con-full e-flex pt-medium pb-medium px-gutters-horizontal e-con e-child\" data-id=\"eed123a\" data-element_type=\"container\" data-e-type=\"container\" id=\"scroll\" data-settings=\"{&quot;background_background&quot;:&quot;gradient&quot;}\">\n\t\t<div class=\"elementor-element elementor-element-ff865a5 e-con-full e-flex px-gutters-horizontal e-con e-child\" data-id=\"ff865a5\" data-element_type=\"container\" data-e-type=\"container\">\n\t\t\t\t<div class=\"elementor-element elementor-element-646aafa2 elementor-widget elementor-widget-asli-widget-text-content\" data-id=\"646aafa2\" data-element_type=\"widget\" data-e-type=\"widget\" data-settings=\"{&quot;max_width&quot;:{&quot;unit&quot;:&quot;px&quot;,&quot;size&quot;:1440,&quot;sizes&quot;:[]},&quot;max_width_tablet&quot;:{&quot;unit&quot;:&quot;%&quot;,&quot;size&quot;:100,&quot;sizes&quot;:[]},&quot;max_width_mobile&quot;:{&quot;unit&quot;:&quot;%&quot;,&quot;size&quot;:100,&quot;sizes&quot;:[]},&quot;text_content_stroke_width&quot;:{&quot;unit&quot;:&quot;%&quot;,&quot;size&quot;:110,&quot;sizes&quot;:[]},&quot;text_content_stroke_height&quot;:{&quot;unit&quot;:&quot;%&quot;,&quot;size&quot;:80,&quot;sizes&quot;:[]},&quot;text_content_stroke_rotation&quot;:{&quot;unit&quot;:&quot;deg&quot;,&quot;size&quot;:-5,&quot;sizes&quot;:[]}}\" data-widget_type=\"asli-widget-text-content.default\">\n\t\t\t\t<div class=\"elementor-widget-container\">\n\t\t\t\t\t\t\t<div class=\"text-center mx-auto content js-content\" data-arts-split-text-preset=\"animatedChars\" data-arts-component-name=\"Content\" data-arts-os-animation=\"true\">\n\t\t\t<h3 class=\"content__text typography-text-content\">Vacanze in Toscana <\/h3>\n\t\t<\/div>\n\t\t\t\t\t\t<\/div>\n\t\t\t\t<\/div>\n\t\t\t\t<div class=\"elementor-element elementor-element-50ccee5 elementor-widget elementor-widget-asli-widget-text-content\" data-id=\"50ccee5\" data-element_type=\"widget\" data-e-type=\"widget\" data-settings=\"{&quot;max_width&quot;:{&quot;unit&quot;:&quot;px&quot;,&quot;size&quot;:1200,&quot;sizes&quot;:[]},&quot;typography_text_content_text_color&quot;:&quot;#19597B&quot;,&quot;typography_text_links_text_color&quot;:&quot;#FFF9EE&quot;,&quot;typography_text_links_text_color_hover&quot;:&quot;#F0FAFF&quot;,&quot;text_content_stroke&quot;:&quot;#F0FAFF&quot;,&quot;max_width_tablet&quot;:{&quot;unit&quot;:&quot;%&quot;,&quot;size&quot;:100,&quot;sizes&quot;:[]},&quot;max_width_mobile&quot;:{&quot;unit&quot;:&quot;%&quot;,&quot;size&quot;:100,&quot;sizes&quot;:[]},&quot;text_content_stroke_width&quot;:{&quot;unit&quot;:&quot;%&quot;,&quot;size&quot;:110,&quot;sizes&quot;:[]},&quot;text_content_stroke_height&quot;:{&quot;unit&quot;:&quot;%&quot;,&quot;size&quot;:80,&quot;sizes&quot;:[]},&quot;text_content_stroke_rotation&quot;:{&quot;unit&quot;:&quot;deg&quot;,&quot;size&quot;:-5,&quot;sizes&quot;:[]}}\" data-widget_type=\"asli-widget-text-content.default\">\n\t\t\t\t<div class=\"elementor-widget-container\">\n\t\t\t\t\t\t\t<div class=\"text-center mx-auto content js-content\" data-arts-component-name=\"Content\">\n\t\t\t<h3 class=\"content__text typography-text-content\">Nel cuore delle colline del Chianti, tra vigneti e oliveti, Pieve Aldina \u00e8 un boutique hotel in Toscana dove il lusso discreto \u00e8 vissuto nello spirito italiano: natura onnipresente, patrimonio preservato, cucina locale e uno stile di vita gentile.<\/h3>\n\t\t<\/div>\n\t\t\t\t\t\t<\/div>\n\t\t\t\t<\/div>\n\t\t\t\t<div class=\"elementor-element elementor-element-1ff38b82 elementor-widget elementor-widget-image\" data-id=\"1ff38b82\" data-element_type=\"widget\" data-e-type=\"widget\" data-widget_type=\"image.default\">\n\t\t\t\t<div class=\"elementor-widget-container\">\n\t\t\t\t\t\t\t\t\t\t\t\t\t\t\t<img decoding=\"async\" width=\"150\" height=\"150\" src=\"https:\/\/www.pieve-aldina.fontenille-collection.com\/wp-content\/uploads\/2023\/05\/Pieve-Aldina-Icone-Big-150x150.png\" class=\"attachment-thumbnail size-thumbnail wp-image-27830\" alt=\"\" \/>\t\t\t\t\t\t\t\t\t\t\t\t\t\t\t<\/div>\n\t\t\t\t<\/div>\n\t\t\t\t<div class=\"elementor-element elementor-element-3711097a elementor-widget elementor-widget-asli-widget-text-content\" data-id=\"3711097a\" data-element_type=\"widget\" data-e-type=\"widget\" data-settings=\"{&quot;max_width&quot;:{&quot;unit&quot;:&quot;px&quot;,&quot;size&quot;:1200,&quot;sizes&quot;:[]},&quot;typography_text_content_text_color&quot;:&quot;#19597B&quot;,&quot;typography_text_links_text_color&quot;:&quot;#FFF9EE&quot;,&quot;typography_text_links_text_color_hover&quot;:&quot;#F0FAFF&quot;,&quot;text_content_stroke&quot;:&quot;#F0FAFF&quot;,&quot;max_width_tablet&quot;:{&quot;unit&quot;:&quot;%&quot;,&quot;size&quot;:100,&quot;sizes&quot;:[]},&quot;max_width_mobile&quot;:{&quot;unit&quot;:&quot;%&quot;,&quot;size&quot;:100,&quot;sizes&quot;:[]},&quot;text_content_stroke_width&quot;:{&quot;unit&quot;:&quot;%&quot;,&quot;size&quot;:110,&quot;sizes&quot;:[]},&quot;text_content_stroke_height&quot;:{&quot;unit&quot;:&quot;%&quot;,&quot;size&quot;:80,&quot;sizes&quot;:[]},&quot;text_content_stroke_rotation&quot;:{&quot;unit&quot;:&quot;deg&quot;,&quot;size&quot;:-5,&quot;sizes&quot;:[]}}\" data-widget_type=\"asli-widget-text-content.default\">\n\t\t\t\t<div class=\"elementor-widget-container\">\n\t\t\t\t\t\t\t<div class=\"text-center mx-auto content js-content\" data-arts-component-name=\"Content\">\n\t\t\t<h4 class=\"content__text typography-text-content\">Quando potete visitarci?<\/h4>\n\t\t<\/div>\n\t\t\t\t\t\t<\/div>\n\t\t\t\t<\/div>\n\t\t\t\t<div class=\"elementor-element elementor-element-be57bb8 elementor-widget elementor-widget-asli-widget-text-content\" data-id=\"be57bb8\" data-element_type=\"widget\" data-e-type=\"widget\" data-settings=\"{&quot;max_width&quot;:{&quot;unit&quot;:&quot;px&quot;,&quot;size&quot;:1200,&quot;sizes&quot;:[]},&quot;typography_text_content_text_color&quot;:&quot;#19597B&quot;,&quot;typography_text_links_text_color&quot;:&quot;#FFF9EE&quot;,&quot;typography_text_links_text_color_hover&quot;:&quot;#F0FAFF&quot;,&quot;text_content_stroke&quot;:&quot;#F0FAFF&quot;,&quot;max_width_tablet&quot;:{&quot;unit&quot;:&quot;%&quot;,&quot;size&quot;:100,&quot;sizes&quot;:[]},&quot;max_width_mobile&quot;:{&quot;unit&quot;:&quot;%&quot;,&quot;size&quot;:100,&quot;sizes&quot;:[]},&quot;text_content_stroke_width&quot;:{&quot;unit&quot;:&quot;%&quot;,&quot;size&quot;:110,&quot;sizes&quot;:[]},&quot;text_content_stroke_height&quot;:{&quot;unit&quot;:&quot;%&quot;,&quot;size&quot;:80,&quot;sizes&quot;:[]},&quot;text_content_stroke_rotation&quot;:{&quot;unit&quot;:&quot;deg&quot;,&quot;size&quot;:-5,&quot;sizes&quot;:[]}}\" data-widget_type=\"asli-widget-text-content.default\">\n\t\t\t\t<div class=\"elementor-widget-container\">\n\t\t\t\t\t\t\t<div class=\"text-center mx-auto content js-content\" data-arts-component-name=\"Content\">\n\t\t\t<h3 class=\"content__text typography-text-content\">Chiusura annuale dal 2 novembre al 19 marzo.<br>Nel 2026 sar\u00e0 aperto dal 20 marzo al 1\u00b0 novembre.<\/h3>\n\t\t<\/div>\n\t\t\t\t\t\t<\/div>\n\t\t\t\t<\/div>\n\t\t\t\t<\/div>\n\t\t\t\t<\/section>\n\t\t<div class=\"elementor-element elementor-element-107585b8 e-flex e-con-boxed pb-small px-gutters-horizontal e-con e-parent\" data-id=\"107585b8\" data-element_type=\"container\" data-e-type=\"container\" data-settings=\"{&quot;background_background&quot;:&quot;classic&quot;}\">\n\t\t\t\t\t<div class=\"e-con-inner\">\n\t\t<div class=\"elementor-element elementor-element-6c30e337 e-con-full e-flex e-con e-child\" data-id=\"6c30e337\" data-element_type=\"container\" data-e-type=\"container\">\n\t\t\t\t<div class=\"elementor-element elementor-element-768f4017 elementor-widget elementor-widget-google_maps\" data-id=\"768f4017\" data-element_type=\"widget\" data-e-type=\"widget\" data-widget_type=\"google_maps.default\">\n\t\t\t\t<div class=\"elementor-widget-container\">\n\t\t\t\t\t\t\t<div class=\"elementor-custom-embed\">\n\t\t\t<iframe loading=\"lazy\"\n\t\t\t\t\tsrc=\"https:\/\/maps.google.com\/maps?q=Traversa%20del%20Chianti%2C%2053017%20Radda%20in%20Chianti%20SI%2C%20Italie&#038;t=m&#038;z=10&#038;output=embed&#038;iwloc=near\"\n\t\t\t\t\ttitle=\"Traversa del Chianti, 53017 Radda in Chianti SI, Italia\"\n\t\t\t\t\taria-label=\"Traversa del Chianti, 53017 Radda in Chianti SI, Italia\"\n\t\t\t><\/iframe>\n\t\t<\/div>\n\t\t\t\t\t\t<\/div>\n\t\t\t\t<\/div>\n\t\t\t\t<\/div>\n\t\t\t\t<div class=\"elementor-element elementor-element-6f9894c3 elementor-widget elementor-widget-asli-widget-text-content\" data-id=\"6f9894c3\" data-element_type=\"widget\" data-e-type=\"widget\" data-settings=\"{&quot;max_width&quot;:{&quot;unit&quot;:&quot;px&quot;,&quot;size&quot;:1100,&quot;sizes&quot;:[]},&quot;max_width_tablet&quot;:{&quot;unit&quot;:&quot;%&quot;,&quot;size&quot;:100,&quot;sizes&quot;:[]},&quot;max_width_mobile&quot;:{&quot;unit&quot;:&quot;%&quot;,&quot;size&quot;:100,&quot;sizes&quot;:[]},&quot;text_content_stroke_width&quot;:{&quot;unit&quot;:&quot;%&quot;,&quot;size&quot;:110,&quot;sizes&quot;:[]},&quot;text_content_stroke_height&quot;:{&quot;unit&quot;:&quot;%&quot;,&quot;size&quot;:80,&quot;sizes&quot;:[]},&quot;text_content_stroke_rotation&quot;:{&quot;unit&quot;:&quot;deg&quot;,&quot;size&quot;:-5,&quot;sizes&quot;:[]}}\" data-widget_type=\"asli-widget-text-content.default\">\n\t\t\t\t<div class=\"elementor-widget-container\">\n\t\t\t\t\t\t\t<div class=\"text-center mx-auto content js-content\" data-arts-split-text-preset=\"animatedChars\" data-arts-component-name=\"Content\" data-arts-os-animation=\"true\">\n\t\t\t<h2 class=\"content__text typography-text-content\">Come arrivare a Pieve Aldina<\/h2>\n\t\t<\/div>\n\t\t\t\t\t\t<\/div>\n\t\t\t\t<\/div>\n\t\t<section class=\"elementor-element elementor-element-2e2cf80d e-con-full e-flex e-con e-child\" data-id=\"2e2cf80d\" data-element_type=\"container\" data-e-type=\"container\">\n\t\t<div class=\"elementor-element elementor-element-730a1f67 e-flex e-con-boxed e-con e-child\" data-id=\"730a1f67\" data-element_type=\"container\" data-e-type=\"container\">\n\t\t\t\t\t<div class=\"e-con-inner\">\n\t\t<div class=\"elementor-element elementor-element-436762a2 e-flex e-con-boxed e-con e-child\" data-id=\"436762a2\" data-element_type=\"container\" data-e-type=\"container\">\n\t\t\t\t\t<div class=\"e-con-inner\">\n\t\t\t\t<div class=\"elementor-element elementor-element-d0f5945 elementor-widget-divider--view-line_text elementor-widget-divider--element-align-left elementor-widget elementor-widget-divider\" data-id=\"d0f5945\" data-element_type=\"widget\" data-e-type=\"widget\" data-widget_type=\"divider.default\">\n\t\t\t\t<div class=\"elementor-widget-container\">\n\t\t\t\t\t\t\t<div class=\"elementor-divider\">\n\t\t\t<span class=\"elementor-divider-separator\">\n\t\t\t\t\t\t\t<span class=\"elementor-divider__text elementor-divider__element\">\n\t\t\t\tIn auto\t\t\t\t<\/span>\n\t\t\t\t\t\t<\/span>\n\t\t<\/div>\n\t\t\t\t\t\t<\/div>\n\t\t\t\t<\/div>\n\t\t\t\t<div class=\"elementor-element elementor-element-3d8be45 elementor-widget elementor-widget-text-editor\" data-id=\"3d8be45\" data-element_type=\"widget\" data-e-type=\"widget\" data-widget_type=\"text-editor.default\">\n\t\t\t\t<div class=\"elementor-widget-container\">\n\t\t\t\t\t\t\t\t\t<p>Pieve Aldina \u00e8 facilmente raggiungibile in auto e dispone di un parcheggio nelle vicinanze per gli ospiti.<br \/>Da Firenze: circa 1h15 di auto attraverso le colline del Chianti.<br \/>Da Siena: circa 45 minuti di auto.<br \/>Da Pisa: circa 1h30 di auto.<\/p>\t\t\t\t\t\t\t\t<\/div>\n\t\t\t\t<\/div>\n\t\t<div class=\"elementor-element elementor-element-262e4740 e-con-full e-flex e-con e-child\" data-id=\"262e4740\" data-element_type=\"container\" data-e-type=\"container\">\n\t\t\t\t<div class=\"elementor-element elementor-element-15ea8728 elementor-align-left elementor-tablet-align-center elementor-mobile-align-center elementor-widget elementor-widget-asli-widget-button\" data-id=\"15ea8728\" data-element_type=\"widget\" data-e-type=\"widget\" data-settings=\"{&quot;cursor_hover_offset&quot;:{&quot;unit&quot;:&quot;px&quot;,&quot;size&quot;:0,&quot;sizes&quot;:[]},&quot;icon_indent&quot;:{&quot;unit&quot;:&quot;px&quot;,&quot;size&quot;:8,&quot;sizes&quot;:[]}}\" data-widget_type=\"asli-widget-button.regular\">\n\t\t\t\t<div class=\"elementor-widget-container\">\n\t\t\t\t\t\t\t<div class=\"d-inline-flex elementor-button-wrapper\">\n\t\t\t<a class=\"elementor-button button button_icon elementor-button-link elementor-size-md\" href=\"https:\/\/www.waze.com\/fr\/live-map\/directions\/it\/toscana\/pieve-aldina?to=place.ChIJbZN_N13LKxMRKhTUfATDACg&#038;from=place.ChIJrdbSgKZWKhMRAyrH7xd51ZM\">\n\t\t\t\t\t\t<span class=\"button__label button__label-normal\">\n\t\t\t\t\t\t\t<span class=\"button__title elementor-button-text\">Come arrivare con Waze<\/span>\n\t\t\t\t\t\t\t\t\t\t\t\t\t\t\t\t\t\t\t<\/span>\n\n\t\t<span class=\"button__label button__label-hover\">\n\t\t\t\t\t\t\t<span class=\"button__title elementor-button-text\">In auto<\/span>\n\t\t\t\t\t\t\t\t\t\t\t\t\t\t\t\t\t\t\t<\/span>\n\t\t\t\t\t<\/a>\n\t\t<\/div>\n\t\t\t\t\t\t<\/div>\n\t\t\t\t<\/div>\n\t\t\t\t<div class=\"elementor-element elementor-element-1f07f49e elementor-align-left elementor-tablet-align-center elementor-mobile-align-center elementor-widget elementor-widget-asli-widget-button\" data-id=\"1f07f49e\" data-element_type=\"widget\" data-e-type=\"widget\" data-settings=\"{&quot;cursor_hover_offset&quot;:{&quot;unit&quot;:&quot;px&quot;,&quot;size&quot;:0,&quot;sizes&quot;:[]},&quot;icon_indent&quot;:{&quot;unit&quot;:&quot;px&quot;,&quot;size&quot;:8,&quot;sizes&quot;:[]}}\" data-widget_type=\"asli-widget-button.regular\">\n\t\t\t\t<div class=\"elementor-widget-container\">\n\t\t\t\t\t\t\t<div class=\"d-inline-flex elementor-button-wrapper\">\n\t\t\t<a class=\"elementor-button button button_icon elementor-button-link elementor-size-md\" href=\"https:\/\/www.google.com\/maps\/place\/Pieve+Aldina\/@43.507216,11.3652512,17z\/data=!4m9!3m8!1s0x132bcb5d377f936d:0x2800c3047cd4142a!5m2!4m1!1i2!8m2!3d43.5072121!4d11.3678261!16s%2Fg%2F11kjpbb_mq?entry=ttu&#038;g_ep=EgoyMDI1MDkyMy4wIKXMDSoASAFQAw%3D%3D\">\n\t\t\t\t\t\t<span class=\"button__label button__label-normal\">\n\t\t\t\t\t\t\t<span class=\"button__title elementor-button-text\">Come trovarci<\/span>\n\t\t\t\t\t\t\t\t\t\t\t\t\t\t\t\t\t\t\t<\/span>\n\n\t\t<span class=\"button__label button__label-hover\">\n\t\t\t\t\t\t\t<span class=\"button__title elementor-button-text\">Google Maps<\/span>\n\t\t\t\t\t\t\t\t\t\t\t\t\t\t\t\t\t\t\t<\/span>\n\t\t\t\t\t<\/a>\n\t\t<\/div>\n\t\t\t\t\t\t<\/div>\n\t\t\t\t<\/div>\n\t\t\t\t<\/div>\n\t\t\t\t\t<\/div>\n\t\t\t\t<\/div>\n\t\t<div class=\"elementor-element elementor-element-48996cc e-flex e-con-boxed e-con e-child\" data-id=\"48996cc\" data-element_type=\"container\" data-e-type=\"container\">\n\t\t\t\t\t<div class=\"e-con-inner\">\n\t\t\t\t<div class=\"elementor-element elementor-element-79c0f11 elementor-widget-divider--view-line_text elementor-widget-divider--element-align-left elementor-widget elementor-widget-divider\" data-id=\"79c0f11\" data-element_type=\"widget\" data-e-type=\"widget\" data-widget_type=\"divider.default\">\n\t\t\t\t<div class=\"elementor-widget-container\">\n\t\t\t\t\t\t\t<div class=\"elementor-divider\">\n\t\t\t<span class=\"elementor-divider-separator\">\n\t\t\t\t\t\t\t<span class=\"elementor-divider__text elementor-divider__element\">\n\t\t\t\tIn treno\t\t\t\t<\/span>\n\t\t\t\t\t\t<\/span>\n\t\t<\/div>\n\t\t\t\t\t\t<\/div>\n\t\t\t\t<\/div>\n\t\t\t\t<div class=\"elementor-element elementor-element-19500a23 elementor-widget elementor-widget-text-editor\" data-id=\"19500a23\" data-element_type=\"widget\" data-e-type=\"widget\" data-widget_type=\"text-editor.default\">\n\t\t\t\t<div class=\"elementor-widget-container\">\n\t\t\t\t\t\t\t\t\t<p>La stazione ferroviaria pi\u00f9 vicina \u00e8 Firenze Santa Maria Novella, a circa un'ora e 15 minuti di auto da Pieve Aldina.<\/p><p>Da Roma Termini: treni ad alta velocit\u00e0 per Firenze (circa 1 ora).<br \/>Da Milano Centrale: treni ad alta velocit\u00e0 per Firenze (circa 1h40).<br \/>Da Bologna: circa 40 minuti di treno per Firenze.<\/p>\t\t\t\t\t\t\t\t<\/div>\n\t\t\t\t<\/div>\n\t\t\t\t\t<\/div>\n\t\t\t\t<\/div>\n\t\t\t\t\t<\/div>\n\t\t\t\t<\/div>\n\t\t<div class=\"elementor-element elementor-element-31af5246 e-flex e-con-boxed e-con e-child\" data-id=\"31af5246\" data-element_type=\"container\" data-e-type=\"container\">\n\t\t\t\t\t<div class=\"e-con-inner\">\n\t\t<div class=\"elementor-element elementor-element-275c8d38 e-flex e-con-boxed e-con e-child\" data-id=\"275c8d38\" data-element_type=\"container\" data-e-type=\"container\">\n\t\t\t\t\t<div class=\"e-con-inner\">\n\t\t\t\t<div class=\"elementor-element elementor-element-fe7c2d4 elementor-widget-divider--view-line_text elementor-widget-divider--element-align-left elementor-widget elementor-widget-divider\" data-id=\"fe7c2d4\" data-element_type=\"widget\" data-e-type=\"widget\" data-widget_type=\"divider.default\">\n\t\t\t\t<div class=\"elementor-widget-container\">\n\t\t\t\t\t\t\t<div class=\"elementor-divider\">\n\t\t\t<span class=\"elementor-divider-separator\">\n\t\t\t\t\t\t\t<span class=\"elementor-divider__text elementor-divider__element\">\n\t\t\t\tIn aereo\t\t\t\t<\/span>\n\t\t\t\t\t\t<\/span>\n\t\t<\/div>\n\t\t\t\t\t\t<\/div>\n\t\t\t\t<\/div>\n\t\t\t\t<div class=\"elementor-element elementor-element-2cfec2 elementor-widget elementor-widget-text-editor\" data-id=\"2cfec2\" data-element_type=\"widget\" data-e-type=\"widget\" data-widget_type=\"text-editor.default\">\n\t\t\t\t<div class=\"elementor-widget-container\">\n\t\t\t\t\t\t\t\t\t<p>Aeroporto di Firenze (1 ora di auto): serve molte rotte nazionali ed europee.<br \/>Aeroporto di Pisa (a 1h30 di distanza): offre un'ampia scelta di voli internazionali.<br \/>Aeroporto di Bologna (a 2 ore di distanza): collega diverse grandi citt\u00e0 europee e internazionali.<\/p>\t\t\t\t\t\t\t\t<\/div>\n\t\t\t\t<\/div>\n\t\t\t\t\t<\/div>\n\t\t\t\t<\/div>\n\t\t<div class=\"elementor-element elementor-element-47559e38 e-flex e-con-boxed e-con e-child\" data-id=\"47559e38\" data-element_type=\"container\" data-e-type=\"container\">\n\t\t\t\t\t<div class=\"e-con-inner\">\n\t\t\t\t<div class=\"elementor-element elementor-element-0ac1caa elementor-widget-divider--view-line_text elementor-widget-divider--element-align-left elementor-widget elementor-widget-divider\" data-id=\"0ac1caa\" data-element_type=\"widget\" data-e-type=\"widget\" data-widget_type=\"divider.default\">\n\t\t\t\t<div class=\"elementor-widget-container\">\n\t\t\t\t\t\t\t<div class=\"elementor-divider\">\n\t\t\t<span class=\"elementor-divider-separator\">\n\t\t\t\t\t\t\t<span class=\"elementor-divider__text elementor-divider__element\">\n\t\t\t\tServizi su richiesta \t\t\t\t<\/span>\n\t\t\t\t\t\t<\/span>\n\t\t<\/div>\n\t\t\t\t\t\t<\/div>\n\t\t\t\t<\/div>\n\t\t\t\t<div class=\"elementor-element elementor-element-6bea5629 elementor-widget elementor-widget-text-editor\" data-id=\"6bea5629\" data-element_type=\"widget\" data-e-type=\"widget\" data-widget_type=\"text-editor.default\">\n\t\t\t\t<div class=\"elementor-widget-container\">\n\t\t\t\t\t\t\t\t\t<p>Possiamo organizzare un trasferimento privato dalla stazione o dall'aeroporto previo accordo.<\/p>\t\t\t\t\t\t\t\t<\/div>\n\t\t\t\t<\/div>\n\t\t\t\t\t<\/div>\n\t\t\t\t<\/div>\n\t\t\t\t\t<\/div>\n\t\t\t\t<\/div>\n\t\t\t\t<\/section>\n\t\t\t\t\t<\/div>\n\t\t\t\t<\/div>\n\t\t<div class=\"elementor-element elementor-element-5c4fce62 e-flex e-con-boxed pb-small px-gutters-horizontal e-con e-parent\" data-id=\"5c4fce62\" data-element_type=\"container\" data-e-type=\"container\" data-settings=\"{&quot;background_background&quot;:&quot;gradient&quot;}\">\n\t\t\t\t\t<div class=\"e-con-inner\">\n\t\t<section class=\"elementor-element elementor-element-3257b64f e-con-full e-flex e-con e-child\" data-id=\"3257b64f\" data-element_type=\"container\" data-e-type=\"container\">\n\t\t<div class=\"elementor-element elementor-element-280d21f1 e-con-full e-flex e-con e-child\" data-id=\"280d21f1\" data-element_type=\"container\" data-e-type=\"container\">\n\t\t<div class=\"elementor-element elementor-element-7d70c786 e-flex e-con-boxed e-con e-child\" data-id=\"7d70c786\" data-element_type=\"container\" data-e-type=\"container\">\n\t\t\t\t\t<div class=\"e-con-inner\">\n\t\t\t\t<div class=\"elementor-element elementor-element-2ef34a8b elementor-widget elementor-widget-asli-widget-text-content\" data-id=\"2ef34a8b\" data-element_type=\"widget\" data-e-type=\"widget\" data-settings=\"{&quot;max_width&quot;:{&quot;unit&quot;:&quot;px&quot;,&quot;size&quot;:1100,&quot;sizes&quot;:[]},&quot;max_width_tablet&quot;:{&quot;unit&quot;:&quot;%&quot;,&quot;size&quot;:100,&quot;sizes&quot;:[]},&quot;max_width_mobile&quot;:{&quot;unit&quot;:&quot;%&quot;,&quot;size&quot;:100,&quot;sizes&quot;:[]},&quot;text_content_stroke_width&quot;:{&quot;unit&quot;:&quot;%&quot;,&quot;size&quot;:110,&quot;sizes&quot;:[]},&quot;text_content_stroke_height&quot;:{&quot;unit&quot;:&quot;%&quot;,&quot;size&quot;:80,&quot;sizes&quot;:[]},&quot;text_content_stroke_rotation&quot;:{&quot;unit&quot;:&quot;deg&quot;,&quot;size&quot;:-5,&quot;sizes&quot;:[]}}\" data-widget_type=\"asli-widget-text-content.default\">\n\t\t\t\t<div class=\"elementor-widget-container\">\n\t\t\t\t\t\t\t<div class=\"text-start me-auto content js-content\" data-arts-split-text-preset=\"animatedChars\" data-arts-component-name=\"Content\" data-arts-os-animation=\"true\">\n\t\t\t<h3 class=\"content__text typography-text-content\">Il vostro soggiorno a Pieve Aldina<\/h3>\n\t\t<\/div>\n\t\t\t\t\t\t<\/div>\n\t\t\t\t<\/div>\n\t\t\t\t<div class=\"elementor-element elementor-element-2dc1f5a1 elementor-icon-list--layout-traditional elementor-list-item-link-full_width elementor-widget elementor-widget-icon-list\" data-id=\"2dc1f5a1\" data-element_type=\"widget\" data-e-type=\"widget\" data-widget_type=\"icon-list.default\">\n\t\t\t\t<div class=\"elementor-widget-container\">\n\t\t\t\t\t\t\t<ul class=\"elementor-icon-list-items\">\n\t\t\t\t\t\t\t<li class=\"elementor-icon-list-item\">\n\t\t\t\t\t\t\t\t\t\t\t<span class=\"elementor-icon-list-icon\">\n\t\t\t\t\t\t\t<i aria-hidden=\"true\" class=\"icon icon-210-landscape-1\"><\/i>\t\t\t\t\t\t<\/span>\n\t\t\t\t\t\t\t\t\t\t<span class=\"elementor-icon-list-text\">Tutte le nostre camere hanno una vista sulle colline del Chianti o sui giardini.<\/span>\n\t\t\t\t\t\t\t\t\t<\/li>\n\t\t\t\t\t\t\t\t<li class=\"elementor-icon-list-item\">\n\t\t\t\t\t\t\t\t\t\t\t<span class=\"elementor-icon-list-icon\">\n\t\t\t\t\t\t\t<i aria-hidden=\"true\" class=\"icon icon-074-breakfast-4\"><\/i>\t\t\t\t\t\t<\/span>\n\t\t\t\t\t\t\t\t\t\t<span class=\"elementor-icon-list-text\">Il ristorante Le Rondini \u00e8 aperto tutti i giorni a pranzo dalle 12:30 alle 19:00 (pranzo e snack) e dalle 19:30 alle 22:30 (cena).<\/span>\n\t\t\t\t\t\t\t\t\t<\/li>\n\t\t\t\t\t\t\t\t<li class=\"elementor-icon-list-item\">\n\t\t\t\t\t\t\t\t\t\t\t<span class=\"elementor-icon-list-icon\">\n\t\t\t\t\t\t\t<i aria-hidden=\"true\" class=\"icon icon-064-bff\"><\/i>\t\t\t\t\t\t<\/span>\n\t\t\t\t\t\t\t\t\t\t<span class=\"elementor-icon-list-text\">I bambini sono i benvenuti.<\/span>\n\t\t\t\t\t\t\t\t\t<\/li>\n\t\t\t\t\t\t\t\t<li class=\"elementor-icon-list-item\">\n\t\t\t\t\t\t\t\t\t\t\t<span class=\"elementor-icon-list-icon\">\n\t\t\t\t\t\t\t<i aria-hidden=\"true\" class=\"icon icon-062-pet\"><\/i>\t\t\t\t\t\t<\/span>\n\t\t\t\t\t\t\t\t\t\t<span class=\"elementor-icon-list-text\">Gli animali domestici sono accettati senza costi aggiuntivi.<\/span>\n\t\t\t\t\t\t\t\t\t<\/li>\n\t\t\t\t\t\t\t\t<li class=\"elementor-icon-list-item\">\n\t\t\t\t\t\t\t\t\t\t\t<span class=\"elementor-icon-list-icon\">\n\t\t\t\t\t\t\t<i aria-hidden=\"true\" class=\"icon icon-155-spa\"><\/i>\t\t\t\t\t\t<\/span>\n\t\t\t\t\t\t\t\t\t\t<span class=\"elementor-icon-list-text\">Abbiamo una piscina all'aperto, sale per trattamenti, sauna e bagno turco.<\/span>\n\t\t\t\t\t\t\t\t\t<\/li>\n\t\t\t\t\t\t\t\t<li class=\"elementor-icon-list-item\">\n\t\t\t\t\t\t\t\t\t\t\t<span class=\"elementor-icon-list-icon\">\n\t\t\t\t\t\t\t<i aria-hidden=\"true\" class=\"icon icon-205-wheelchair\"><\/i>\t\t\t\t\t\t<\/span>\n\t\t\t\t\t\t\t\t\t\t<span class=\"elementor-icon-list-text\">Camere con accesso PRM e parcheggio PRM riservato in hotel.<\/span>\n\t\t\t\t\t\t\t\t\t<\/li>\n\t\t\t\t\t\t<\/ul>\n\t\t\t\t\t\t<\/div>\n\t\t\t\t<\/div>\n\t\t\t\t<div class=\"elementor-element elementor-element-2309f377 elementor-align-left elementor-tablet-align-center elementor-mobile-align-center elementor-widget elementor-widget-asli-widget-button\" data-id=\"2309f377\" data-element_type=\"widget\" data-e-type=\"widget\" data-settings=\"{&quot;cursor_hover_offset&quot;:{&quot;unit&quot;:&quot;px&quot;,&quot;size&quot;:0,&quot;sizes&quot;:[]},&quot;icon_indent&quot;:{&quot;unit&quot;:&quot;px&quot;,&quot;size&quot;:8,&quot;sizes&quot;:[]}}\" data-widget_type=\"asli-widget-button.regular\">\n\t\t\t\t<div class=\"elementor-widget-container\">\n\t\t\t\t\t\t\t<div class=\"d-inline-flex elementor-button-wrapper\">\n\t\t\t<a class=\"elementor-button button button_icon elementor-button-link elementor-size-md\" href=\"https:\/\/www.pieve-aldina.fontenille-collection.com\/it\/nos-chambres-et-suites\/\">\n\t\t\t\t\t\t<span class=\"button__label button__label-normal\">\n\t\t\t\t\t\t\t<span class=\"button__title elementor-button-text\">Le nostre camere e suite<\/span>\n\t\t\t\t\t\t\t\t\t\t\t\t\t\t\t\t\t\t\t<\/span>\n\n\t\t<span class=\"button__label button__label-hover\">\n\t\t\t\t\t\t\t<span class=\"button__title elementor-button-text\">Scoprire<\/span>\n\t\t\t\t\t\t\t\t\t\t\t\t\t\t\t\t\t\t\t<\/span>\n\t\t\t\t\t<\/a>\n\t\t<\/div>\n\t\t\t\t\t\t<\/div>\n\t\t\t\t<\/div>\n\t\t\t\t\t<\/div>\n\t\t\t\t<\/div>\n\t\t\t\t<\/div>\n\t\t<div class=\"elementor-element elementor-element-2ab786ce e-con-full e-flex e-con e-child\" data-id=\"2ab786ce\" data-element_type=\"container\" data-e-type=\"container\">\n\t\t\t\t<div class=\"elementor-element elementor-element-1e991ec3 elementor--h-position-center elementor--v-position-middle elementor-arrows-position-inside elementor-widget elementor-widget-slides\" data-id=\"1e991ec3\" data-element_type=\"widget\" data-e-type=\"widget\" data-settings=\"{&quot;navigation&quot;:&quot;arrows&quot;,&quot;transition&quot;:&quot;fade&quot;,&quot;autoplay&quot;:&quot;yes&quot;,&quot;pause_on_hover&quot;:&quot;yes&quot;,&quot;pause_on_interaction&quot;:&quot;yes&quot;,&quot;autoplay_speed&quot;:5000,&quot;infinite&quot;:&quot;yes&quot;,&quot;transition_speed&quot;:500}\" data-widget_type=\"slides.default\">\n\t\t\t\t<div class=\"elementor-widget-container\">\n\t\t\t\t\t\t\t\t\t<div class=\"elementor-swiper\">\n\t\t\t\t\t<div class=\"elementor-slides-wrapper elementor-main-swiper swiper\" role=\"region\" aria-roledescription=\"carousel\" aria-label=\"Diapositive\" dir=\"ltr\" data-animation=\"fadeInUp\">\n\t\t\t\t<div class=\"swiper-wrapper elementor-slides\">\n\t\t\t\t\t\t\t\t\t\t<div class=\"elementor-repeater-item-aaae0b0 swiper-slide\" role=\"group\" aria-roledescription=\"slide\"><div class=\"swiper-slide-bg\" role=\"img\" aria-label=\"camera-piccola-hotel-pieve-aldina\"><\/div><div class=\"elementor-background-overlay\"><\/div><a class=\"swiper-slide-inner\" href=\"https:\/\/www.pieve-aldina.fontenille-collection.com\/it\/stanze\/pieve-aldina-camera-piccola\/\"><div class=\"swiper-slide-contents\"><div class=\"elementor-slide-heading\">La Piccola<\/div><div  class=\"elementor-button elementor-slide-button elementor-size-sm\">Scoprire<\/div><\/div><\/a><\/div><div class=\"elementor-repeater-item-ca4b232 swiper-slide\" role=\"group\" aria-roledescription=\"slide\"><div class=\"swiper-slide-bg\" role=\"img\" aria-label=\"camera-deluxe-hotel-pieve-aldina\"><\/div><div class=\"elementor-background-overlay\"><\/div><a class=\"swiper-slide-inner\" href=\"https:\/\/www.pieve-aldina.fontenille-collection.com\/it\/stanze\/camera-deluxe-pieve-aldina\/\"><div class=\"swiper-slide-contents\"><div class=\"elementor-slide-heading\"> Deluxe<\/div><div  class=\"elementor-button elementor-slide-button elementor-size-sm\">Scoprire<\/div><\/div><\/a><\/div><div class=\"elementor-repeater-item-65410fd swiper-slide\" role=\"group\" aria-roledescription=\"slide\"><div class=\"swiper-slide-bg\" role=\"img\" aria-label=\"suite-famiglia-hotel-pieve-aldina\"><\/div><div class=\"elementor-background-overlay\"><\/div><a class=\"swiper-slide-inner\" href=\"https:\/\/www.pieve-aldina.fontenille-collection.com\/it\/stanze\/suite-familiare-pieve-aldina\/\"><div class=\"swiper-slide-contents\"><div class=\"elementor-slide-heading\">Suite familiare<\/div><div  class=\"elementor-button elementor-slide-button elementor-size-sm\">Scoprire<\/div><\/div><\/a><\/div><div class=\"elementor-repeater-item-45450ce swiper-slide\" role=\"group\" aria-roledescription=\"slide\"><div class=\"swiper-slide-bg\" role=\"img\" aria-label=\"appartamento-hotel-pieve-aldina\"><\/div><div class=\"elementor-background-overlay\"><\/div><a class=\"swiper-slide-inner\" href=\"https:\/\/www.pieve-aldina.fontenille-collection.com\/it\/stanze\/appartamento-pieve-aldina\/\"><div class=\"swiper-slide-contents\"><div class=\"elementor-slide-heading\">Appartamento<\/div><div  class=\"elementor-button elementor-slide-button elementor-size-sm\">Clicca qui<\/div><\/div><\/a><\/div><div class=\"elementor-repeater-item-e955c62 swiper-slide\" role=\"group\" aria-roledescription=\"slide\"><div class=\"swiper-slide-bg\" role=\"img\" aria-label=\"junior-suite-hotel-pieve-aldina\"><\/div><div class=\"elementor-background-overlay\"><\/div><a class=\"swiper-slide-inner\" href=\"https:\/\/www.pieve-aldina.fontenille-collection.com\/it\/stanze\/pieve-aldina-junior-suite\/\"><div class=\"swiper-slide-contents\"><div class=\"elementor-slide-heading\">Junior Suite<\/div><div  class=\"elementor-button elementor-slide-button elementor-size-sm\">Scoprire<\/div><\/div><\/a><\/div><div class=\"elementor-repeater-item-f9b3c31 swiper-slide\" role=\"group\" aria-roledescription=\"slide\"><div class=\"swiper-slide-bg\" role=\"img\" aria-label=\"suite-lotf-firma-hotel-pieve-aldina\"><\/div><div class=\"elementor-background-overlay\"><\/div><a class=\"swiper-slide-inner\" href=\"https:\/\/www.pieve-aldina.fontenille-collection.com\/it\/stanze\/suite-pieve-aldina-signature-loft\/\"><div class=\"swiper-slide-contents\"><div class=\"elementor-slide-heading\">Suite Loft Signature<\/div><div  class=\"elementor-button elementor-slide-button elementor-size-sm\">Scoprire<\/div><\/div><\/a><\/div><div class=\"elementor-repeater-item-bde3f59 swiper-slide\" role=\"group\" aria-roledescription=\"slide\"><div class=\"swiper-slide-bg\" role=\"img\" aria-label=\"suite-hotel-pieve-aldina-toscana\"><\/div><a class=\"swiper-slide-inner\" href=\"https:\/\/www.pieve-aldina.fontenille-collection.com\/it\/stanze\/suite-pieve-aldina\/\"><div class=\"swiper-slide-contents\"><div class=\"elementor-slide-heading\">Suite<\/div><div  class=\"elementor-button elementor-slide-button elementor-size-sm\">Clicca qui<\/div><\/div><\/a><\/div><div class=\"elementor-repeater-item-f330dfd swiper-slide\" role=\"group\" aria-roledescription=\"slide\"><div class=\"swiper-slide-bg\" role=\"img\" aria-label=\"suite-firma-pieve-aldina\"><\/div><div class=\"elementor-background-overlay\"><\/div><a class=\"swiper-slide-inner\" href=\"https:\/\/www.pieve-aldina.fontenille-collection.com\/it\/stanze\/suite-signature-pieve-aldina-toscana\/\"><div class=\"swiper-slide-contents\"><div class=\"elementor-slide-heading\">Suite Signature<\/div><div  class=\"elementor-button elementor-slide-button elementor-size-sm\">Scoprire<\/div><\/div><\/a><\/div>\t\t\t\t<\/div>\n\t\t\t\t\t\t\t\t\t\t\t\t\t\t\t<div class=\"elementor-swiper-button elementor-swiper-button-prev\" role=\"button\" tabindex=\"0\" aria-label=\"Previous slide\" data-no-translation-aria-label=\"\">\n\t\t\t\t\t\t\t<svg aria-hidden=\"true\" class=\"e-font-icon-svg e-eicon-chevron-left\" viewbox=\"0 0 1000 1000\" xmlns=\"http:\/\/www.w3.org\/2000\/svg\"><path d=\"M646 125C629 125 613 133 604 142L308 442C296 454 292 471 292 487 292 504 296 521 308 533L604 854C617 867 629 875 646 875 663 875 679 871 692 858 704 846 713 829 713 812 713 796 708 779 692 767L438 487 692 225C700 217 708 204 708 187 708 171 704 154 692 142 675 129 663 125 646 125Z\"><\/path><\/svg>\t\t\t\t\t\t<\/div>\n\t\t\t\t\t\t<div class=\"elementor-swiper-button elementor-swiper-button-next\" role=\"button\" tabindex=\"0\" aria-label=\"Next slide\" data-no-translation-aria-label=\"\">\n\t\t\t\t\t\t\t<svg aria-hidden=\"true\" class=\"e-font-icon-svg e-eicon-chevron-right\" viewbox=\"0 0 1000 1000\" xmlns=\"http:\/\/www.w3.org\/2000\/svg\"><path d=\"M696 533C708 521 713 504 713 487 713 471 708 454 696 446L400 146C388 133 375 125 354 125 338 125 325 129 313 142 300 154 292 171 292 187 292 204 296 221 308 233L563 492 304 771C292 783 288 800 288 817 288 833 296 850 308 863 321 871 338 875 354 875 371 875 388 867 400 854L696 533Z\"><\/path><\/svg>\t\t\t\t\t\t<\/div>\n\t\t\t\t\t\t\t\t\t\t\t\t\t\t\t\t\t<\/div>\n\t\t\t\t<\/div>\n\t\t\t\t\t\t\t\t<\/div>\n\t\t\t\t<\/div>\n\t\t\t\t<\/div>\n\t\t\t\t<\/section>\n\t\t\t\t\t<\/div>\n\t\t\t\t<\/div>\n\t\t<section class=\"elementor-element elementor-element-12081826 e-con-full e-flex e-con e-child\" data-id=\"12081826\" data-element_type=\"container\" data-e-type=\"container\" data-settings=\"{&quot;background_background&quot;:&quot;classic&quot;}\">\n\t\t<div class=\"elementor-element elementor-element-2138887a e-con-full e-flex p-gutters e-con e-child\" data-id=\"2138887a\" data-element_type=\"container\" data-e-type=\"container\" data-settings=\"{&quot;background_background&quot;:&quot;classic&quot;}\">\n\t\t\t\t<div class=\"elementor-element elementor-element-4e652c35 elementor-widget elementor-widget-asli-widget-text-content\" data-id=\"4e652c35\" data-element_type=\"widget\" data-e-type=\"widget\" data-settings=\"{&quot;max_width&quot;:{&quot;unit&quot;:&quot;px&quot;,&quot;size&quot;:960,&quot;sizes&quot;:[]},&quot;max_width_tablet&quot;:{&quot;unit&quot;:&quot;%&quot;,&quot;size&quot;:100,&quot;sizes&quot;:[]},&quot;max_width_mobile&quot;:{&quot;unit&quot;:&quot;%&quot;,&quot;size&quot;:100,&quot;sizes&quot;:[]},&quot;text_content_stroke_width&quot;:{&quot;unit&quot;:&quot;%&quot;,&quot;size&quot;:110,&quot;sizes&quot;:[]},&quot;text_content_stroke_height&quot;:{&quot;unit&quot;:&quot;%&quot;,&quot;size&quot;:80,&quot;sizes&quot;:[]},&quot;text_content_stroke_rotation&quot;:{&quot;unit&quot;:&quot;deg&quot;,&quot;size&quot;:-5,&quot;sizes&quot;:[]}}\" data-widget_type=\"asli-widget-text-content.default\">\n\t\t\t\t<div class=\"elementor-widget-container\">\n\t\t\t\t\t\t\t<div class=\"text-center mx-auto content js-content\" data-arts-component-name=\"Content\">\n\t\t\t<h2 class=\"content__text typography-text-content\">Ristorante e gastronomia<\/h2>\n\t\t<\/div>\n\t\t\t\t\t\t<\/div>\n\t\t\t\t<\/div>\n\t\t\t\t<div class=\"elementor-element elementor-element-65982a98 elementor-widget-divider--view-line elementor-widget elementor-widget-divider\" data-id=\"65982a98\" data-element_type=\"widget\" data-e-type=\"widget\" data-widget_type=\"divider.default\">\n\t\t\t\t<div class=\"elementor-widget-container\">\n\t\t\t\t\t\t\t<div class=\"elementor-divider\">\n\t\t\t<span class=\"elementor-divider-separator\">\n\t\t\t\t\t\t<\/span>\n\t\t<\/div>\n\t\t\t\t\t\t<\/div>\n\t\t\t\t<\/div>\n\t\t\t\t<div class=\"elementor-element elementor-element-1c8580b6 elementor-widget elementor-widget-asli-widget-text-content\" data-id=\"1c8580b6\" data-element_type=\"widget\" data-e-type=\"widget\" data-settings=\"{&quot;max_width&quot;:{&quot;unit&quot;:&quot;px&quot;,&quot;size&quot;:700,&quot;sizes&quot;:[]},&quot;max_width_tablet&quot;:{&quot;unit&quot;:&quot;%&quot;,&quot;size&quot;:100,&quot;sizes&quot;:[]},&quot;max_width_mobile&quot;:{&quot;unit&quot;:&quot;%&quot;,&quot;size&quot;:100,&quot;sizes&quot;:[]},&quot;text_content_stroke_width&quot;:{&quot;unit&quot;:&quot;%&quot;,&quot;size&quot;:110,&quot;sizes&quot;:[]},&quot;text_content_stroke_height&quot;:{&quot;unit&quot;:&quot;%&quot;,&quot;size&quot;:80,&quot;sizes&quot;:[]},&quot;text_content_stroke_rotation&quot;:{&quot;unit&quot;:&quot;deg&quot;,&quot;size&quot;:-5,&quot;sizes&quot;:[]}}\" data-widget_type=\"asli-widget-text-content.default\">\n\t\t\t\t<div class=\"elementor-widget-container\">\n\t\t\t\t\t\t\t<div class=\"text-center mx-auto content js-content\" data-arts-component-name=\"Content\">\n\t\t\t<p class=\"content__text typography-text-content\">A Pieve Aldina la gastronomia \u00e8 un mix di autenticit\u00e0 ed eleganza. Il ristorante Le Rondini di Radda in Chianti e la sua terrazza sono aperti tutti i giorni (pranzo e cena) e sono aperti anche ai clienti esterni. <br> L'Enoteca vi accoglie per aperitivi ed esperienze culinarie coinvolgenti - corsi di cucina, degustazioni e abbinamenti enogastronomici - tutto l'anno.<\/p>\n\t\t<\/div>\n\t\t\t\t\t\t<\/div>\n\t\t\t\t<\/div>\n\t\t\t\t<div class=\"elementor-element elementor-element-31406d6 elementor-align-center elementor-widget elementor-widget-asli-widget-button\" data-id=\"31406d6\" data-element_type=\"widget\" data-e-type=\"widget\" data-settings=\"{&quot;cursor_hover_offset&quot;:{&quot;unit&quot;:&quot;px&quot;,&quot;size&quot;:0,&quot;sizes&quot;:[]},&quot;icon_indent&quot;:{&quot;unit&quot;:&quot;px&quot;,&quot;size&quot;:8,&quot;sizes&quot;:[]}}\" data-widget_type=\"asli-widget-button.regular\">\n\t\t\t\t<div class=\"elementor-widget-container\">\n\t\t\t\t\t\t\t<div class=\"d-inline-flex elementor-button-wrapper\">\n\t\t\t<a class=\"elementor-button button button_icon elementor-button-link elementor-size-md\" href=\"https:\/\/www.pieve-aldina.fontenille-collection.com\/it\/gastronomia-pieve-aldina\/\">\n\t\t\t\t\t\t<span class=\"button__label button__label-normal\">\n\t\t\t\t\t\t\t<span class=\"button__title elementor-button-text\">Per saperne di pi\u00f9<\/span>\n\t\t\t\t\t\t\t\t\t\t\t\t\t\t\t\t\t\t\t<\/span>\n\n\t\t<span class=\"button__label button__label-hover\">\n\t\t\t\t\t\t\t<span class=\"button__title elementor-button-text\">Scoprire<\/span>\n\t\t\t\t\t\t\t\t\t\t\t\t\t\t\t\t\t\t\t<\/span>\n\t\t\t\t\t<\/a>\n\t\t<\/div>\n\t\t\t\t\t\t<\/div>\n\t\t\t\t<\/div>\n\t\t\t\t<\/div>\n\t\t<div class=\"elementor-element elementor-element-6d00d316 e-con-full e-flex e-con e-child\" data-id=\"6d00d316\" data-element_type=\"container\" data-e-type=\"container\" data-settings=\"{&quot;background_background&quot;:&quot;classic&quot;}\">\n\t\t<div class=\"elementor-element elementor-element-19679734 e-con-full e-flex e-con e-child\" data-id=\"19679734\" data-element_type=\"container\" data-e-type=\"container\">\n\t\t\t\t<div class=\"elementor-element elementor-element-5b73816a elementor-widget__width-inherit elementor-widget elementor-widget-asli-widget-parallax-image\" data-id=\"5b73816a\" data-element_type=\"widget\" data-e-type=\"widget\" data-settings=\"{&quot;media_background_height&quot;:{&quot;unit&quot;:&quot;px&quot;,&quot;size&quot;:660,&quot;sizes&quot;:[]},&quot;media_background_height_tablet&quot;:{&quot;unit&quot;:&quot;vh&quot;,&quot;size&quot;:40,&quot;sizes&quot;:[]},&quot;media_background_height_mobile&quot;:{&quot;unit&quot;:&quot;vh&quot;,&quot;size&quot;:50,&quot;sizes&quot;:[]},&quot;media_background_position_x&quot;:{&quot;unit&quot;:&quot;%&quot;,&quot;size&quot;:50,&quot;sizes&quot;:[]},&quot;media_background_position_x_tablet&quot;:{&quot;unit&quot;:&quot;%&quot;,&quot;size&quot;:50,&quot;sizes&quot;:[]},&quot;media_background_position_x_mobile&quot;:{&quot;unit&quot;:&quot;%&quot;,&quot;size&quot;:50,&quot;sizes&quot;:[]},&quot;media_background_position_y&quot;:{&quot;unit&quot;:&quot;%&quot;,&quot;size&quot;:50,&quot;sizes&quot;:[]},&quot;media_background_position_y_tablet&quot;:{&quot;unit&quot;:&quot;%&quot;,&quot;size&quot;:50,&quot;sizes&quot;:[]},&quot;media_background_position_y_mobile&quot;:{&quot;unit&quot;:&quot;%&quot;,&quot;size&quot;:50,&quot;sizes&quot;:[]}}\" data-widget_type=\"asli-widget-parallax-image.default\">\n\t\t\t\t<div class=\"elementor-widget-container\">\n\t\t\t\t\t\t\t<div class=\"parallax js-parallax\" data-arts-component-name=\"Parallax\" data-arts-component-options=\"{&quot;inner&quot;:{&quot;factor&quot;:{&quot;x&quot;:0,&quot;y&quot;:0.12},&quot;translate&quot;:[],&quot;scale&quot;:[],&quot;rotate&quot;:false,&quot;velocity&quot;:false,&quot;matchMedia&quot;:&quot;(not((min-width: 320px) and (max-width: 767px))) or (not((min-width: 768px) and (max-width: 991px))) or (min-width: 992px)&quot;},&quot;outer&quot;:false}\" data-arts-os-animation=\"true\">\n\t\t\t<div class=\"image-wrapper media-wrapper overflow-hidden\">\n\t\t\t\t\t\t\t\t\t<div class=\"mask-wrapper w-100 overflow-hidden\" data-arts-os-animation-name=\"animatedMaskFromLeft\">\n\t\t\t\t\t\t\n\t<div class=\"w-100 h-100 overflow-hidden js-animated-mask-inner\">\n\t\t<img fetchpriority=\"high\" decoding=\"async\" class=\"lazy js-parallax__inner of-cover-absolute\" src=\"data:image\/svg+xml,%3Csvg%20xmlns=&amp;apos;http:\/\/www.w3.org\/2000\/svg&amp;apos;%20width=&amp;apos;100%25&amp;apos;%20height=&amp;apos;100%25&amp;apos;%3E%3C\/svg%3E\" data-src=\"https:\/\/www.pieve-aldina.fontenille-collection.com\/wp-content\/uploads\/2025\/07\/PIEVE_ALDINA_2025_63.jpg\" width=\"1024\" height=\"1024\" data-srcset=\"https:\/\/www.pieve-aldina.fontenille-collection.com\/wp-content\/uploads\/2025\/07\/PIEVE_ALDINA_2025_63.jpg 1024w, https:\/\/www.pieve-aldina.fontenille-collection.com\/wp-content\/uploads\/2025\/07\/PIEVE_ALDINA_2025_63-300x300.jpg 300w, https:\/\/www.pieve-aldina.fontenille-collection.com\/wp-content\/uploads\/2025\/07\/PIEVE_ALDINA_2025_63-150x150.jpg 150w, https:\/\/www.pieve-aldina.fontenille-collection.com\/wp-content\/uploads\/2025\/07\/PIEVE_ALDINA_2025_63-768x768.jpg 768w, https:\/\/www.pieve-aldina.fontenille-collection.com\/wp-content\/uploads\/2025\/07\/PIEVE_ALDINA_2025_63-12x12.jpg 12w\" data-sizes=\"(max-width: 1024px) 100vw, 1024px\" alt=\"Pasta al tartufo\">\n\t\t\t<noscript><img decoding=\"async\" class=\"lazy js-parallax__inner of-cover-absolute\" src=\"https:\/\/www.pieve-aldina.fontenille-collection.com\/wp-content\/uploads\/2025\/07\/PIEVE_ALDINA_2025_63.jpg\" width=\"1024\" height=\"1024\" alt=\"Pasta al tartufo\" srcset=\"https:\/\/www.pieve-aldina.fontenille-collection.com\/wp-content\/uploads\/2025\/07\/PIEVE_ALDINA_2025_63.jpg 1024w, https:\/\/www.pieve-aldina.fontenille-collection.com\/wp-content\/uploads\/2025\/07\/PIEVE_ALDINA_2025_63-300x300.jpg 300w, https:\/\/www.pieve-aldina.fontenille-collection.com\/wp-content\/uploads\/2025\/07\/PIEVE_ALDINA_2025_63-150x150.jpg 150w, https:\/\/www.pieve-aldina.fontenille-collection.com\/wp-content\/uploads\/2025\/07\/PIEVE_ALDINA_2025_63-768x768.jpg 768w, https:\/\/www.pieve-aldina.fontenille-collection.com\/wp-content\/uploads\/2025\/07\/PIEVE_ALDINA_2025_63-12x12.jpg 12w\" sizes=\"(max-width: 1024px) 100vw, 1024px\"><\/noscript>\n\t\t\t<\/div>\n\t\t\t\t\t\t<div class=\"section__overlay hover-zoom__overlay overlay\"><\/div>\n\t\t\t\t\t<\/div>\n\t\t\t\t\t\t\t\t\t\t\t<\/div>\n\t\t<\/div>\n\t\t\t\t\t\t<\/div>\n\t\t\t\t<\/div>\n\t\t\t\t<\/div>\n\t\t\t\t<\/div>\n\t\t\t\t<\/section>\n\t\t<div class=\"elementor-element elementor-element-750e81aa e-flex e-con-boxed pt-medium px-gutters-horizontal e-con e-parent\" data-id=\"750e81aa\" data-element_type=\"container\" data-e-type=\"container\" data-settings=\"{&quot;background_background&quot;:&quot;classic&quot;}\">\n\t\t\t\t\t<div class=\"e-con-inner\">\n\t\t<section class=\"elementor-element elementor-element-7b3de04a e-con-full e-flex e-con e-child\" data-id=\"7b3de04a\" data-element_type=\"container\" data-e-type=\"container\">\n\t\t<div class=\"elementor-element elementor-element-6bdc50c5 e-flex e-con-boxed e-con e-child\" data-id=\"6bdc50c5\" data-element_type=\"container\" data-e-type=\"container\">\n\t\t\t\t\t<div class=\"e-con-inner\">\n\t\t\t\t<div class=\"elementor-element elementor-element-22f641fe elementor-widget elementor-widget-asli-widget-text-content\" data-id=\"22f641fe\" data-element_type=\"widget\" data-e-type=\"widget\" data-settings=\"{&quot;max_width&quot;:{&quot;unit&quot;:&quot;px&quot;,&quot;size&quot;:1100,&quot;sizes&quot;:[]},&quot;max_width_tablet&quot;:{&quot;unit&quot;:&quot;%&quot;,&quot;size&quot;:100,&quot;sizes&quot;:[]},&quot;max_width_mobile&quot;:{&quot;unit&quot;:&quot;%&quot;,&quot;size&quot;:100,&quot;sizes&quot;:[]},&quot;text_content_stroke_width&quot;:{&quot;unit&quot;:&quot;%&quot;,&quot;size&quot;:110,&quot;sizes&quot;:[]},&quot;text_content_stroke_height&quot;:{&quot;unit&quot;:&quot;%&quot;,&quot;size&quot;:80,&quot;sizes&quot;:[]},&quot;text_content_stroke_rotation&quot;:{&quot;unit&quot;:&quot;deg&quot;,&quot;size&quot;:-5,&quot;sizes&quot;:[]}}\" data-widget_type=\"asli-widget-text-content.default\">\n\t\t\t\t<div class=\"elementor-widget-container\">\n\t\t\t\t\t\t\t<div class=\"text-start me-auto content js-content\" data-arts-split-text-preset=\"animatedChars\" data-arts-component-name=\"Content\" data-arts-os-animation=\"true\">\n\t\t\t<h3 class=\"content__text typography-text-content\">Spa e benessere <\/h3>\n\t\t<\/div>\n\t\t\t\t\t\t<\/div>\n\t\t\t\t<\/div>\n\t\t\t\t<div class=\"elementor-element elementor-element-5904807e elementor-widget elementor-widget-text-editor\" data-id=\"5904807e\" data-element_type=\"widget\" data-e-type=\"widget\" data-widget_type=\"text-editor.default\">\n\t\t\t\t<div class=\"elementor-widget-container\">\n\t\t\t\t\t\t\t\t\t<p>La spa di Pieve Aldina \u00e8 aperta tutti i giorni ed \u00e8 aperta anche agli ospiti esterni al resort, previa prenotazione. Situata nel cuore delle colline del Chianti, offre due sale massaggi, un hammam e una sauna a infrarossi, completati da una piscina sospesa tra cielo e viti. In collaborazione con Noo\u0101nce, l'esperto francese di trattamenti anti-et\u00e0, vengono proposti innovativi rituali per il viso, tra cui l'esperienza Relax &amp; Glow LED.<\/p>\t\t\t\t\t\t\t\t<\/div>\n\t\t\t\t<\/div>\n\t\t<div class=\"elementor-element elementor-element-56caba26 e-con-full e-flex e-con e-child\" data-id=\"56caba26\" data-element_type=\"container\" data-e-type=\"container\">\n\t\t\t\t<div class=\"elementor-element elementor-element-658791ce elementor-align-left elementor-tablet-align-center elementor-mobile-align-center elementor-widget elementor-widget-asli-widget-button\" data-id=\"658791ce\" data-element_type=\"widget\" data-e-type=\"widget\" data-settings=\"{&quot;cursor_hover_offset&quot;:{&quot;unit&quot;:&quot;px&quot;,&quot;size&quot;:0,&quot;sizes&quot;:[]},&quot;icon_indent&quot;:{&quot;unit&quot;:&quot;px&quot;,&quot;size&quot;:8,&quot;sizes&quot;:[]}}\" data-widget_type=\"asli-widget-button.regular\">\n\t\t\t\t<div class=\"elementor-widget-container\">\n\t\t\t\t\t\t\t<div class=\"d-inline-flex elementor-button-wrapper\">\n\t\t\t<a class=\"elementor-button button button_icon elementor-button-link elementor-size-md\" href=\"https:\/\/www.pieve-aldina.fontenille-collection.com\/it\/spa-e-benessere\/\">\n\t\t\t\t\t\t<span class=\"button__label button__label-normal\">\n\t\t\t\t\t\t\t<span class=\"button__title elementor-button-text\">Per saperne di pi\u00f9<\/span>\n\t\t\t\t\t\t\t\t\t\t\t\t\t\t\t\t\t\t\t<\/span>\n\n\t\t<span class=\"button__label button__label-hover\">\n\t\t\t\t\t\t\t<span class=\"button__title elementor-button-text\">Scoprire<\/span>\n\t\t\t\t\t\t\t\t\t\t\t\t\t\t\t\t\t\t\t<\/span>\n\t\t\t\t\t<\/a>\n\t\t<\/div>\n\t\t\t\t\t\t<\/div>\n\t\t\t\t<\/div>\n\t\t\t\t<\/div>\n\t\t\t\t\t<\/div>\n\t\t\t\t<\/div>\n\t\t<div class=\"elementor-element elementor-element-75718c0b e-con-full e-flex e-con e-child\" data-id=\"75718c0b\" data-element_type=\"container\" data-e-type=\"container\">\n\t\t\t\t<div class=\"elementor-element elementor-element-788a8e6b elementor-widget__width-inherit elementor-widget elementor-widget-asli-widget-parallax-image\" data-id=\"788a8e6b\" data-element_type=\"widget\" data-e-type=\"widget\" data-widget_type=\"asli-widget-parallax-image.default\">\n\t\t\t\t<div class=\"elementor-widget-container\">\n\t\t\t\t\t\t\t<div class=\"parallax js-parallax\" data-arts-component-name=\"Parallax\" data-arts-component-options=\"{&quot;inner&quot;:{&quot;factor&quot;:{&quot;x&quot;:0,&quot;y&quot;:0.12},&quot;translate&quot;:[],&quot;scale&quot;:[],&quot;rotate&quot;:false,&quot;velocity&quot;:false,&quot;matchMedia&quot;:&quot;(not((min-width: 320px) and (max-width: 767px))) or (not((min-width: 768px) and (max-width: 991px))) or (min-width: 992px)&quot;},&quot;outer&quot;:false}\" data-arts-os-animation=\"true\">\n\t\t\t<div class=\"image-wrapper media-wrapper overflow-hidden\">\n\t\t\t\t\t\t\t\t\t<div class=\"mask-wrapper w-100 overflow-hidden\" data-arts-os-animation-name=\"animatedMask\">\n\t\t\t\t\t\t\n\t<div class=\"w-100 h-100 overflow-hidden js-animated-mask-inner has-aspect-ratio\" style=\"--media-width:900; --media-height:900;\">\n\t\t<img loading=\"lazy\" decoding=\"async\" class=\"lazy js-parallax__inner of-contain\" src=\"data:image\/svg+xml,%3Csvg%20xmlns=&amp;apos;http:\/\/www.w3.org\/2000\/svg&amp;apos;%20width=&amp;apos;100%25&amp;apos;%20height=&amp;apos;100%25&amp;apos;%3E%3C\/svg%3E\" data-src=\"https:\/\/www.pieve-aldina.fontenille-collection.com\/wp-content\/uploads\/2025\/10\/Hotel-Pieve-aldina-piscine-et-vue-sur-le-jardin.webp\" width=\"900\" height=\"900\" data-srcset=\"https:\/\/www.pieve-aldina.fontenille-collection.com\/wp-content\/uploads\/2025\/10\/Hotel-Pieve-aldina-piscine-et-vue-sur-le-jardin.webp 900w, https:\/\/www.pieve-aldina.fontenille-collection.com\/wp-content\/uploads\/2025\/10\/Hotel-Pieve-aldina-piscine-et-vue-sur-le-jardin-300x300.webp 300w, https:\/\/www.pieve-aldina.fontenille-collection.com\/wp-content\/uploads\/2025\/10\/Hotel-Pieve-aldina-piscine-et-vue-sur-le-jardin-150x150.webp 150w, https:\/\/www.pieve-aldina.fontenille-collection.com\/wp-content\/uploads\/2025\/10\/Hotel-Pieve-aldina-piscine-et-vue-sur-le-jardin-768x768.webp 768w, https:\/\/www.pieve-aldina.fontenille-collection.com\/wp-content\/uploads\/2025\/10\/Hotel-Pieve-aldina-piscine-et-vue-sur-le-jardin-12x12.webp 12w\" data-sizes=\"(max-width: 900px) 100vw, 900px\" alt=\"Rilassarsi in piscina a Pieve Aldina\">\n\t\t\t<noscript><img loading=\"lazy\" decoding=\"async\" class=\"lazy js-parallax__inner of-contain\" src=\"https:\/\/www.pieve-aldina.fontenille-collection.com\/wp-content\/uploads\/2025\/10\/Hotel-Pieve-aldina-piscine-et-vue-sur-le-jardin.webp\" width=\"900\" height=\"900\" alt=\"Rilassarsi in piscina a Pieve Aldina\" srcset=\"https:\/\/www.pieve-aldina.fontenille-collection.com\/wp-content\/uploads\/2025\/10\/Hotel-Pieve-aldina-piscine-et-vue-sur-le-jardin.webp 900w, https:\/\/www.pieve-aldina.fontenille-collection.com\/wp-content\/uploads\/2025\/10\/Hotel-Pieve-aldina-piscine-et-vue-sur-le-jardin-300x300.webp 300w, https:\/\/www.pieve-aldina.fontenille-collection.com\/wp-content\/uploads\/2025\/10\/Hotel-Pieve-aldina-piscine-et-vue-sur-le-jardin-150x150.webp 150w, https:\/\/www.pieve-aldina.fontenille-collection.com\/wp-content\/uploads\/2025\/10\/Hotel-Pieve-aldina-piscine-et-vue-sur-le-jardin-768x768.webp 768w, https:\/\/www.pieve-aldina.fontenille-collection.com\/wp-content\/uploads\/2025\/10\/Hotel-Pieve-aldina-piscine-et-vue-sur-le-jardin-12x12.webp 12w\" sizes=\"(max-width: 900px) 100vw, 900px\"><\/noscript>\n\t\t\t<\/div>\n\t\t\t\t\t\t<div class=\"section__overlay hover-zoom__overlay overlay\"><\/div>\n\t\t\t\t\t<\/div>\n\t\t\t\t\t\t\t\t\t\t\t<\/div>\n\t\t<\/div>\n\t\t\t\t\t\t<\/div>\n\t\t\t\t<\/div>\n\t\t\t\t<\/div>\n\t\t\t\t<\/section>\n\t\t\t\t\t<\/div>\n\t\t\t\t<\/div>\n\t\t<div class=\"elementor-element elementor-element-92fd1dd e-flex e-con-boxed pt-medium pb-medium px-gutters-horizontal e-con e-parent\" data-id=\"92fd1dd\" data-element_type=\"container\" data-e-type=\"container\" data-settings=\"{&quot;background_background&quot;:&quot;gradient&quot;}\">\n\t\t\t\t\t<div class=\"e-con-inner\">\n\t\t<section class=\"elementor-element elementor-element-2c235feb e-con-full e-flex e-con e-child\" data-id=\"2c235feb\" data-element_type=\"container\" data-e-type=\"container\">\n\t\t<div class=\"elementor-element elementor-element-408e4520 e-flex e-con-boxed e-con e-child\" data-id=\"408e4520\" data-element_type=\"container\" data-e-type=\"container\">\n\t\t\t\t\t<div class=\"e-con-inner\">\n\t\t\t\t<div class=\"elementor-element elementor-element-3d31ba42 elementor-widget elementor-widget-asli-widget-text-content\" data-id=\"3d31ba42\" data-element_type=\"widget\" data-e-type=\"widget\" data-settings=\"{&quot;max_width&quot;:{&quot;unit&quot;:&quot;px&quot;,&quot;size&quot;:1100,&quot;sizes&quot;:[]},&quot;max_width_tablet&quot;:{&quot;unit&quot;:&quot;%&quot;,&quot;size&quot;:100,&quot;sizes&quot;:[]},&quot;max_width_mobile&quot;:{&quot;unit&quot;:&quot;%&quot;,&quot;size&quot;:100,&quot;sizes&quot;:[]},&quot;text_content_stroke_width&quot;:{&quot;unit&quot;:&quot;%&quot;,&quot;size&quot;:110,&quot;sizes&quot;:[]},&quot;text_content_stroke_height&quot;:{&quot;unit&quot;:&quot;%&quot;,&quot;size&quot;:80,&quot;sizes&quot;:[]},&quot;text_content_stroke_rotation&quot;:{&quot;unit&quot;:&quot;deg&quot;,&quot;size&quot;:-5,&quot;sizes&quot;:[]}}\" data-widget_type=\"asli-widget-text-content.default\">\n\t\t\t\t<div class=\"elementor-widget-container\">\n\t\t\t\t\t\t\t<div class=\"text-start me-auto content js-content\" data-arts-split-text-preset=\"animatedChars\" data-arts-component-name=\"Content\" data-arts-os-animation=\"true\">\n\t\t\t<h3 class=\"content__text typography-text-content\">Privatizzare<\/h3>\n\t\t<\/div>\n\t\t\t\t\t\t<\/div>\n\t\t\t\t<\/div>\n\t\t\t\t<div class=\"elementor-element elementor-element-7da74ae8 elementor-widget elementor-widget-text-editor\" data-id=\"7da74ae8\" data-element_type=\"widget\" data-e-type=\"widget\" data-widget_type=\"text-editor.default\">\n\t\t\t\t<div class=\"elementor-widget-container\">\n\t\t\t\t\t\t\t\t\t<p>Immersa nel cuore delle colline del Chianti tra Firenze e Siena, Pieve Aldina offre un ambiente unico per i vostri eventi privati o aziendali. Matrimoni, seminari, ritiri benessere o celebrazioni intime: la nostra tenuta toscana combina patrimonio storico, giardini di ulivi ed elegante ospitalit\u00e0. I nostri spazi interni ed esterni possono essere resi privati su richiesta, per creare momenti indimenticabili in Toscana.<\/p>\t\t\t\t\t\t\t\t<\/div>\n\t\t\t\t<\/div>\n\t\t<div class=\"elementor-element elementor-element-7b2ec2ce e-con-full e-flex e-con e-child\" data-id=\"7b2ec2ce\" data-element_type=\"container\" data-e-type=\"container\">\n\t\t\t\t<div class=\"elementor-element elementor-element-5d50f033 elementor-align-left elementor-tablet-align-center elementor-mobile-align-center elementor-widget elementor-widget-asli-widget-button\" data-id=\"5d50f033\" data-element_type=\"widget\" data-e-type=\"widget\" data-settings=\"{&quot;cursor_hover_offset&quot;:{&quot;unit&quot;:&quot;px&quot;,&quot;size&quot;:0,&quot;sizes&quot;:[]},&quot;icon_indent&quot;:{&quot;unit&quot;:&quot;px&quot;,&quot;size&quot;:8,&quot;sizes&quot;:[]}}\" data-widget_type=\"asli-widget-button.regular\">\n\t\t\t\t<div class=\"elementor-widget-container\">\n\t\t\t\t\t\t\t<div class=\"d-inline-flex elementor-button-wrapper\">\n\t\t\t<a class=\"elementor-button button button_icon elementor-button-link elementor-size-md\" href=\"https:\/\/www.pieve-aldina.fontenille-collection.com\/it\/privatizzazioni-di-matrimonio-in-toscana\/\">\n\t\t\t\t\t\t<span class=\"button__label button__label-normal\">\n\t\t\t\t\t\t\t<span class=\"button__title elementor-button-text\">Per saperne di pi\u00f9<\/span>\n\t\t\t\t\t\t\t\t\t\t\t\t\t\t\t\t\t\t\t<\/span>\n\n\t\t<span class=\"button__label button__label-hover\">\n\t\t\t\t\t\t\t<span class=\"button__title elementor-button-text\">Scoprire<\/span>\n\t\t\t\t\t\t\t\t\t\t\t\t\t\t\t\t\t\t\t<\/span>\n\t\t\t\t\t<\/a>\n\t\t<\/div>\n\t\t\t\t\t\t<\/div>\n\t\t\t\t<\/div>\n\t\t\t\t<div class=\"elementor-element elementor-element-04d948e elementor-align-left elementor-tablet-align-center elementor-mobile-align-center elementor-widget elementor-widget-asli-widget-button\" data-id=\"04d948e\" data-element_type=\"widget\" data-e-type=\"widget\" data-settings=\"{&quot;cursor_hover_offset&quot;:{&quot;unit&quot;:&quot;px&quot;,&quot;size&quot;:0,&quot;sizes&quot;:[]},&quot;icon_indent&quot;:{&quot;unit&quot;:&quot;px&quot;,&quot;size&quot;:8,&quot;sizes&quot;:[]}}\" data-widget_type=\"asli-widget-button.regular\">\n\t\t\t\t<div class=\"elementor-widget-container\">\n\t\t\t\t\t\t\t<div class=\"d-inline-flex elementor-button-wrapper\">\n\t\t\t<a class=\"elementor-button button button_icon elementor-button-link elementor-size-md\" href=\"mailto:sales@pievealdina.com\">\n\t\t\t\t\t\t<span class=\"button__label button__label-normal\">\n\t\t\t\t\t\t\t<span class=\"button__title elementor-button-text\">Contattateci<\/span>\n\t\t\t\t\t\t\t\t\t\t\t\t\t\t\t\t\t\t\t<\/span>\n\n\t\t<span class=\"button__label button__label-hover\">\n\t\t\t\t\t\t\t<span class=\"button__title elementor-button-text\">Contattateci<\/span>\n\t\t\t\t\t\t\t\t\t\t\t\t\t\t\t\t\t\t\t<\/span>\n\t\t\t\t\t<\/a>\n\t\t<\/div>\n\t\t\t\t\t\t<\/div>\n\t\t\t\t<\/div>\n\t\t\t\t<\/div>\n\t\t\t\t\t<\/div>\n\t\t\t\t<\/div>\n\t\t<div class=\"elementor-element elementor-element-28fddc09 e-con-full e-flex e-con e-child\" data-id=\"28fddc09\" data-element_type=\"container\" data-e-type=\"container\">\n\t\t\t\t<div class=\"elementor-element elementor-element-1fd2f5f elementor-widget__width-inherit elementor-widget elementor-widget-asli-widget-parallax-image\" data-id=\"1fd2f5f\" data-element_type=\"widget\" data-e-type=\"widget\" data-widget_type=\"asli-widget-parallax-image.default\">\n\t\t\t\t<div class=\"elementor-widget-container\">\n\t\t\t\t\t\t\t<div class=\"parallax js-parallax\" data-arts-component-name=\"Parallax\" data-arts-component-options=\"{&quot;inner&quot;:{&quot;factor&quot;:{&quot;x&quot;:0,&quot;y&quot;:0.12},&quot;translate&quot;:[],&quot;scale&quot;:[],&quot;rotate&quot;:false,&quot;velocity&quot;:false,&quot;matchMedia&quot;:&quot;(not((min-width: 320px) and (max-width: 767px))) or (not((min-width: 768px) and (max-width: 991px))) or (min-width: 992px)&quot;},&quot;outer&quot;:false}\" data-arts-os-animation=\"true\">\n\t\t\t<div class=\"image-wrapper media-wrapper overflow-hidden\">\n\t\t\t\t\t\t\t\t\t<div class=\"mask-wrapper w-100 overflow-hidden\" data-arts-os-animation-name=\"animatedMask\">\n\t\t\t\t\t\t\n\t<div class=\"w-100 h-100 overflow-hidden js-animated-mask-inner has-aspect-ratio\" style=\"--media-width:1080; --media-height:1080;\">\n\t\t<img loading=\"lazy\" decoding=\"async\" class=\"lazy js-parallax__inner of-contain\" src=\"data:image\/svg+xml,%3Csvg%20xmlns=&amp;apos;http:\/\/www.w3.org\/2000\/svg&amp;apos;%20width=&amp;apos;100%25&amp;apos;%20height=&amp;apos;100%25&amp;apos;%3E%3C\/svg%3E\" data-src=\"https:\/\/www.pieve-aldina.fontenille-collection.com\/wp-content\/uploads\/2025\/10\/Hotel-Pieve-aldina-pergola-exterieur.webp\" width=\"1080\" height=\"1080\" data-srcset=\"https:\/\/www.pieve-aldina.fontenille-collection.com\/wp-content\/uploads\/2025\/10\/Hotel-Pieve-aldina-pergola-exterieur.webp 1080w, https:\/\/www.pieve-aldina.fontenille-collection.com\/wp-content\/uploads\/2025\/10\/Hotel-Pieve-aldina-pergola-exterieur-300x300.webp 300w, https:\/\/www.pieve-aldina.fontenille-collection.com\/wp-content\/uploads\/2025\/10\/Hotel-Pieve-aldina-pergola-exterieur-1024x1024.webp 1024w, https:\/\/www.pieve-aldina.fontenille-collection.com\/wp-content\/uploads\/2025\/10\/Hotel-Pieve-aldina-pergola-exterieur-150x150.webp 150w, https:\/\/www.pieve-aldina.fontenille-collection.com\/wp-content\/uploads\/2025\/10\/Hotel-Pieve-aldina-pergola-exterieur-768x768.webp 768w, https:\/\/www.pieve-aldina.fontenille-collection.com\/wp-content\/uploads\/2025\/10\/Hotel-Pieve-aldina-pergola-exterieur-12x12.webp 12w\" data-sizes=\"(max-width: 1080px) 100vw, 1080px\" alt=\"Pergola di Pieve Aldina\">\n\t\t\t<noscript><img loading=\"lazy\" decoding=\"async\" class=\"lazy js-parallax__inner of-contain\" src=\"https:\/\/www.pieve-aldina.fontenille-collection.com\/wp-content\/uploads\/2025\/10\/Hotel-Pieve-aldina-pergola-exterieur.webp\" width=\"1080\" height=\"1080\" alt=\"Pergola di Pieve Aldina\" srcset=\"https:\/\/www.pieve-aldina.fontenille-collection.com\/wp-content\/uploads\/2025\/10\/Hotel-Pieve-aldina-pergola-exterieur.webp 1080w, https:\/\/www.pieve-aldina.fontenille-collection.com\/wp-content\/uploads\/2025\/10\/Hotel-Pieve-aldina-pergola-exterieur-300x300.webp 300w, https:\/\/www.pieve-aldina.fontenille-collection.com\/wp-content\/uploads\/2025\/10\/Hotel-Pieve-aldina-pergola-exterieur-1024x1024.webp 1024w, https:\/\/www.pieve-aldina.fontenille-collection.com\/wp-content\/uploads\/2025\/10\/Hotel-Pieve-aldina-pergola-exterieur-150x150.webp 150w, https:\/\/www.pieve-aldina.fontenille-collection.com\/wp-content\/uploads\/2025\/10\/Hotel-Pieve-aldina-pergola-exterieur-768x768.webp 768w, https:\/\/www.pieve-aldina.fontenille-collection.com\/wp-content\/uploads\/2025\/10\/Hotel-Pieve-aldina-pergola-exterieur-12x12.webp 12w\" sizes=\"(max-width: 1080px) 100vw, 1080px\"><\/noscript>\n\t\t\t<\/div>\n\t\t\t\t\t\t<div class=\"section__overlay hover-zoom__overlay overlay\"><\/div>\n\t\t\t\t\t<\/div>\n\t\t\t\t\t\t\t\t\t\t\t<\/div>\n\t\t<\/div>\n\t\t\t\t\t\t<\/div>\n\t\t\t\t<\/div>\n\t\t\t\t<\/div>\n\t\t\t\t<\/section>\n\t\t\t\t\t<\/div>\n\t\t\t\t<\/div>\n\t\t<section class=\"elementor-element elementor-element-7630aefe e-flex e-con-boxed px-gutters-horizontal e-con e-parent\" data-id=\"7630aefe\" data-element_type=\"container\" data-e-type=\"container\" data-settings=\"{&quot;background_background&quot;:&quot;classic&quot;}\">\n\t\t\t\t\t<div class=\"e-con-inner\">\n\t\t\t\t<div class=\"elementor-element elementor-element-3fcfe421 elementor-widget-divider--view-line elementor-invisible elementor-widget elementor-widget-divider\" data-id=\"3fcfe421\" data-element_type=\"widget\" data-e-type=\"widget\" data-settings=\"{&quot;_animation&quot;:&quot;fadeIn&quot;,&quot;_animation_delay&quot;:500}\" data-widget_type=\"divider.default\">\n\t\t\t\t<div class=\"elementor-widget-container\">\n\t\t\t\t\t\t\t<div class=\"elementor-divider\">\n\t\t\t<span class=\"elementor-divider-separator\">\n\t\t\t\t\t\t<\/span>\n\t\t<\/div>\n\t\t\t\t\t\t<\/div>\n\t\t\t\t<\/div>\n\t\t\t\t\t<\/div>\n\t\t\t\t<\/section>\n\t\t<div class=\"elementor-element elementor-element-236ed65f e-con-full e-flex pt-medium pb-small e-con e-parent\" data-id=\"236ed65f\" data-element_type=\"container\" data-e-type=\"container\" data-settings=\"{&quot;background_background&quot;:&quot;classic&quot;}\">\n\t\t<div class=\"elementor-element elementor-element-3003af53 e-con-full e-flex px-gutters-horizontal e-con e-child\" data-id=\"3003af53\" data-element_type=\"container\" data-e-type=\"container\">\n\t\t\t\t<div class=\"elementor-element elementor-element-446433d4 elementor-widget elementor-widget-asli-widget-text-content\" data-id=\"446433d4\" data-element_type=\"widget\" data-e-type=\"widget\" data-settings=\"{&quot;max_width&quot;:{&quot;unit&quot;:&quot;px&quot;,&quot;size&quot;:900,&quot;sizes&quot;:[]},&quot;max_width_tablet&quot;:{&quot;unit&quot;:&quot;%&quot;,&quot;size&quot;:100,&quot;sizes&quot;:[]},&quot;max_width_mobile&quot;:{&quot;unit&quot;:&quot;%&quot;,&quot;size&quot;:100,&quot;sizes&quot;:[]},&quot;text_content_stroke_width&quot;:{&quot;unit&quot;:&quot;%&quot;,&quot;size&quot;:110,&quot;sizes&quot;:[]},&quot;text_content_stroke_height&quot;:{&quot;unit&quot;:&quot;%&quot;,&quot;size&quot;:80,&quot;sizes&quot;:[]},&quot;text_content_stroke_rotation&quot;:{&quot;unit&quot;:&quot;deg&quot;,&quot;size&quot;:-5,&quot;sizes&quot;:[]}}\" data-widget_type=\"asli-widget-text-content.default\">\n\t\t\t\t<div class=\"elementor-widget-container\">\n\t\t\t\t\t\t\t<div class=\"text-center mx-auto content js-content\" data-arts-component-name=\"Content\">\n\t\t\t<p class=\"content__text typography-text-content\">Siete alla ricerca di una carriera stimolante in una Collezione che reinventa i codici tradizionali degli hotel di lusso? \n<\/p>\n\t\t<\/div>\n\t\t\t\t\t\t<\/div>\n\t\t\t\t<\/div>\n\t\t\t\t<\/div>\n\t\t\t\t<div class=\"elementor-element elementor-element-42f44fd8 elementor-widget elementor-widget-asli-widget-crossing-lanes\" data-id=\"42f44fd8\" data-element_type=\"widget\" data-e-type=\"widget\" data-settings=\"{&quot;lanes_rotation&quot;:{&quot;unit&quot;:&quot;deg&quot;,&quot;size&quot;:4,&quot;sizes&quot;:[]},&quot;background_lane_1&quot;:&quot;#ffffff&quot;,&quot;background_lane_2&quot;:&quot;#ffffff&quot;}\" data-widget_type=\"asli-widget-crossing-lanes.default\">\n\t\t\t\t<div class=\"elementor-widget-container\">\n\t\t\t\t\t\t\t<div class=\"marquee-crossing-lanes marquee-header js-marquee-header\" data-arts-component-name=\"MarqueeHeader\" data-arts-component-options=\"{&quot;marquee&quot;:true,&quot;enabled&quot;:true,&quot;delimiter&quot;:&quot;&nbsp;&nbsp;\\u00b7 &nbsp;&nbsp;&quot;,&quot;speed&quot;:0.5,&quot;onHoverSpeed&quot;:0.1,&quot;onScrollSpeed&quot;:false,&quot;onScrollInverseDirection&quot;:false}\" data-arts-os-animation=\"true\">\n\t\t\t<div class=\"marquee-header__inner marquee-crossing-lanes__inner js-marquee-header__wrapper\" data-arts-os-animation-name=\"animatedFade\">\n\t\t\t\t\t\t<div class=\"marquee-header__lane pt-lg-4 pb-lg-3 pt-3 pb-2 marquee-crossing-lanes__lane marquee-crossing-lanes__lane_1 js-marquee-header__list-lane\" data-arts-infinite-list-options=\"{inverse: true}\">\n\t\t\t<div class=\"marquee-header__item d-inline-block js-marquee-header__list-item\">\n\t\t\t\t\t\t\t\t\t<h2 class=\"my-0 typography-heading_lane_1 js-marquee-header__label\">Unisciti a noi\t\t\t<\/h2>\t\t\t\t   \t\t\t<\/div>\n\t\t<\/div>\n\t\t\t\t\t\t\t\t<div class=\"marquee-header__lane pt-lg-4 pb-lg-3 pt-3 pb-2 marquee-crossing-lanes__lane marquee-crossing-lanes__lane_2 js-marquee-header__list-lane\">\n\t\t\t<div class=\"marquee-header__item d-inline-block js-marquee-header__list-item\">\n\t\t\t\t\t\t\t\t\t<div class=\"my-0 typography-heading_lane_2 js-marquee-header__label\">Unisciti a noi\t\t\t<\/div>\t\t\t\t   \t\t\t<\/div>\n\t\t<\/div>\n\t\t\t\t\t<\/div>\n\t\t\t\t\t<\/div>\n\t\t\t\t\t\t<\/div>\n\t\t\t\t<\/div>\n\t\t\t\t<div class=\"elementor-element elementor-element-3abf8b02 elementor-align-center elementor-widget elementor-widget-asli-widget-button\" data-id=\"3abf8b02\" data-element_type=\"widget\" data-e-type=\"widget\" data-settings=\"{&quot;cursor_hover_offset&quot;:{&quot;unit&quot;:&quot;px&quot;,&quot;size&quot;:0,&quot;sizes&quot;:[]},&quot;icon_indent&quot;:{&quot;unit&quot;:&quot;px&quot;,&quot;size&quot;:15,&quot;sizes&quot;:[]}}\" data-widget_type=\"asli-widget-button.regular\">\n\t\t\t\t<div class=\"elementor-widget-container\">\n\t\t\t\t\t\t\t<div class=\"d-inline-flex elementor-button-wrapper\">\n\t\t\t<a class=\"elementor-button button button_icon elementor-button-link elementor-size-md\" href=\"https:\/\/fontenille-collection.com\/\">\n\t\t\t\t\t\t<span class=\"button__label button__label-normal\">\n\t\t\t\t\t\t\t<span class=\"button__title elementor-button-text\">Scoprire la collezione Fontenille<\/span>\n\t\t\t\t\t\t\t\t\t\t\t\t\t\t\t\t\t\t\t<\/span>\n\n\t\t<span class=\"button__label button__label-hover\">\n\t\t\t\t\t\t\t<span class=\"button__title elementor-button-text\">Per saperne di pi\u00f9<\/span>\n\t\t\t\t\t\t\t\t\t\t\t\t\t\t\t\t\t\t\t<\/span>\n\t\t\t\t\t<\/a>\n\t\t<\/div>\n\t\t\t\t\t\t<\/div>\n\t\t\t\t<\/div>\n\t\t\t\t<div class=\"elementor-element elementor-element-5529d6b elementor-align-center elementor-widget elementor-widget-asli-widget-button\" data-id=\"5529d6b\" data-element_type=\"widget\" data-e-type=\"widget\" data-settings=\"{&quot;cursor_hover_offset&quot;:{&quot;unit&quot;:&quot;px&quot;,&quot;size&quot;:0,&quot;sizes&quot;:[]},&quot;icon_indent&quot;:{&quot;unit&quot;:&quot;px&quot;,&quot;size&quot;:15,&quot;sizes&quot;:[]}}\" data-widget_type=\"asli-widget-button.regular\">\n\t\t\t\t<div class=\"elementor-widget-container\">\n\t\t\t\t\t\t\t<div class=\"d-inline-flex elementor-button-wrapper\">\n\t\t\t<a class=\"elementor-button button button_icon elementor-button-link elementor-size-md\" href=\"https:\/\/careers.werecruit.io\/fr\/les-domaines-de-fontenille\">\n\t\t\t\t\t\t<span class=\"button__label button__label-normal\">\n\t\t\t\t\t\t\t<span class=\"button__title elementor-button-text\">Vedi le nostre offerte<\/span>\n\t\t\t\t\t\t\t\t\t\t\t\t\t\t\t\t\t\t\t<\/span>\n\n\t\t<span class=\"button__label button__label-hover\">\n\t\t\t\t\t\t\t<span class=\"button__title elementor-button-text\">Vedi le nostre offerte<\/span>\n\t\t\t\t\t\t\t\t\t\t\t\t\t\t\t\t\t\t\t<\/span>\n\t\t\t\t\t<\/a>\n\t\t<\/div>\n\t\t\t\t\t\t<\/div>\n\t\t\t\t<\/div>\n\t\t\t\t<\/div>\n\t\t\t\t<\/div>","protected":false},"excerpt":{"rendered":"<p>Votre escapade \u00e0 Pieve Aldina D\u00e9couvrez ici tout ce qu\u2019il faut savoir pour profiter pleinement de votre s\u00e9jour \u00e0 Pieve Aldina Vacances en Toscane Au c\u0153ur des collines du Chianti, entre vignobles &amp; oliveraies, Pieve Aldina est une maison de charme en Toscane o\u00f9 le luxe discret se vit dans l\u2019esprit italien : nature omnipr\u00e9sente, [&hellip;]<\/p>\n","protected":false},"author":2,"featured_media":0,"parent":0,"menu_order":0,"comment_status":"closed","ping_status":"closed","template":"","meta":{"_acf_changed":false,"footnotes":""},"class_list":["post-27477","page","type-page","status-publish","hentry"],"acf":[],"yoast_head":"<!-- This site is optimized with the Yoast SEO plugin v27.5 - https:\/\/yoast.com\/product\/yoast-seo-wordpress\/ -->\n<title>Infos pratiques | H\u00f4tel Pieve Aldina en Toscane \u2013 Chianti<\/title>\n<meta name=\"description\" content=\"Toutes les informations pratiques du Relais &amp; Ch\u00e2teaux Pieve Aldina au c\u0153ur du Chianti : acc\u00e8s &amp; services pour votre s\u00e9jour en Toscane.\" \/>\n<meta name=\"robots\" content=\"index, follow, max-snippet:-1, max-image-preview:large, max-video-preview:-1\" \/>\n<link rel=\"canonical\" href=\"https:\/\/www.pieve-aldina.fontenille-collection.com\/it\/informazioni-pratiche\/\" \/>\n<meta property=\"og:locale\" content=\"it_IT\" \/>\n<meta property=\"og:type\" content=\"article\" \/>\n<meta property=\"og:title\" content=\"Infos pratiques | H\u00f4tel Pieve Aldina en Toscane \u2013 Chianti\" \/>\n<meta property=\"og:description\" content=\"Toutes les informations pratiques du Relais &amp; Ch\u00e2teaux Pieve Aldina au c\u0153ur du Chianti : acc\u00e8s &amp; services pour votre s\u00e9jour en Toscane.\" \/>\n<meta property=\"og:url\" content=\"https:\/\/www.pieve-aldina.fontenille-collection.com\/it\/informazioni-pratiche\/\" \/>\n<meta property=\"og:site_name\" content=\"Pieve Aldina | H\u00f4tel, Restaurant, Spa &amp; Jardins en Toscane\" \/>\n<meta property=\"article:modified_time\" content=\"2025-10-16T14:46:49+00:00\" \/>\n<meta property=\"og:image\" content=\"https:\/\/www.pieve-aldina.fontenille-collection.com\/wp-content\/uploads\/2023\/05\/Pieve-Aldina-Icone-Big.png\" \/>\n\t<meta property=\"og:image:width\" content=\"517\" \/>\n\t<meta property=\"og:image:height\" content=\"648\" \/>\n\t<meta property=\"og:image:type\" content=\"image\/png\" \/>\n<meta name=\"twitter:card\" content=\"summary_large_image\" \/>\n<meta name=\"twitter:label1\" content=\"Tempo di lettura stimato\" \/>\n\t<meta name=\"twitter:data1\" content=\"5 minuti\" \/>\n<script type=\"application\/ld+json\" class=\"yoast-schema-graph\">{\"@context\":\"https:\\\/\\\/schema.org\",\"@graph\":[{\"@type\":\"WebPage\",\"@id\":\"https:\\\/\\\/www.pieve-aldina.fontenille-collection.com\\\/infos-pratiques\\\/\",\"url\":\"https:\\\/\\\/www.pieve-aldina.fontenille-collection.com\\\/infos-pratiques\\\/\",\"name\":\"Infos pratiques | H\u00f4tel Pieve Aldina en Toscane \u2013 Chianti\",\"isPartOf\":{\"@id\":\"https:\\\/\\\/www.pieve-aldina.fontenille-collection.com\\\/#website\"},\"primaryImageOfPage\":{\"@id\":\"https:\\\/\\\/www.pieve-aldina.fontenille-collection.com\\\/infos-pratiques\\\/#primaryimage\"},\"image\":{\"@id\":\"https:\\\/\\\/www.pieve-aldina.fontenille-collection.com\\\/infos-pratiques\\\/#primaryimage\"},\"thumbnailUrl\":\"https:\\\/\\\/www.pieve-aldina.fontenille-collection.com\\\/wp-content\\\/uploads\\\/2023\\\/05\\\/Pieve-Aldina-Icone-Big-150x150.png\",\"datePublished\":\"2025-07-31T15:34:11+00:00\",\"dateModified\":\"2025-10-16T14:46:49+00:00\",\"description\":\"Toutes les informations pratiques du Relais & Ch\u00e2teaux Pieve Aldina au c\u0153ur du Chianti : acc\u00e8s & services pour votre s\u00e9jour en Toscane.\",\"breadcrumb\":{\"@id\":\"https:\\\/\\\/www.pieve-aldina.fontenille-collection.com\\\/infos-pratiques\\\/#breadcrumb\"},\"inLanguage\":\"it-IT\",\"potentialAction\":[{\"@type\":\"ReadAction\",\"target\":[\"https:\\\/\\\/www.pieve-aldina.fontenille-collection.com\\\/infos-pratiques\\\/\"]}]},{\"@type\":\"ImageObject\",\"inLanguage\":\"it-IT\",\"@id\":\"https:\\\/\\\/www.pieve-aldina.fontenille-collection.com\\\/infos-pratiques\\\/#primaryimage\",\"url\":\"https:\\\/\\\/www.pieve-aldina.fontenille-collection.com\\\/wp-content\\\/uploads\\\/2023\\\/05\\\/Pieve-Aldina-Icone-Big-150x150.png\",\"contentUrl\":\"https:\\\/\\\/www.pieve-aldina.fontenille-collection.com\\\/wp-content\\\/uploads\\\/2023\\\/05\\\/Pieve-Aldina-Icone-Big-150x150.png\"},{\"@type\":\"BreadcrumbList\",\"@id\":\"https:\\\/\\\/www.pieve-aldina.fontenille-collection.com\\\/infos-pratiques\\\/#breadcrumb\",\"itemListElement\":[{\"@type\":\"ListItem\",\"position\":1,\"name\":\"Accueil\",\"item\":\"https:\\\/\\\/www.pieve-aldina.fontenille-collection.com\\\/\"},{\"@type\":\"ListItem\",\"position\":2,\"name\":\"Infos Pratiques\"}]},{\"@type\":\"WebSite\",\"@id\":\"https:\\\/\\\/www.pieve-aldina.fontenille-collection.com\\\/#website\",\"url\":\"https:\\\/\\\/www.pieve-aldina.fontenille-collection.com\\\/\",\"name\":\"Pieve Aldina\",\"description\":\"Pieve Aldina, ancienne r\u00e9sidence des \u00e9v\u00eaques de Sienne : h\u00f4tel de charme en Toscane avec restaurant, spa et jardins au c\u0153ur du Chianti.\",\"publisher\":{\"@id\":\"https:\\\/\\\/www.pieve-aldina.fontenille-collection.com\\\/#organization\"},\"potentialAction\":[{\"@type\":\"SearchAction\",\"target\":{\"@type\":\"EntryPoint\",\"urlTemplate\":\"https:\\\/\\\/www.pieve-aldina.fontenille-collection.com\\\/?s={search_term_string}\"},\"query-input\":{\"@type\":\"PropertyValueSpecification\",\"valueRequired\":true,\"valueName\":\"search_term_string\"}}],\"inLanguage\":\"it-IT\"},{\"@type\":\"Organization\",\"@id\":\"https:\\\/\\\/www.pieve-aldina.fontenille-collection.com\\\/#organization\",\"name\":\"Pieve Aldina\",\"url\":\"https:\\\/\\\/www.pieve-aldina.fontenille-collection.com\\\/\",\"logo\":{\"@type\":\"ImageObject\",\"inLanguage\":\"it-IT\",\"@id\":\"https:\\\/\\\/www.pieve-aldina.fontenille-collection.com\\\/#\\\/schema\\\/logo\\\/image\\\/\",\"url\":\"https:\\\/\\\/www.pieve-aldina.fontenille-collection.com\\\/wp-content\\\/uploads\\\/2024\\\/11\\\/Pieve-Aldina-Noir.png\",\"contentUrl\":\"https:\\\/\\\/www.pieve-aldina.fontenille-collection.com\\\/wp-content\\\/uploads\\\/2024\\\/11\\\/Pieve-Aldina-Noir.png\",\"width\":641,\"height\":72,\"caption\":\"Pieve Aldina\"},\"image\":{\"@id\":\"https:\\\/\\\/www.pieve-aldina.fontenille-collection.com\\\/#\\\/schema\\\/logo\\\/image\\\/\"}}]}<\/script>\n<!-- \/ Yoast SEO plugin. -->","yoast_head_json":{"title":"Informazioni pratiche | Hotel Pieve Aldina in Toscana - Chianti","description":"Tutte le informazioni pratiche sul Relais &amp; Ch\u00e2teaux Pieve Aldina nel cuore del Chianti: accesso e servizi per il vostro soggiorno in Toscana.","robots":{"index":"index","follow":"follow","max-snippet":"max-snippet:-1","max-image-preview":"max-image-preview:large","max-video-preview":"max-video-preview:-1"},"canonical":"https:\/\/www.pieve-aldina.fontenille-collection.com\/it\/informazioni-pratiche\/","og_locale":"it_IT","og_type":"article","og_title":"Infos pratiques | H\u00f4tel Pieve Aldina en Toscane \u2013 Chianti","og_description":"Toutes les informations pratiques du Relais & Ch\u00e2teaux Pieve Aldina au c\u0153ur du Chianti : acc\u00e8s & services pour votre s\u00e9jour en Toscane.","og_url":"https:\/\/www.pieve-aldina.fontenille-collection.com\/it\/informazioni-pratiche\/","og_site_name":"Pieve Aldina | H\u00f4tel, Restaurant, Spa &amp; Jardins en Toscane","article_modified_time":"2025-10-16T14:46:49+00:00","og_image":[{"width":517,"height":648,"url":"https:\/\/www.pieve-aldina.fontenille-collection.com\/wp-content\/uploads\/2023\/05\/Pieve-Aldina-Icone-Big.png","type":"image\/png"}],"twitter_card":"summary_large_image","twitter_misc":{"Tempo di lettura stimato":"5 minuti"},"schema":{"@context":"https:\/\/schema.org","@graph":[{"@type":"WebPage","@id":"https:\/\/www.pieve-aldina.fontenille-collection.com\/infos-pratiques\/","url":"https:\/\/www.pieve-aldina.fontenille-collection.com\/infos-pratiques\/","name":"Informazioni pratiche | Hotel Pieve Aldina in Toscana - Chianti","isPartOf":{"@id":"https:\/\/www.pieve-aldina.fontenille-collection.com\/#website"},"primaryImageOfPage":{"@id":"https:\/\/www.pieve-aldina.fontenille-collection.com\/infos-pratiques\/#primaryimage"},"image":{"@id":"https:\/\/www.pieve-aldina.fontenille-collection.com\/infos-pratiques\/#primaryimage"},"thumbnailUrl":"https:\/\/www.pieve-aldina.fontenille-collection.com\/wp-content\/uploads\/2023\/05\/Pieve-Aldina-Icone-Big-150x150.png","datePublished":"2025-07-31T15:34:11+00:00","dateModified":"2025-10-16T14:46:49+00:00","description":"Tutte le informazioni pratiche sul Relais &amp; Ch\u00e2teaux Pieve Aldina nel cuore del Chianti: accesso e servizi per il vostro soggiorno in Toscana.","breadcrumb":{"@id":"https:\/\/www.pieve-aldina.fontenille-collection.com\/infos-pratiques\/#breadcrumb"},"inLanguage":"it-IT","potentialAction":[{"@type":"ReadAction","target":["https:\/\/www.pieve-aldina.fontenille-collection.com\/infos-pratiques\/"]}]},{"@type":"ImageObject","inLanguage":"it-IT","@id":"https:\/\/www.pieve-aldina.fontenille-collection.com\/infos-pratiques\/#primaryimage","url":"https:\/\/www.pieve-aldina.fontenille-collection.com\/wp-content\/uploads\/2023\/05\/Pieve-Aldina-Icone-Big-150x150.png","contentUrl":"https:\/\/www.pieve-aldina.fontenille-collection.com\/wp-content\/uploads\/2023\/05\/Pieve-Aldina-Icone-Big-150x150.png"},{"@type":"BreadcrumbList","@id":"https:\/\/www.pieve-aldina.fontenille-collection.com\/infos-pratiques\/#breadcrumb","itemListElement":[{"@type":"ListItem","position":1,"name":"Accueil","item":"https:\/\/www.pieve-aldina.fontenille-collection.com\/"},{"@type":"ListItem","position":2,"name":"Infos Pratiques"}]},{"@type":"WebSite","@id":"https:\/\/www.pieve-aldina.fontenille-collection.com\/#website","url":"https:\/\/www.pieve-aldina.fontenille-collection.com\/","name":"Pieve Aldina","description":"Pieve Aldina, antica residenza dei vescovi di Siena: hotel di charme in Toscana con ristorante, spa e giardini nel cuore del Chianti.","publisher":{"@id":"https:\/\/www.pieve-aldina.fontenille-collection.com\/#organization"},"potentialAction":[{"@type":"SearchAction","target":{"@type":"EntryPoint","urlTemplate":"https:\/\/www.pieve-aldina.fontenille-collection.com\/?s={search_term_string}"},"query-input":{"@type":"PropertyValueSpecification","valueRequired":true,"valueName":"search_term_string"}}],"inLanguage":"it-IT"},{"@type":"Organization","@id":"https:\/\/www.pieve-aldina.fontenille-collection.com\/#organization","name":"Pieve Aldina","url":"https:\/\/www.pieve-aldina.fontenille-collection.com\/","logo":{"@type":"ImageObject","inLanguage":"it-IT","@id":"https:\/\/www.pieve-aldina.fontenille-collection.com\/#\/schema\/logo\/image\/","url":"https:\/\/www.pieve-aldina.fontenille-collection.com\/wp-content\/uploads\/2024\/11\/Pieve-Aldina-Noir.png","contentUrl":"https:\/\/www.pieve-aldina.fontenille-collection.com\/wp-content\/uploads\/2024\/11\/Pieve-Aldina-Noir.png","width":641,"height":72,"caption":"Pieve Aldina"},"image":{"@id":"https:\/\/www.pieve-aldina.fontenille-collection.com\/#\/schema\/logo\/image\/"}}]}},"_links":{"self":[{"href":"https:\/\/www.pieve-aldina.fontenille-collection.com\/it\/wp-json\/wp\/v2\/pages\/27477","targetHints":{"allow":["GET"]}}],"collection":[{"href":"https:\/\/www.pieve-aldina.fontenille-collection.com\/it\/wp-json\/wp\/v2\/pages"}],"about":[{"href":"https:\/\/www.pieve-aldina.fontenille-collection.com\/it\/wp-json\/wp\/v2\/types\/page"}],"author":[{"embeddable":true,"href":"https:\/\/www.pieve-aldina.fontenille-collection.com\/it\/wp-json\/wp\/v2\/users\/2"}],"replies":[{"embeddable":true,"href":"https:\/\/www.pieve-aldina.fontenille-collection.com\/it\/wp-json\/wp\/v2\/comments?post=27477"}],"version-history":[{"count":50,"href":"https:\/\/www.pieve-aldina.fontenille-collection.com\/it\/wp-json\/wp\/v2\/pages\/27477\/revisions"}],"predecessor-version":[{"id":29388,"href":"https:\/\/www.pieve-aldina.fontenille-collection.com\/it\/wp-json\/wp\/v2\/pages\/27477\/revisions\/29388"}],"wp:attachment":[{"href":"https:\/\/www.pieve-aldina.fontenille-collection.com\/it\/wp-json\/wp\/v2\/media?parent=27477"}],"curies":[{"name":"wp","href":"https:\/\/api.w.org\/{rel}","templated":true}]}}